{"id":509,"date":"2017-09-20T13:58:36","date_gmt":"2017-09-20T11:58:36","guid":{"rendered":"http:\/\/one.zieglerh.de\/?page_id=509"},"modified":"2023-02-12T10:41:12","modified_gmt":"2023-02-12T09:41:12","slug":"moyo-yoga","status":"publish","type":"page","link":"https:\/\/zieglerh.de\/one\/","title":{"rendered":"Start"},"content":{"rendered":"<div id=\"pl-509\"  class=\"panel-layout\" ><div id=\"pg-509-0\"  class=\"panel-grid panel-has-style\" ><div class=\"panel-row-style panel-row-style-for-509-0\" ><div id=\"pgc-509-0-0\"  class=\"panel-grid-cell\" ><div id=\"panel-509-0-0-0\" class=\"so-panel widget widget_text panel-first-child panel-last-child\" data-index=\"0\" ><div class=\"panel-widget-style panel-widget-style-for-509-0-0-0\" >\t\t\t<div class=\"textwidget\"><h2 class=\"section-heading-intro\">Wie sch\u00f6n, dass du hier vorbeischaust!<\/h2>\n<h3 class=\"section-heading-intro_\">Im MOYO praktizieren wir in offenen Klassen, das hei\u00dft du kannst jederzeit einsteigen,\u00a0egal ob du Yoga-Anf\u00e4nger bist oder schon Yoga-Erfahrung hast.<\/h3>\n<p>Moyo, frei \u00fcbersetzt, bedeutet Seele. Wir m\u00f6chten dir im Moyo einen Raum geben, in dem du dich frei entfaltest und dir f\u00fcr dich Zeit nimmst.<\/p>\n<p>Zeit, einfach zu sein und die gesunde Verbindung zu deinem inneren Selbst zu erfahren.<\/p>\n<p>Schau dich hier in Ruhe um. Wenn du Fragen hast, sind wir gerne f\u00fcr dich da.<\/p>\n<p><a class=\"page-scroll btn btn-default btn-xl sr-button\" href=\"#stundenplan\">zu den Kursen<\/a><\/p>\n<\/div>\n\t\t<\/div><\/div><\/div><\/div><\/div><div id=\"pg-509-1\"  class=\"panel-grid panel-has-style\" ><div class=\"panel-row-style panel-row-style-for-509-1\" ><div id=\"pgc-509-1-0\"  class=\"panel-grid-cell\" ><div id=\"panel-509-1-0-0\" class=\"so-panel widget widget_text panel-first-child panel-last-child\" data-index=\"1\" ><div id=\"aktuelles_\" class=\"panel-widget-style panel-widget-style-for-509-1-0-0\" >\t\t\t<div class=\"textwidget\"><p><a class=\"target\" name=\"aktuelles\"><\/a><!-- aktuelles section --><\/p>\n<h2 class=\"section-heading-aktuell\">Aktuelles<\/h2>\n<hr class=\"aktuell\" \/>\n<style>.slick-slider#wpsp-1150 {margin-left: 0px; }.slick-slider#wpsp-1150 .wp-show-posts-inner {margin-left: 1em; margin-right: 1em; }#wpsp-1150.wpsp-card .wp-show-posts-single {margin-bottom: 2em; }.slick-slider#wpsp-1150 .wp-show-posts-single {margin-bottom: 0px; }<\/style><style>.wp-show-posts-columns#wpsp-1150 {margin-left: -2em; }.wp-show-posts-columns#wpsp-1150 .wp-show-posts-inner {margin: 0 0 2em 2em; }<\/style><section id=\"wpsp-1150\" class=\" wp-show-posts\" style=\"\"><article class=\" wp-show-posts-single wpsp-clearfix post-2543 post type-post status-publish format-standard hentry category-top\" itemtype=\"http:\/\/schema.org\/CreativeWork\" itemscope><div class=\"wp-show-posts-inner\" style=\"\">\t\t\t\t\t\t<div class=\"wp-show-posts-entry-content\" itemprop=\"text\">\n\t\t\t\t\t\t\t<h3>Seit Ende Februar 2022 sind wir nicht mehr in der Gaustrasse in Kaiserslautern.<\/h3>\n<h3>Pr\u00e4senzstunden mit Laura, Teamteachingstunden mit Laura und Sylvie finden in der Yogabude am Gelterswoog statt: <a href=\"https:\/\/www.yoga-bude.de\/\">yoga-bude.de<\/a><\/h3>\n<h3>Live-Online-Klassen gibt es \u00fcber Zoom.<\/h3>\n<h3>Hole Dir die aktuelle und kompakte \u00dcbersicht aller Kurse: Schreibe an <a href=\"mailto:info@moyo-yoga.de\">info@moyo-yoga.de<\/a><\/h3>\n\t\t\t\t\t\t<\/div><!-- .entry-content -->\n\t\t\t\t\t<\/div><!-- wp-show-posts-inner --><div class=\"wpsp-clear\"><\/div><\/article><\/section><!-- .wp-show-posts --><br \/>\n<style>.slick-slider#wpsp-479 {margin-left: 0px; }.slick-slider#wpsp-479 .wp-show-posts-inner {margin-left: 1em; margin-right: 1em; }#wpsp-479.wpsp-card .wp-show-posts-single {margin-bottom: 2em; }.slick-slider#wpsp-479 .wp-show-posts-single {margin-bottom: 0px; }<\/style><style>.wp-show-posts-columns#wpsp-479 {margin-left: -2em; }.wp-show-posts-columns#wpsp-479 .wp-show-posts-inner {margin: 0 0 2em 2em; }<\/style><section id=\"wpsp-479\" class=\" wp-show-posts\" style=\"\"><p>-<\/p>\n<\/section><!-- .wp-show-posts --><\/p>\n<\/div>\n\t\t<\/div><\/div><\/div><\/div><\/div><div id=\"pg-509-2\"  class=\"panel-grid panel-has-style\" ><div class=\"panel-row-style panel-row-style-for-509-2\" ><div id=\"pgc-509-2-0\"  class=\"panel-grid-cell\" ><div id=\"panel-509-2-0-0\" class=\"so-panel widget widget_sow-accordion panel-first-child panel-last-child\" data-index=\"2\" ><div class=\"panel-widget-style panel-widget-style-for-509-2-0-0\" ><div\n\t\t\t\n\t\t\tclass=\"so-widget-sow-accordion so-widget-sow-accordion-default-f59f086de2c0-509\"\n\t\t\t\n\t\t><div>\n\t<div class=\"sow-accordion\">\n\t\t\t<div class=\"sow-accordion-panel\n\t\t\t\t\t\"\n\t\t\t\tdata-anchor-id=\"sow-accordion-5a2e519dbfe5b-0\">\n\t\t\t\t\t<div class=\"sow-accordion-panel-header-container\" role=\"heading\" aria-level=\"2\">\n\t\t\t\t\t<div class=\"sow-accordion-panel-header\" tabindex=\"0\" role=\"button\" id=\"accordion-label-sow-accordion-5a2e519dbfe5b-0\" aria-controls=\"accordion-content-sow-accordion-5a2e519dbfe5b-0\" aria-expanded=\"false\">\n\t\t\t\t\t\t<div class=\"sow-accordion-title sow-accordion-title-icon-left\">\n\t\t\t\t\t\t\t\t\t\t\t\t\t\t\t\t\t\t\t\t\t\t\t\t\t\t\t<\/div>\n\t\t\t\t\t\t<div class=\"sow-accordion-open-close-button\">\n\t\t\t\t\t\t\t<div class=\"sow-accordion-open-button\">\n\t\t\t\t\t\t\t\t<span class=\"sow-icon-ionicons\" data-sow-icon=\"&#xf218;\"\n\t\t \n\t\taria-hidden=\"true\"><\/span>\t\t\t\t\t\t\t<\/div>\n\t\t\t\t\t\t\t<div class=\"sow-accordion-close-button\">\n\t\t\t\t\t\t\t\t<span class=\"sow-icon-ionicons\" data-sow-icon=\"&#xf209;\"\n\t\t \n\t\taria-hidden=\"true\"><\/span>\t\t\t\t\t\t\t<\/div>\n\t\t\t\t\t\t<\/div>\n\t\t\t\t\t<\/div>\n\t\t\t\t<\/div>\n\n\t\t\t<div\n\t\t\t\tclass=\"sow-accordion-panel-content\"\n\t\t\t\trole=\"region\"\n\t\t\t\taria-labelledby=\"accordion-label-sow-accordion-5a2e519dbfe5b-0\"\n\t\t\t\tid=\"accordion-content-sow-accordion-5a2e519dbfe5b-0\"\n\t\t\t\tstyle=\"display: none;\"\t\t\t>\n\t\t\t\t<div class=\"sow-accordion-panel-border\">\n\t\t\t\t\t<style>.slick-slider#wpsp-818 {margin-left: 0px; }.slick-slider#wpsp-818 .wp-show-posts-inner {margin-left: 1em; margin-right: 1em; }#wpsp-818.wpsp-card .wp-show-posts-single {margin-bottom: 2em; }.slick-slider#wpsp-818 .wp-show-posts-single {margin-bottom: 0px; }<\/style><style>.wp-show-posts-columns#wpsp-818 {margin-left: -2em; }.wp-show-posts-columns#wpsp-818 .wp-show-posts-inner {margin: 0 0 2em 2em; }<\/style><section id=\"wpsp-818\" class=\" wp-show-posts\" style=\"\"><article class=\" wp-show-posts-single wpsp-clearfix post-2534 post type-post status-publish format-standard hentry category-vergangen\" itemtype=\"http:\/\/schema.org\/CreativeWork\" itemscope><div class=\"wp-show-posts-inner\" style=\"\">\t\t\t\t\t\t<div class=\"wp-show-posts-entry-content\" itemprop=\"text\">\n\t\t\t\t\t\t\t<h3 class=\"section-heading-aktuell\">BUTI<\/h3>\n<div>\n<h4><strong>WITH LIV<br \/>\n<\/strong><strong>SATURDAY, 10.10.2020, 09h &#8211; 10h<br \/>\nSATURDAY, 31.10.2020, 15:30h &#8211; 16:30h<br \/>\n<\/strong><\/h4>\n<div><\/div>\n<div><\/div>\n<\/div>\n\t\t\t\t\t\t<\/div><!-- .entry-content -->\n\t\t\t\t\t<\/div><!-- wp-show-posts-inner --><div class=\"wpsp-clear\"><\/div><\/article><article class=\" wp-show-posts-single wpsp-clearfix post-2532 post type-post status-publish format-standard hentry category-vergangen\" itemtype=\"http:\/\/schema.org\/CreativeWork\" itemscope><div class=\"wp-show-posts-inner\" style=\"\">\t\t\t\t\t\t<div class=\"wp-show-posts-entry-content\" itemprop=\"text\">\n\t\t\t\t\t\t\t<h3 class=\"section-heading-aktuell\">DEEP<\/h3>\n<div>\n<h4><strong>WITH LIV<br \/>\n<\/strong><strong>SATURDAY, 10.10.2020, 10:30h &#8211; 11:30h<br \/>\nSATURDAY, 31.10.2020, 17h &#8211; 18h<br \/>\n<\/strong><\/h4>\n<div><\/div>\n<div><\/div>\n<div><\/div>\n<\/div>\n\t\t\t\t\t\t<\/div><!-- .entry-content -->\n\t\t\t\t\t<\/div><!-- wp-show-posts-inner --><div class=\"wpsp-clear\"><\/div><\/article><article class=\" wp-show-posts-single wpsp-clearfix post-2530 post type-post status-publish format-standard hentry category-vergangen\" itemtype=\"http:\/\/schema.org\/CreativeWork\" itemscope><div class=\"wp-show-posts-inner\" style=\"\">\t\t\t\t\t\t<div class=\"wp-show-posts-entry-content\" itemprop=\"text\">\n\t\t\t\t\t\t\t<h3 class=\"section-heading-aktuell\">BARAKA<\/h3>\n<div>\n<h4><strong>MIT SYLVIE<br \/>\n<\/strong><strong>DONNERSTAG, 15.10.2020, ab 19:15h<br \/>\n<\/strong><\/h4>\n<div>\n<div>Vorhang und Augen auf! Wir bespielen die wei\u00dfe Wand im Moyo mit dem fantastischen Dokumentarfilm <strong>BARAKA<\/strong> von Ron Fricke.<br \/>\nDas Meisterwerk stammt aus dem Jahr 1992, kommt komplett ohne Worte aus und hat an Aktualit\u00e4t kein bi\u00dfchen verloren. Mach\u2019s Dir bequem, lehn\u2018 Dich zur\u00fcck und tauche in die Welt dieser einzigartigen Bilder ein.<\/div>\n<div>Kostet nix\/ Du bist eingeladen! Bitte ebenfalls mit Anmeldung!<\/div>\n<\/div>\n<div><\/div>\n<div><\/div>\n<\/div>\n\t\t\t\t\t\t<\/div><!-- .entry-content -->\n\t\t\t\t\t<\/div><!-- wp-show-posts-inner --><div class=\"wpsp-clear\"><\/div><\/article><article class=\" wp-show-posts-single wpsp-clearfix post-2526 post type-post status-publish format-standard hentry category-vergangen\" itemtype=\"http:\/\/schema.org\/CreativeWork\" itemscope><div class=\"wp-show-posts-inner\" style=\"\">\t\t\t\t\t\t<div class=\"wp-show-posts-entry-content\" itemprop=\"text\">\n\t\t\t\t\t\t\t<h3 class=\"section-heading-aktuell\">VIN TO YIN<\/h3>\n<div>\n<h4><strong>WITH NICOLE<br \/>\n<\/strong><strong>SUNDAY, 18.10.2020, 17:30h &#8211; 19h<br \/>\n<\/strong><\/h4>\n<div>Join us for a special 90-Minute class allowing full breadth of yoga practice including pranayama, movement, stillness, rest, and meditation. Vinyasa will serve to bring us into divine alignment while we explore our strength and stamina. Periods of long holds and balance postures will precede Yin and restorative asanas to invite body flexibility, stillness, and creation of space. We will have a long surrender in Savasana then conclude with a guided meditation and chime sound bath. This class is suitable for all level students.<\/div>\n<div><\/div>\n<div><\/div>\n<\/div>\n\t\t\t\t\t\t<\/div><!-- .entry-content -->\n\t\t\t\t\t<\/div><!-- wp-show-posts-inner --><div class=\"wpsp-clear\"><\/div><\/article><article class=\" wp-show-posts-single wpsp-clearfix post-2528 post type-post status-publish format-standard hentry category-vergangen\" itemtype=\"http:\/\/schema.org\/CreativeWork\" itemscope><div class=\"wp-show-posts-inner\" style=\"\">\t\t\t\t\t\t<div class=\"wp-show-posts-entry-content\" itemprop=\"text\">\n\t\t\t\t\t\t\t<h3 class=\"section-heading-aktuell\">MEDITATION<\/h3>\n<div>\n<h4><strong>MIT KATHARINA<br \/>\n<\/strong><strong>MITTWOCH, 21.10.2020, 18:15h &#8211; 19:15h<br \/>\n<\/strong><\/h4>\n<div><\/div>\n<div><\/div>\n<div><\/div>\n<\/div>\n\t\t\t\t\t\t<\/div><!-- .entry-content -->\n\t\t\t\t\t<\/div><!-- wp-show-posts-inner --><div class=\"wpsp-clear\"><\/div><\/article><article class=\" wp-show-posts-single wpsp-clearfix post-2520 post type-post status-publish format-standard hentry category-vergangen\" itemtype=\"http:\/\/schema.org\/CreativeWork\" itemscope><div class=\"wp-show-posts-inner\" style=\"\">\t\t\t\t\t\t<div class=\"wp-show-posts-entry-content\" itemprop=\"text\">\n\t\t\t\t\t\t\t<h3 class=\"section-heading-aktuell\">MEDITATION, PRANAYAMA, YOGA NIDRA<\/h3>\n<div>\n<h4><strong>MIT SYLVIE<br \/>\n<\/strong><strong>SONNTAG, 13.09.2020, 17:30h &#8211; 18:45h<br \/>\n<\/strong><\/h4>\n<div>Durch Meditation, Atem\u00fcbungen und der K\u00f6nigsdisziplin der Entspannung, Yoga Nidra, gelangst Du zur Ruhe und erholst Dich ganz losgel\u00f6st in tiefer Stille.<\/div>\n<div><\/div>\n<div><\/div>\n<\/div>\n\t\t\t\t\t\t<\/div><!-- .entry-content -->\n\t\t\t\t\t<\/div><!-- wp-show-posts-inner --><div class=\"wpsp-clear\"><\/div><\/article><article class=\" wp-show-posts-single wpsp-clearfix post-2518 post type-post status-publish format-standard hentry category-vergangen\" itemtype=\"http:\/\/schema.org\/CreativeWork\" itemscope><div class=\"wp-show-posts-inner\" style=\"\">\t\t\t\t\t\t<div class=\"wp-show-posts-entry-content\" itemprop=\"text\">\n\t\t\t\t\t\t\t<h3 class=\"section-heading-aktuell\">BUTI<\/h3>\n<div>\n<h4><strong>WITH LIV<br \/>\n<\/strong><strong>SATURDAY, 19.09.2020, 15:30h &#8211; 16:30h<\/strong><\/h4>\n<h4><strong> &#8211;&gt; RESCHEDULED TO SATURDAY, 26TH OF SEPTEMBER!<br \/>\n<\/strong><\/h4>\n<div><\/div>\n<div><\/div>\n<div><\/div>\n<\/div>\n\t\t\t\t\t\t<\/div><!-- .entry-content -->\n\t\t\t\t\t<\/div><!-- wp-show-posts-inner --><div class=\"wpsp-clear\"><\/div><\/article><article class=\" wp-show-posts-single wpsp-clearfix post-2516 post type-post status-publish format-standard hentry category-vergangen\" itemtype=\"http:\/\/schema.org\/CreativeWork\" itemscope><div class=\"wp-show-posts-inner\" style=\"\">\t\t\t\t\t\t<div class=\"wp-show-posts-entry-content\" itemprop=\"text\">\n\t\t\t\t\t\t\t<h3 class=\"section-heading-aktuell\">DEEP<\/h3>\n<div>\n<h4><strong>WITH LIV<br \/>\n<\/strong><strong>SATURDAY, 19.09.2020, 17h &#8211; 18h<br \/>\n<\/strong><\/h4>\n<p><strong>&#8211;&gt; RESCHEDULED TO SATURDAY, 26TH OF SEPTEMBER!<\/strong><\/p>\n<div><\/div>\n<div><\/div>\n<div><\/div>\n<\/div>\n\t\t\t\t\t\t<\/div><!-- .entry-content -->\n\t\t\t\t\t<\/div><!-- wp-show-posts-inner --><div class=\"wpsp-clear\"><\/div><\/article><article class=\" wp-show-posts-single wpsp-clearfix post-2514 post type-post status-publish format-standard hentry category-vergangen\" itemtype=\"http:\/\/schema.org\/CreativeWork\" itemscope><div class=\"wp-show-posts-inner\" style=\"\">\t\t\t\t\t\t<div class=\"wp-show-posts-entry-content\" itemprop=\"text\">\n\t\t\t\t\t\t\t<h3 class=\"section-heading-aktuell\">MEDITATION<\/h3>\n<div>\n<h4><strong>MIT KATHARINA<br \/>\n<\/strong><strong>MITTWOCH, 16.09.2020, 18:15h &#8211; 19:15h<br \/>\n<\/strong><\/h4>\n<div><\/div>\n<div><\/div>\n<div><\/div>\n<\/div>\n\t\t\t\t\t\t<\/div><!-- .entry-content -->\n\t\t\t\t\t<\/div><!-- wp-show-posts-inner --><div class=\"wpsp-clear\"><\/div><\/article><article class=\" wp-show-posts-single wpsp-clearfix post-2512 post type-post status-publish format-standard hentry category-vergangen\" itemtype=\"http:\/\/schema.org\/CreativeWork\" itemscope><div class=\"wp-show-posts-inner\" style=\"\">\t\t\t\t\t\t<div class=\"wp-show-posts-entry-content\" itemprop=\"text\">\n\t\t\t\t\t\t\t<h3 class=\"section-heading-aktuell\">VIN TO YIN AUTOMN FLOW<\/h3>\n<div>\n<h4><strong>WITH NICOLE<br \/>\n<\/strong><strong>SUNDAY, 20.09.2020, 17:30h &#8211; 19h<br \/>\n<\/strong><\/h4>\n<div>Welcome the Autumnal Equinox by inviting warmth through pranayama (breath exercise) and vinyasa flows before focusing on settling into detoxifying and cooling yin and restorative postures. Class will conclude with a guided meditation.<\/div>\n<div><\/div>\n<div><\/div>\n<\/div>\n\t\t\t\t\t\t<\/div><!-- .entry-content -->\n\t\t\t\t\t<\/div><!-- wp-show-posts-inner --><div class=\"wpsp-clear\"><\/div><\/article><article class=\" wp-show-posts-single wpsp-clearfix post-2497 post type-post status-publish format-standard hentry category-vergangen\" itemtype=\"http:\/\/schema.org\/CreativeWork\" itemscope><div class=\"wp-show-posts-inner\" style=\"\">\t\t\t\t\t\t<div class=\"wp-show-posts-entry-content\" itemprop=\"text\">\n\t\t\t\t\t\t\t<h3 class=\"section-heading-aktuell\">MASSAGE<\/h3>\n<div>\n<h4><strong>MIT LINDA<br \/>\n<\/strong><strong>TERMINE NACH ABSPRACHE<br \/>\n<\/strong><\/h4>\n<div>\n<div>Warmes \u00d6l und flie\u00dfende Bewegungen (aus der hawaiianischen Lomi Lomi) schenken Dir bei Dieser Massage wohlige Tiefenentspannung und lassen Deine Seele schweben!<\/div>\n<div>60 Minuten\/ 60\u20ac<\/div>\n<div>Zur Terminabsprache\/ -buchung kontaktiere Linda unter <a class=\"mailto-link\" href=\"mailto:sonnenlust@gmail.com\" target=\"_blank\" rel=\"noopener noreferrer\">sonnenlust@gmail.com<\/a>.<\/div>\n<\/div>\n<div><\/div>\n<div><\/div>\n<\/div>\n\t\t\t\t\t\t<\/div><!-- .entry-content -->\n\t\t\t\t\t<\/div><!-- wp-show-posts-inner --><div class=\"wpsp-clear\"><\/div><\/article><article class=\" wp-show-posts-single wpsp-clearfix post-2495 post type-post status-publish format-standard hentry category-vergangen\" itemtype=\"http:\/\/schema.org\/CreativeWork\" itemscope><div class=\"wp-show-posts-inner\" style=\"\">\t\t\t\t\t\t<div class=\"wp-show-posts-entry-content\" itemprop=\"text\">\n\t\t\t\t\t\t\t<h3 class=\"section-heading-aktuell\">YOGA FOR MAMA<\/h3>\n<div>\n<h4><strong>WITH NICOLE<\/strong><strong><br \/>\n<\/strong><strong>THURSDAYS,\u00a0 10:30H \u2013 11:45H<\/strong><\/h4>\n<p>This class is designed for our <strong>expectant mothers<\/strong> and for <strong>those who have given birth<\/strong>. For 75 minutes a gentle guided flow and supported postures are offered for yoga students at any part of the prenatal and postpartum journey, allowing for building strength and stamina, creating flexibility and space for the body, and cultivating a peaceful mind.<\/p>\n<div><\/div>\n<div><\/div>\n<\/div>\n\t\t\t\t\t\t<\/div><!-- .entry-content -->\n\t\t\t\t\t<\/div><!-- wp-show-posts-inner --><div class=\"wpsp-clear\"><\/div><\/article><article class=\" wp-show-posts-single wpsp-clearfix post-2493 post type-post status-publish format-standard hentry category-vergangen\" itemtype=\"http:\/\/schema.org\/CreativeWork\" itemscope><div class=\"wp-show-posts-inner\" style=\"\">\t\t\t\t\t\t<div class=\"wp-show-posts-entry-content\" itemprop=\"text\">\n\t\t\t\t\t\t\t<h3 class=\"section-heading-aktuell\">MEDITATION<\/h3>\n<div>\n<h4><strong>MIT KATHARINA<\/strong><br \/>\n<strong>15.07.2020, 18:15h &#8211; 19:15h<\/strong><\/h4>\n<div>Die Meditationsklasse findet momentan sporadisch statt. La\u00df Dich von Katharina in Deiner Meditationspraxis inspirieren!<\/div>\n<\/div>\n<div>\n<div><\/div>\n<div><\/div>\n<\/div>\n\t\t\t\t\t\t<\/div><!-- .entry-content -->\n\t\t\t\t\t<\/div><!-- wp-show-posts-inner --><div class=\"wpsp-clear\"><\/div><\/article><article class=\" wp-show-posts-single wpsp-clearfix post-2491 post type-post status-publish format-standard hentry category-vergangen\" itemtype=\"http:\/\/schema.org\/CreativeWork\" itemscope><div class=\"wp-show-posts-inner\" style=\"\">\t\t\t\t\t\t<div class=\"wp-show-posts-entry-content\" itemprop=\"text\">\n\t\t\t\t\t\t\t<h3 class=\"section-heading-aktuell\">DEEP<\/h3>\n<div>\n<h4><strong>WITH LIV<\/strong><br \/>\n<strong>11.07. AND 25.07.2020, 17h &#8211; 18h<\/strong><\/h4>\n<p>DEEP is a restorative movement sequence that utilizes the Spiral Structure Technique to connect mind to muscle. Micro movements with physical touch connect the brain to innervated muscle. Restore your deep core by utilizing point activation to release muscles during yin asanas. Every class will end with a sound healing meditation.<\/p>\n<\/div>\n<div>\n<div><\/div>\n<div><\/div>\n<\/div>\n\t\t\t\t\t\t<\/div><!-- .entry-content -->\n\t\t\t\t\t<\/div><!-- wp-show-posts-inner --><div class=\"wpsp-clear\"><\/div><\/article><article class=\" wp-show-posts-single wpsp-clearfix post-2489 post type-post status-publish format-standard hentry category-vergangen\" itemtype=\"http:\/\/schema.org\/CreativeWork\" itemscope><div class=\"wp-show-posts-inner\" style=\"\">\t\t\t\t\t\t<div class=\"wp-show-posts-entry-content\" itemprop=\"text\">\n\t\t\t\t\t\t\t<h3 class=\"section-heading-aktuell\">BUTI<\/h3>\n<div>\n<h4><strong>WITH LIV<\/strong><br \/>\n<strong>11.07. AND 25.07.2020, 15:30h &#8211; 16:30h<\/strong><\/h4>\n<div>Buti Yoga is a primal fusion of yoga, plyometrics, and tribal dance designed to transform your body and mind from the inside out. All levels are welcome \u2013 recommended to have some working knowledge of yoga.<\/div>\n<\/div>\n<div>\n<div><\/div>\n<div><\/div>\n<\/div>\n\t\t\t\t\t\t<\/div><!-- .entry-content -->\n\t\t\t\t\t<\/div><!-- wp-show-posts-inner --><div class=\"wpsp-clear\"><\/div><\/article><article class=\" wp-show-posts-single wpsp-clearfix post-2487 post type-post status-publish format-standard hentry category-vergangen\" itemtype=\"http:\/\/schema.org\/CreativeWork\" itemscope><div class=\"wp-show-posts-inner\" style=\"\">\t\t\t\t\t\t<div class=\"wp-show-posts-entry-content\" itemprop=\"text\">\n\t\t\t\t\t\t\t<h3 class=\"section-heading-aktuell\">VIN TO YIN SUMMER FLOW<\/h3>\n<div>\n<h4><strong>WITH NICOLE<\/strong><br \/>\n<strong>12.07.2020, 17:30h &#8211; 18:45h<\/strong><\/h4>\n<div>Cultivate the essence of summer by welcoming its warmth with vigorous vinyasa flows and challenging asana before bringing balance in detoxing yin and cooling restorative postures.<\/div>\n<\/div>\n<div>\n<div><\/div>\n<\/div>\n\t\t\t\t\t\t<\/div><!-- .entry-content -->\n\t\t\t\t\t<\/div><!-- wp-show-posts-inner --><div class=\"wpsp-clear\"><\/div><\/article><article class=\" wp-show-posts-single wpsp-clearfix post-2484 post type-post status-publish format-standard hentry category-vergangen\" itemtype=\"http:\/\/schema.org\/CreativeWork\" itemscope><div class=\"wp-show-posts-inner\" style=\"\">\t\t\t\t\t\t<div class=\"wp-show-posts-entry-content\" itemprop=\"text\">\n\t\t\t\t\t\t\t<h3 class=\"section-heading-aktuell\">YOGA NIDRA UND SOUNDBATH<\/h3>\n<div>\n<h4><strong>MIT SYLVIE UND NADINE<\/strong><br \/>\n<strong>28.06.2020, 17:30h &#8211; 18:45h<\/strong><\/h4>\n<div>\n<div>Durch Meditation, Atem\u00fcbungen und der K\u00f6nigsdisziplin der Entspannung, Yoga Nidra, gelangst Du zur Ruhe und erholst Dich ganz losgel\u00f6st in tiefer Stille.<\/div>\n<div>Dieses Mal ist die liebe Nadine von Women\u2019s Circle mit am Start und hat ihre Kristallklangschalen im Gep\u00e4ck. Bade in den magischen Kl\u00e4ngen bei der Meditation und w\u00e4hrend Yoga Nidra!<\/div>\n<\/div>\n<\/div>\n<div>\n<div><\/div>\n<div><\/div>\n<\/div>\n\t\t\t\t\t\t<\/div><!-- .entry-content -->\n\t\t\t\t\t<\/div><!-- wp-show-posts-inner --><div class=\"wpsp-clear\"><\/div><\/article><article class=\" wp-show-posts-single wpsp-clearfix post-2482 post type-post status-publish format-standard hentry category-vergangen\" itemtype=\"http:\/\/schema.org\/CreativeWork\" itemscope><div class=\"wp-show-posts-inner\" style=\"\">\t\t\t\t\t\t<div class=\"wp-show-posts-entry-content\" itemprop=\"text\">\n\t\t\t\t\t\t\t<h3 class=\"section-heading-aktuell\">BUTI<\/h3>\n<div>\n<h4><strong>WITH LIV<\/strong><br \/>\n<strong>27.06.2020, 15:30h &#8211; 16:45h<\/strong><\/h4>\n<div>Buti Yoga is a primal fusion of yoga, plyometrics, and tribal dance designed to transform your body and mind from the inside out. All levels are welcome \u2013 recommended to have some working knowledge of yoga.<\/div>\n<\/div>\n<div>\n<div><\/div>\n<div><\/div>\n<\/div>\n\t\t\t\t\t\t<\/div><!-- .entry-content -->\n\t\t\t\t\t<\/div><!-- wp-show-posts-inner --><div class=\"wpsp-clear\"><\/div><\/article><article class=\" wp-show-posts-single wpsp-clearfix post-2480 post type-post status-publish format-standard hentry category-vergangen\" itemtype=\"http:\/\/schema.org\/CreativeWork\" itemscope><div class=\"wp-show-posts-inner\" style=\"\">\t\t\t\t\t\t<div class=\"wp-show-posts-entry-content\" itemprop=\"text\">\n\t\t\t\t\t\t\t<h3 class=\"section-heading-aktuell\">MEDITATION<\/h3>\n<div>\n<h4><strong>MIT KATHARINA<\/strong><br \/>\n<strong>24.06.2020, 18:15h &#8211; 19:15h<\/strong><\/h4>\n<div>Die Meditationsklasse findet momentan sporadisch statt. La\u00df Dich von Katharina in Deiner Meditationspraxis inspirieren. Schwerpunkt dieser Stunde ist der BODYSCAN.<\/div>\n<\/div>\n<div>\n<div><\/div>\n<div><\/div>\n<\/div>\n\t\t\t\t\t\t<\/div><!-- .entry-content -->\n\t\t\t\t\t<\/div><!-- wp-show-posts-inner --><div class=\"wpsp-clear\"><\/div><\/article><article class=\" wp-show-posts-single wpsp-clearfix post-2478 post type-post status-publish format-standard hentry category-vergangen\" itemtype=\"http:\/\/schema.org\/CreativeWork\" itemscope><div class=\"wp-show-posts-inner\" style=\"\">\t\t\t\t\t\t<div class=\"wp-show-posts-entry-content\" itemprop=\"text\">\n\t\t\t\t\t\t\t<h3 class=\"section-heading-aktuell\">NEUE KLASSE AM MONTAG<br \/>\nYIN<\/h3>\n<div>\n<h4><strong>MIT LAURA<\/strong><br \/>\n<strong>15., 22., 29.06.2020, 20h &#8211; 21h<br \/>\n<\/strong><\/h4>\n<\/div>\n<div>\n<div><\/div>\n<div><\/div>\n<\/div>\n\t\t\t\t\t\t<\/div><!-- .entry-content -->\n\t\t\t\t\t<\/div><!-- wp-show-posts-inner --><div class=\"wpsp-clear\"><\/div><\/article><article class=\" wp-show-posts-single wpsp-clearfix post-2475 post type-post status-publish format-standard hentry category-vergangen\" itemtype=\"http:\/\/schema.org\/CreativeWork\" itemscope><div class=\"wp-show-posts-inner\" style=\"\">\t\t\t\t\t\t<div class=\"wp-show-posts-entry-content\" itemprop=\"text\">\n\t\t\t\t\t\t\t<h3 class=\"section-heading-aktuell\">DEEP<\/h3>\n<div>\n<h4><strong>WITH LIV<\/strong><br \/>\n<strong>20.06.2020, 17h &#8211; 18h<\/strong><\/h4>\n<p>DEEP is a restorative movement sequence that utilizes the Spiral Structure Technique to connect mind to muscle. Micro movements with physical touch connect the brain to innervated muscle. Restore your deep core by utilizing point activation to release muscles during yin asanas. Every class will end with a sound healing meditation.<\/p>\n<\/div>\n<div>\n<div><\/div>\n<div><\/div>\n<\/div>\n\t\t\t\t\t\t<\/div><!-- .entry-content -->\n\t\t\t\t\t<\/div><!-- wp-show-posts-inner --><div class=\"wpsp-clear\"><\/div><\/article><article class=\" wp-show-posts-single wpsp-clearfix post-2468 post type-post status-publish format-standard hentry category-vergangen\" itemtype=\"http:\/\/schema.org\/CreativeWork\" itemscope><div class=\"wp-show-posts-inner\" style=\"\">\t\t\t\t\t\t<div class=\"wp-show-posts-entry-content\" itemprop=\"text\">\n\t\t\t\t\t\t\t<h3 class=\"section-heading-aktuell\">1 0 8<\/h3>\n<div>\n<h4><strong>MIT SYLVIE<\/strong><br \/>\n<strong>20.06.2020, 15h &#8211; 16:30h<\/strong><\/h4>\n<p>Sommersonnenwende!<br \/>\nWir zelebrieren diesen besonderen Tag traditionell yogisch mit vielen, vielen Sonnengr\u00fc\u00dfen (108!) und motivierenden Sounds! Trau Dich, get the Flow. Anschlie\u00dfend f\u00fchlst Du Dich leichter, freier, gest\u00e4rkt, einfach total \u201esonnig\u201c. Die Entspannung danach wird extratief \u2013 versprochen :)!<\/p>\n<\/div>\n<div>\n<div><\/div>\n<div><\/div>\n<\/div>\n\t\t\t\t\t\t<\/div><!-- .entry-content -->\n\t\t\t\t\t<\/div><!-- wp-show-posts-inner --><div class=\"wpsp-clear\"><\/div><\/article><article class=\" wp-show-posts-single wpsp-clearfix post-2398 post type-post status-publish format-standard hentry category-vergangen\" itemtype=\"http:\/\/schema.org\/CreativeWork\" itemscope><div class=\"wp-show-posts-inner\" style=\"\">\t\t\t\t\t\t<div class=\"wp-show-posts-entry-content\" itemprop=\"text\">\n\t\t\t\t\t\t\t<h3 class=\"section-heading-aktuell\">YOGA MIT BABYBAUCH | PRENATAL YOGA<\/h3>\n<div>\n<h4><strong>WITH NICOLE (in english)<\/strong><br \/>\n<strong>AS OF 05TH OF JUNE 2020, FRIDAYS,\u00a0 11:45H \u2013 13H<\/strong><br \/>\n<strong>FOUR CLASSES (05.06. \u2013 26.06.2020), 48\u20ac<\/strong><\/h4>\n<div>Nicole will take over this class during Lina&#8217;s absence.<br \/>\nEin Einstieg ist jederzeit m\u00f6glich! Please inscribe on <a class=\"mailto-link\" href=\"mailto:info@moyo-yoga.de\" target=\"_blank\" rel=\"noopener noreferrer\">info@moyo-yoga.de<\/a>!<\/div>\n<\/div>\n<div><\/div>\n<div>\n<div>Deine Schwangerschaft ist eine wichtige und besondere Zeit, in der Du und Dein K\u00f6rper viele Ver\u00e4nderungen erleben. Diese Zeit bewusst wahrzunehmen, ein gutes K\u00f6rpergef\u00fchl zu entwickeln und\/ oder zu behalten, m\u00f6gliche Beschwerden zu lindern und bewusst loszulassen, hilft Dir dabei, Deine Schwangerschaft besonders genie\u00dfen zu k\u00f6nnen und f\u00fcr die Geburt optimal vorbereitet zu sein.<br \/>\nGeeignet f\u00fcr Schwangere jeden Trimesters. Keine Yogaerfahrung notwendig.<\/div>\n<div><\/div>\n<div><\/div>\n<\/div>\n\t\t\t\t\t\t<\/div><!-- .entry-content -->\n\t\t\t\t\t<\/div><!-- wp-show-posts-inner --><div class=\"wpsp-clear\"><\/div><\/article><article class=\" wp-show-posts-single wpsp-clearfix post-2373 post type-post status-publish format-standard hentry category-vergangen\" itemtype=\"http:\/\/schema.org\/CreativeWork\" itemscope><div class=\"wp-show-posts-inner\" style=\"\">\t\t\t\t\t\t<div class=\"wp-show-posts-entry-content\" itemprop=\"text\">\n\t\t\t\t\t\t\t<h3 class=\"section-heading-aktuell\">MOYOS GABENTISCH<\/h3>\n<p>157\u20ac sind durch diese Aktion f\u00fcr oceancare.org zusammengekommen.<br \/>\nDANKE AN EUCH ALLE!<\/p>\n<p>&nbsp;<\/p>\n\t\t\t\t\t\t<\/div><!-- .entry-content -->\n\t\t\t\t\t<\/div><!-- wp-show-posts-inner --><div class=\"wpsp-clear\"><\/div><\/article><article class=\" wp-show-posts-single wpsp-clearfix post-2385 post type-post status-publish format-standard hentry category-vergangen\" itemtype=\"http:\/\/schema.org\/CreativeWork\" itemscope><div class=\"wp-show-posts-inner\" style=\"\">\t\t\t\t\t\t<div class=\"wp-show-posts-entry-content\" itemprop=\"text\">\n\t\t\t\t\t\t\t<h3 class=\"section-heading-aktuell\">POWER HOUR<\/h3>\n<p>WITH CLARA<br \/>\nTWO CLASSES IN MARCH<br \/>\nTHURSDAYS, 19.03. and 26.03.2020, both 17:30h &#8211; 18:30h<\/p>\n<div>Join Clara in this POWER HOUR to practice a strong Vinyasa with the breath. These classes will play with arm balances, inversions and other more complex asanas.<br \/>\nAll that followed by a sweet surrender series to end your practice. Be prepared to sweat and surrender.<\/div>\n<p>&nbsp;<\/p>\n\t\t\t\t\t\t<\/div><!-- .entry-content -->\n\t\t\t\t\t<\/div><!-- wp-show-posts-inner --><div class=\"wpsp-clear\"><\/div><\/article><article class=\" wp-show-posts-single wpsp-clearfix post-2352 post type-post status-publish format-standard hentry category-vergangen\" itemtype=\"http:\/\/schema.org\/CreativeWork\" itemscope><div class=\"wp-show-posts-inner\" style=\"\">\t\t\t\t\t\t<div class=\"wp-show-posts-entry-content\" itemprop=\"text\">\n\t\t\t\t\t\t\t<h3>ALLE KLASSEN AUSSCHLIESSLICH MIT ANMELDUNG!<\/h3>\n<p>Hol Dir die Info zum Anmeldeprozedere und den aktuellen Stundenplan unter info@moyo-yoga.de<\/p>\n\t\t\t\t\t\t<\/div><!-- .entry-content -->\n\t\t\t\t\t<\/div><!-- wp-show-posts-inner --><div class=\"wpsp-clear\"><\/div><\/article><article class=\" wp-show-posts-single wpsp-clearfix post-2350 post type-post status-publish format-standard hentry category-vergangen\" itemtype=\"http:\/\/schema.org\/CreativeWork\" itemscope><div class=\"wp-show-posts-inner\" style=\"\">\t\t\t\t\t\t<div class=\"wp-show-posts-entry-content\" itemprop=\"text\">\n\t\t\t\t\t\t\t<h3 class=\"section-heading-aktuell\">POWER HOUR<\/h3>\n<p>WITH CLARA<br \/>\nTWO CLASSES IN MARCH<br \/>\nTHURSDAYS, 19.03. and 26.03.2020, both 17:30h &#8211; 18:30h<\/p>\n<div>Join Clara in this POWER HOUR to practice a strong Vinyasa with the breath. These classes will play with arm balances, inversions and other more complex asanas.<br \/>\nAll that followed by a sweet surrender series to end your practice. Be prepared to sweat and surrender.<\/div>\n<p>&nbsp;<\/p>\n\t\t\t\t\t\t<\/div><!-- .entry-content -->\n\t\t\t\t\t<\/div><!-- wp-show-posts-inner --><div class=\"wpsp-clear\"><\/div><\/article><article class=\" wp-show-posts-single wpsp-clearfix post-2348 post type-post status-publish format-standard hentry category-vergangen\" itemtype=\"http:\/\/schema.org\/CreativeWork\" itemscope><div class=\"wp-show-posts-inner\" style=\"\">\t\t\t\t\t\t<div class=\"wp-show-posts-entry-content\" itemprop=\"text\">\n\t\t\t\t\t\t\t<h3 class=\"section-heading-aktuell\">KIRTAN<\/h3>\n<h4>MIT LINA<br \/>\nDONNERSTAG, 19.03.2020, 19:30h &#8211; 20:30h<\/h4>\n<p>Genie\u00dfe einen entspannten, v\u00f6llig zwanglosen Kirtan-Abend im Moyo. Probier Dich und das Singen von Mantren aus. Das gemeinsame Singen, begleitet von den wundersch\u00f6nen Kl\u00e4ngen des Harmoniums, ist ganz leicht; darf w\u00e4hrend des Singens leicht werden. Erlebe wie die Kl\u00e4nge noch lange in Dir nachhallen.<\/p>\n<p>Keine Vorkenntnisse notwendig, der Kirtan-Abend ist offen f\u00fcr alle.<br \/>\nEintritt frei \u2013 spende gerne. Du zahlst einfach, was Du magst.<\/p>\n<p>&nbsp;<\/p>\n\t\t\t\t\t\t<\/div><!-- .entry-content -->\n\t\t\t\t\t<\/div><!-- wp-show-posts-inner --><div class=\"wpsp-clear\"><\/div><\/article><article class=\" wp-show-posts-single wpsp-clearfix post-2346 post type-post status-publish format-standard hentry category-vergangen\" itemtype=\"http:\/\/schema.org\/CreativeWork\" itemscope><div class=\"wp-show-posts-inner\" style=\"\">\t\t\t\t\t\t<div class=\"wp-show-posts-entry-content\" itemprop=\"text\">\n\t\t\t\t\t\t\t<h3 class=\"section-heading-aktuell\">ABSOLUT JIVAMUKTI YOGA WORKSHOP<\/h3>\n<p>MIT SHANAZ<br \/>\nSONNTAG, 22.03.2020, 16h &#8211; 18h<\/p>\n<p>Sthira sukham Asanam ist eine der bekanntesten Yogasutren. Sie bedeutet, dass deine Haltung (Asana),\u00a0\u00a0 die innere als auch die \u00e4u\u00dfere, die zu dir selbst, als auch zu deiner Umgebung beides ist: leicht, s\u00fc\u00df (sukham) und geerdet, stabil (sthira). In diesem Workshop f\u00fchrt dich Shanaz in die praktischen Grundprinzipien des Jivamukti Yoga ein.\u00a0\u00a0 Wir \u00fcben ein klassiches Basicformat mit einem Fokus auf Balance und Grundpositionen. Dabei beleuchten wir den philosophischen Anteil des Begriffes Asana als eine grundlegende Eigenschaft unseres Seins. Es wird geatmet, geschwitzt, gelacht. Und es wird Raum f\u00fcr Fragen und Austausch zum Thema Asana und Philosophie geben.<\/p>\n<p>Der Workshop kostet 35\u20ac (30\u20ac f\u00fcr 10er-K\u00e4rtler\/ Sechsmonats-P\u00e4ssler) und ist bar vor Ort zu zahlen.<\/p>\n<p>BITTE MIT ANMELDUNG AN INFO@MOYO-YOGA.DE<\/p>\n\t\t\t\t\t\t<\/div><!-- .entry-content -->\n\t\t\t\t\t<\/div><!-- wp-show-posts-inner --><div class=\"wpsp-clear\"><\/div><\/article><article class=\" wp-show-posts-single wpsp-clearfix post-2335 post type-post status-publish format-standard hentry category-vergangen\" itemtype=\"http:\/\/schema.org\/CreativeWork\" itemscope><div class=\"wp-show-posts-inner\" style=\"\">\t\t\t\t\t\t<div class=\"wp-show-posts-entry-content\" itemprop=\"text\">\n\t\t\t\t\t\t\t<h3 class=\"section-heading-aktuell\">DETOX HATHA FLOW<\/h3>\n<h4>WITH NICOLE<br \/>\nSATURDAY, 07.03.2020, 15:30h &#8211; 17h<\/h4>\n<p>Join this mindful flow to soon welcome the warmth of springtime! We will begin with a vigorous and warming pranayama before journeying to smooth vinyasa flow, exploring deep twists with long holds, cooling down with detoxing Yin postures and ending with a restful Savasana and a guided meditation to bloom our most authentic and healthy selves.<\/p>\n<p>14\u20ac drop-in or punch card.<br \/>\nPlease inscribe on <a class=\"mailto-link\" href=\"mailto:info@moyo-yoga.de\" target=\"_blank\" rel=\"noopener noreferrer\">info@moyo-yoga.de<\/a><\/p>\n<p>&nbsp;<\/p>\n\t\t\t\t\t\t<\/div><!-- .entry-content -->\n\t\t\t\t\t<\/div><!-- wp-show-posts-inner --><div class=\"wpsp-clear\"><\/div><\/article><article class=\" wp-show-posts-single wpsp-clearfix post-2333 post type-post status-publish format-standard hentry category-vergangen\" itemtype=\"http:\/\/schema.org\/CreativeWork\" itemscope><div class=\"wp-show-posts-inner\" style=\"\">\t\t\t\t\t\t<div class=\"wp-show-posts-entry-content\" itemprop=\"text\">\n\t\t\t\t\t\t\t<h3 class=\"section-heading-aktuell\">MEDITATION<\/h3>\n<p>MIT KATHARINA<br \/>\nAB SOFORT FORTLAUFEND\/ OFFENER KURS<br \/>\nMITTWOCHS, 18:30H \u2013 19:30H<\/p>\n\t\t\t\t\t\t<\/div><!-- .entry-content -->\n\t\t\t\t\t<\/div><!-- wp-show-posts-inner --><div class=\"wpsp-clear\"><\/div><\/article><article class=\" wp-show-posts-single wpsp-clearfix post-2325 post type-post status-publish format-standard hentry category-vergangen\" itemtype=\"http:\/\/schema.org\/CreativeWork\" itemscope><div class=\"wp-show-posts-inner\" style=\"\">\t\t\t\t\t\t<div class=\"wp-show-posts-entry-content\" itemprop=\"text\">\n\t\t\t\t\t\t\t<h3 class=\"section-heading-aktuell\">MASSAGE<\/h3>\n<h4>MIT LINDA<br \/>\n45 Minuten\/ 45\u20ac<\/h4>\n<p><strong>\u00d6L-MASSAGE (Oberk\u00f6rper\/Lomi Lomi)<\/strong><br \/>\nWarmes, duftendes \u00d6l\u00a0und\u00a0flie\u00dfende Bewegungen aus der hawaiianischen Lomi Lomi\u00a0erm\u00f6glichen es, unterschiedlich tiefe Schichten im K\u00f6rper zu erreichen und alte, im Zellged\u00e4chtnis des K\u00f6rpers gespeicherte Verspannungen zu l\u00f6sen.<\/p>\n<p><strong>THAI-MASSAGE<\/strong><br \/>\nDurch achtsames Dehnen und Drehen und sanften Druck werden Muskelverspannungen gel\u00f6st, Gelenke mobilisiert. Die Energie in dir kann freier flie\u00dfen.<\/p>\n<p><strong>BUCHBARE ZEITEN<\/strong><br \/>\nDienstag, 10.03.2020: 14h \u2013 14:45h, 15:30h \u2013 16:15h, 20:30h \u2013 21:15h<\/p>\n<div>\n<div>Schnapp Dir einen Platz (schreibe an <a class=\"mailto-link\" href=\"mailto:info@moyo-yoga.de\" target=\"_blank\" rel=\"noopener noreferrer\">sonnenlust@gmail.com<\/a>) und schwebe!<\/div>\n<\/div>\n<p>&nbsp;<\/p>\n\t\t\t\t\t\t<\/div><!-- .entry-content -->\n\t\t\t\t\t<\/div><!-- wp-show-posts-inner --><div class=\"wpsp-clear\"><\/div><\/article><article class=\" wp-show-posts-single wpsp-clearfix post-2315 post type-post status-publish format-standard hentry category-vergangen\" itemtype=\"http:\/\/schema.org\/CreativeWork\" itemscope><div class=\"wp-show-posts-inner\" style=\"\">\t\t\t\t\t\t<div class=\"wp-show-posts-entry-content\" itemprop=\"text\">\n\t\t\t\t\t\t\t<p>UNFORTUNATELY WE NEED TO CANCEL THE BUTI CORE CLASS ON SATURDAY!<br \/>\nACHTUNG &#8211; LEIDER MUSS DIE BUTI CORE KLASSE AM SAMSTAG AUSFALLEN!<\/p>\n<h3 class=\"section-heading-aktuell\">BUTI CORE<\/h3>\n<p>WITH LIV<br \/>\nSATURDAY, 29.02.2020, 15:30h &#8211; 17h<\/p>\n<p>ACHTUNG &#8211; LEIDER MUSS DIE BUTI CORE KLASSE AM SAMSTAG AUSFALLEN!<br \/>\nUNFORTUNATELY WE NEED TO CANCEL THE BUTI CORE CLASS ON SATURDAY!<\/p>\n\t\t\t\t\t\t<\/div><!-- .entry-content -->\n\t\t\t\t\t<\/div><!-- wp-show-posts-inner --><div class=\"wpsp-clear\"><\/div><\/article><article class=\" wp-show-posts-single wpsp-clearfix post-2313 post type-post status-publish format-standard hentry category-vergangen\" itemtype=\"http:\/\/schema.org\/CreativeWork\" itemscope><div class=\"wp-show-posts-inner\" style=\"\">\t\t\t\t\t\t<div class=\"wp-show-posts-entry-content\" itemprop=\"text\">\n\t\t\t\t\t\t\t<h3 class=\"section-heading-aktuell\">MEDITATION, PRANAYAMA, YOGA NIDRA<\/h3>\n<h4>MIT SYLVIE<br \/>\nSONNTAG, 23.02.2020, 17:30h &#8211; 18:45h<\/h4>\n<p>Durch Meditation, Atem\u00fcbungen und der K\u00f6nigsdisziplin der Entspannung, Yoga Nidra, gelangst Du zur Ruhe und erholst Dich ganz losgel\u00f6st in tiefer Stille.<\/p>\n<p>14\u20ac Drop-In oder 10er-Karte.<br \/>\nBitte <u>MIT ANMELDUNG<\/u> an <a class=\"mailto-link\" href=\"mailto:info@moyo-yoga.de\" target=\"_blank\" rel=\"noopener noreferrer\">info@moyo-yoga.de<\/a><\/p>\n<p>&nbsp;<\/p>\n\t\t\t\t\t\t<\/div><!-- .entry-content -->\n\t\t\t\t\t<\/div><!-- wp-show-posts-inner --><div class=\"wpsp-clear\"><\/div><\/article><article class=\" wp-show-posts-single wpsp-clearfix post-2304 post type-post status-publish format-standard hentry category-vergangen\" itemtype=\"http:\/\/schema.org\/CreativeWork\" itemscope><div class=\"wp-show-posts-inner\" style=\"\">\t\t\t\t\t\t<div class=\"wp-show-posts-entry-content\" itemprop=\"text\">\n\t\t\t\t\t\t\t<h3 class=\"section-heading-aktuell\">CELEBRATE LOVE \/ CELEBRATE FRIENDSHIP<\/h3>\n<p>with Clara<br \/>\nThursday, 13.02.2019, 19:30h &#8211; 20:30h<\/p>\n<div>One day prior to official\u00a0Valentine\u2019s Day Clara will teach this special yoga\u00a0class:<\/div>\n<div>Grab one of your fave buddies and bring him\/ her to this special candlelit class. We will celebrate friendship and love with partner poses and\u00a0breathing exercises.<br \/>\nAt the end of class, we will enjoy chocolates and Sekt.<\/div>\n<div>Please sign-up by emailing to\u00a0<a class=\"mailto-link\" href=\"mailto:info@moyo-yoga.de\" target=\"_blank\" rel=\"noopener noreferrer\">info@moyo-yoga.de<\/a>\u00a0to reserve your spot in class!<\/div>\n<p>&nbsp;<\/p>\n<p>&nbsp;<\/p>\n\t\t\t\t\t\t<\/div><!-- .entry-content -->\n\t\t\t\t\t<\/div><!-- wp-show-posts-inner --><div class=\"wpsp-clear\"><\/div><\/article><article class=\" wp-show-posts-single wpsp-clearfix post-2301 post type-post status-publish format-standard hentry category-vergangen\" itemtype=\"http:\/\/schema.org\/CreativeWork\" itemscope><div class=\"wp-show-posts-inner\" style=\"\">\t\t\t\t\t\t<div class=\"wp-show-posts-entry-content\" itemprop=\"text\">\n\t\t\t\t\t\t\t<h3 class=\"section-heading-aktuell\">YOGA BASICS WORKSHOP<\/h3>\n<h4>MIT LAURA<br \/>\nSAMSTAG, 15.02.2020, 15h &#8211; 17h<\/h4>\n<p>Du bist Yogaanf\u00e4nger, Wiedereinsteiger, m\u00f6chtest Yoga korrekt praktizieren, um Verletzungen zu vermeiden oder du bist einfach nur ein interessierter Yogi? Dann bist du bei diesem Workshop genau richtig.<br \/>\nLaura erkl\u00e4rt Dir von Grund auf was Yoga \u00fcberhaupt bedeutet und wie du Deine Ausrichtung, Asanas perfekt praktizierst.<br \/>\nDer Workshop kostet 25\u20ac und ist bar vor Ort zu zahlen. Die Pl\u00e4tze sind begrenzt, um dir viel Raum und Platz f\u00fcr Fragen und \u00dcben zu geben, also melde dich fix an (<a class=\"mailto-link\" href=\"mailto:info@moyo-yoga.de\" target=\"_blank\" rel=\"noopener noreferrer\">info@moyo-yoga.de<\/a>).<\/p>\n<p>&nbsp;<\/p>\n\t\t\t\t\t\t<\/div><!-- .entry-content -->\n\t\t\t\t\t<\/div><!-- wp-show-posts-inner --><div class=\"wpsp-clear\"><\/div><\/article><article class=\" wp-show-posts-single wpsp-clearfix post-2299 post type-post status-publish format-standard hentry category-vergangen\" itemtype=\"http:\/\/schema.org\/CreativeWork\" itemscope><div class=\"wp-show-posts-inner\" style=\"\">\t\t\t\t\t\t<div class=\"wp-show-posts-entry-content\" itemprop=\"text\">\n\t\t\t\t\t\t\t<h3 class=\"section-heading-aktuell\">POWER HOUR<\/h3>\n<p>WITH CLARA<br \/>\nTHREE CLASSES IN FEBRUARY<br \/>\nTHURSDAYS, 13., 20.02.2020, 18h \u2013 19h<br \/>\nTHURSDAY, 27.02.2020, 17:30h &#8211; 18:30h<\/p>\n<div>Join Clara in this POWER HOUR to practice a strong Vinyasa with the breath. These classes will play with arm balances, inversions and other more complex asanas.<br \/>\nAll that followed by a sweet surrender series to end your practice. Be prepared to sweat and surrender.<\/div>\n<p>&nbsp;<\/p>\n\t\t\t\t\t\t<\/div><!-- .entry-content -->\n\t\t\t\t\t<\/div><!-- wp-show-posts-inner --><div class=\"wpsp-clear\"><\/div><\/article><article class=\" wp-show-posts-single wpsp-clearfix post-2297 post type-post status-publish format-standard hentry category-vergangen\" itemtype=\"http:\/\/schema.org\/CreativeWork\" itemscope><div class=\"wp-show-posts-inner\" style=\"\">\t\t\t\t\t\t<div class=\"wp-show-posts-entry-content\" itemprop=\"text\">\n\t\t\t\t\t\t\t<h3 class=\"section-heading-aktuell\">MASSAGE<\/h3>\n<h4>MIT LINDA<br \/>\n45 Minuten\/ 45\u20ac<\/h4>\n<p><strong>\u00d6L-MASSAGE (Oberk\u00f6rper\/Lomi Lomi)<\/strong><br \/>\nWarmes, duftendes \u00d6l\u00a0und\u00a0flie\u00dfende Bewegungen aus der hawaiianischen Lomi Lomi\u00a0erm\u00f6glichen es, unterschiedlich tiefe Schichten im K\u00f6rper zu erreichen und alte, im Zellged\u00e4chtnis des K\u00f6rpers gespeicherte Verspannungen zu l\u00f6sen.<\/p>\n<p><strong>THAI-MASSAGE<\/strong><br \/>\nDurch achtsames Dehnen und Drehen und sanften Druck werden Muskelverspannungen gel\u00f6st, Gelenke mobilisiert. Die Energie in dir kann freier flie\u00dfen.<\/p>\n<div><\/div>\n<p><strong>BUCHBARE ZEITEN<\/strong><br \/>\nSonntag, 09.02.2020, 12:30h &#8211; 13:15h und 13:45h &#8211; 14:30h<\/p>\n<div><\/div>\n<div>\n<div>Schnapp Dir einen Platz (schreibe an <a class=\"mailto-link\" href=\"mailto:info@moyo-yoga.de\" target=\"_blank\" rel=\"noopener noreferrer\">info@moyo-yoga.de<\/a>) und schwebe!<\/div>\n<\/div>\n<p>&nbsp;<\/p>\n\t\t\t\t\t\t<\/div><!-- .entry-content -->\n\t\t\t\t\t<\/div><!-- wp-show-posts-inner --><div class=\"wpsp-clear\"><\/div><\/article><article class=\" wp-show-posts-single wpsp-clearfix post-2250 post type-post status-publish format-standard hentry category-vergangen\" itemtype=\"http:\/\/schema.org\/CreativeWork\" itemscope><div class=\"wp-show-posts-inner\" style=\"\">\t\t\t\t\t\t<div class=\"wp-show-posts-entry-content\" itemprop=\"text\">\n\t\t\t\t\t\t\t<h3 class=\"section-heading-aktuell\">MIETE DAS MOYO<\/h3>\n<div>Wir bieten unsere R\u00e4umlichkeiten zur Untermiete an!<br \/>\nDu bist Musiklehrer, unterrichtest Tanz oder magst Dich anderweitig im Moyo austoben?<\/div>\n<div>Kontaktiere uns (info@moyo-yoga.de oder telefonisch)!<\/div>\n<div><\/div>\n<p>&nbsp;<\/p>\n<div>Hier kannst Du sehen, wer in der n\u00e4chsten Zeit im Moyo als Untermieter zugange ist.<br \/>\nInfos und Anmeldung, usw. bitte direkt \u00fcber die Anbieter:<\/div>\n<div><a id=\"LPlnk857240\" href=\"https:\/\/www.womenscircle-kaiserslautern.de\/\" target=\"_blank\" rel=\"noopener noreferrer\">https:\/\/www.womenscircle-kaiserslautern.de\/<\/a><\/div>\n<div><a id=\"LPNoLP507315\" href=\"http:\/\/tl-pb.de\/\" target=\"_blank\" rel=\"noopener noreferrer\">http:\/\/tl-pb.de\/<\/a><\/div>\n<div><a id=\"LPNoLP363928\" href=\"https:\/\/www.anika-calea.de\/\" target=\"_blank\" rel=\"noopener noreferrer\">https:\/\/www.anika-calea.de\/<\/a><\/div>\n\t\t\t\t\t\t<\/div><!-- .entry-content -->\n\t\t\t\t\t<\/div><!-- wp-show-posts-inner --><div class=\"wpsp-clear\"><\/div><\/article><article class=\" wp-show-posts-single wpsp-clearfix post-2245 post type-post status-publish format-standard hentry category-vergangen\" itemtype=\"http:\/\/schema.org\/CreativeWork\" itemscope><div class=\"wp-show-posts-inner\" style=\"\">\t\t\t\t\t\t<div class=\"wp-show-posts-entry-content\" itemprop=\"text\">\n\t\t\t\t\t\t\t<h3 class=\"section-heading-aktuell\">BUTI GLOW<\/h3>\n<p>WITH LIV<br \/>\nSATURDAY, 25.01.2020, 17h &#8211; 18:30h<\/p>\n<div>Come join our buti yoga glow party!<br \/>\nMake sure to wear white or neon yoga apparel so you glow from head to toe!!!<br \/>\n*Body painting starts at 17h (paint will be provided)<\/div>\n<div><\/div>\n<div>14\u20ac drop-in or punch card<\/div>\n\t\t\t\t\t\t<\/div><!-- .entry-content -->\n\t\t\t\t\t<\/div><!-- wp-show-posts-inner --><div class=\"wpsp-clear\"><\/div><\/article><article class=\" wp-show-posts-single wpsp-clearfix post-2243 post type-post status-publish format-standard hentry category-vergangen\" itemtype=\"http:\/\/schema.org\/CreativeWork\" itemscope><div class=\"wp-show-posts-inner\" style=\"\">\t\t\t\t\t\t<div class=\"wp-show-posts-entry-content\" itemprop=\"text\">\n\t\t\t\t\t\t\t<h3 class=\"section-heading-aktuell\">BUTI<\/h3>\n<p>WITH LIV<br \/>\nSATURDAY, 11.01.2020, 15:30h &#8211; 16:30h<\/p>\n<p>Buti Yoga is a primal fusion of yoga, plyometrics, and tribal dance designed to transform your body and mind from the inside out. All levels are welcome!<\/p>\n<div>14\u20ac drop-in or punch card<\/div>\n\t\t\t\t\t\t<\/div><!-- .entry-content -->\n\t\t\t\t\t<\/div><!-- wp-show-posts-inner --><div class=\"wpsp-clear\"><\/div><\/article><article class=\" wp-show-posts-single wpsp-clearfix post-2047 post type-post status-publish format-standard hentry category-vergangen\" itemtype=\"http:\/\/schema.org\/CreativeWork\" itemscope><div class=\"wp-show-posts-inner\" style=\"\">\t\t\t\t\t\t<div class=\"wp-show-posts-entry-content\" itemprop=\"text\">\n\t\t\t\t\t\t\t<h3 class=\"section-heading-aktuell\">FLOW&amp;RESTORE (NEUER KURS AB 12.11.2019)<\/h3>\n<p>MIT SYLVIE ODER LAURA<br \/>\nDIENSTAGS, 17:30h &#8211; 18:45h<\/p>\n<div>\n<div>Lockernde Vinyasas (Bewegungssequenzen) und danach viel, viel Chillen. Wir nutzen Bolster, Kissen und Decken, um K\u00f6rper und Geist durch sanftes, passives Dehnen im \u201eGehalten-Sein\u201c zu entspannen und zu regenerieren.<\/div>\n<div><\/div>\n<div><strong>Am 12.11. machen wir zur Feier des Tages eine Teamteaching-Stunde daraus. Laura und Sylvie unterrichten.<\/strong><\/div>\n<\/div>\n\t\t\t\t\t\t<\/div><!-- .entry-content -->\n\t\t\t\t\t<\/div><!-- wp-show-posts-inner --><div class=\"wpsp-clear\"><\/div><\/article><article class=\" wp-show-posts-single wpsp-clearfix post-2043 post type-post status-publish format-standard hentry category-vergangen\" itemtype=\"http:\/\/schema.org\/CreativeWork\" itemscope><div class=\"wp-show-posts-inner\" style=\"\">\t\t\t\t\t\t<div class=\"wp-show-posts-entry-content\" itemprop=\"text\">\n\t\t\t\t\t\t\t<h3 class=\"section-heading-aktuell\">FREUTAGSFLOW (NEUER KURS AB 15.11.2019)<\/h3>\n<p>MIT LINA<br \/>\nFREITAGS, 13:30h &#8211; 14:30h<\/p>\n<div>\n<div>Zeit durchzuatmen, den Ballast der Woche abzuwerfen und Dir im freudigen \u00dcbergang zum Wochenende ein paar wohltuende Bewegungsmomente zu verschaffen. Sp\u00fcr Deinen K\u00f6rper bewusst von Kopf bis Fuss und starte so gleicherma\u00dfen aktiv und entspannt ins Wochenende. Einfach nur FREUTAG!<\/div>\n<div>F\u00fcr jedes Level geeignet.<\/div>\n<\/div>\n\t\t\t\t\t\t<\/div><!-- .entry-content -->\n\t\t\t\t\t<\/div><!-- wp-show-posts-inner --><div class=\"wpsp-clear\"><\/div><\/article><article class=\" wp-show-posts-single wpsp-clearfix post-2007 post type-post status-publish format-standard hentry category-vergangen\" itemtype=\"http:\/\/schema.org\/CreativeWork\" itemscope><div class=\"wp-show-posts-inner\" style=\"\">\t\t\t\t\t\t<div class=\"wp-show-posts-entry-content\" itemprop=\"text\">\n\t\t\t\t\t\t\t<h2><strong>DAS MOYO IST VOM 01. NOVEMBER BIS EINSCHLIESSLICH 11. NOVEMBER WEGEN RENOVIERUNG GESCHLOSSEN\u00a0 &#8211;\u00a0 IN DIESEM ZEITRAUM FINDEN KEINE YOGAKURSE STATT.<\/strong><\/h2>\n<h2><strong><u>AB DIENSTAG, 12. NOVEMBER \u00d6FFNEN WIR WIEDER UND FREUEN UNS AUF DICH!<\/u><\/strong><\/h2>\n\t\t\t\t\t\t<\/div><!-- .entry-content -->\n\t\t\t\t\t<\/div><!-- wp-show-posts-inner --><div class=\"wpsp-clear\"><\/div><\/article><article class=\" wp-show-posts-single wpsp-clearfix post-2001 post type-post status-publish format-standard hentry category-vergangen\" itemtype=\"http:\/\/schema.org\/CreativeWork\" itemscope><div class=\"wp-show-posts-inner\" style=\"\">\t\t\t\t\t\t<div class=\"wp-show-posts-entry-content\" itemprop=\"text\">\n\t\t\t\t\t\t\t<h3 class=\"section-heading-aktuell\">BUTI<\/h3>\n<p>WITH LIV<br \/>\nSATURDAY, 26.10.2019, 15:30h &#8211; 17h<\/p>\n<p>Join Liv for a 90 minute practice which incorporates a core remix, Buti yoga and guided meditation.<br \/>\nFirst we dedicate us to the core and utilize the deep abdominal muscles to enhance core strength and push limits of your yoga practice. We will maximize muscle toning with the use of socks to facilitate friction and resistance. So bring a fluffy pair of socks!<\/p>\n<p>The Buti yoga main part of this class is a dynamic practice that intuitively blends primal movement with cardio bursts and vibration. We will use plyometrics, dance, and high intensity training to heat the body up. Music will be our internal guide to get out of our heads and into the body. In this class, we will use a spiral structure technique to sculpt and tone the deep abdominal muscles that stabilize and strengthen the core.<\/p>\n<p>Finally the guided meditation with sound healing harmonies connects the body and mind in a blissful peace.<\/p>\n<p>14\u20ac drop-in or punch card<\/p>\n<p>&nbsp;<\/p>\n<div><\/div>\n<div><\/div>\n<p>&nbsp;<\/p>\n\t\t\t\t\t\t<\/div><!-- .entry-content -->\n\t\t\t\t\t<\/div><!-- wp-show-posts-inner --><div class=\"wpsp-clear\"><\/div><\/article><article class=\" wp-show-posts-single wpsp-clearfix post-1991 post type-post status-publish format-standard hentry category-vergangen\" itemtype=\"http:\/\/schema.org\/CreativeWork\" itemscope><div class=\"wp-show-posts-inner\" style=\"\">\t\t\t\t\t\t<div class=\"wp-show-posts-entry-content\" itemprop=\"text\">\n\t\t\t\t\t\t\t<h3 class=\"section-heading-aktuell\">YOGA MUSIC FLOW<\/h3>\n<p>MIT LINA<br \/>\nSONNTAG, 20.10.2019, 16:30h &#8211; 18h<\/p>\n<p>Flie\u00dfe mit Lina durch die Beats!<br \/>\nIm Music Flow wird jede Bewegung mit der Atmung und zum Rhythmus der Musik durchgef\u00fchrt. So bewegen wir uns gemeinsam von Asana zu Asana und entwickeln auf diesem Weg eine Choreographie, durch die wir dann dynamisch flie\u00dfen. Die Bewegungsabfolge zielt nicht auf das erarbeiten schwieriger Asanas ab, sondern auf den meditativen Flow-Zustand, in den der Fluss der Bewegungen Dich bringt. Ob du schon lange Yoga praktizierst oder Yoga-Einsteiger bist \u2013 du wirst den f\u00fcr Dich stimmigen Weg finden \u2013 die Musik und die Atmung werden Dich leiten.<\/p>\n<p>Bitte melde Dich zu dieser Yogaklasse unter <a class=\"mailto-link\" href=\"mailto:info@moyo-yoga.de\" target=\"_blank\" rel=\"noopener noreferrer\">info@moyo-yoga.de<\/a> an.<br \/>\n14\u20ac Drop-In oder 10er-Karte.<\/p>\n<p>&nbsp;<\/p>\n<div><\/div>\n<div><\/div>\n<p>&nbsp;<\/p>\n\t\t\t\t\t\t<\/div><!-- .entry-content -->\n\t\t\t\t\t<\/div><!-- wp-show-posts-inner --><div class=\"wpsp-clear\"><\/div><\/article><article class=\" wp-show-posts-single wpsp-clearfix post-1995 post type-post status-publish format-standard hentry category-vergangen\" itemtype=\"http:\/\/schema.org\/CreativeWork\" itemscope><div class=\"wp-show-posts-inner\" style=\"\">\t\t\t\t\t\t<div class=\"wp-show-posts-entry-content\" itemprop=\"text\">\n\t\t\t\t\t\t\t<h3 class=\"section-heading-aktuell\">MEDITATION<\/h3>\n<p>MIT KATHARINA<br \/>\nMITTWOCHS, 18:30H \u2013 19:30H<br \/>\n09.10.2019 \u2013 27.11.2019<br \/>\n<strong>BIS EINSCHLIESSLICH 05.12. &#8211; aufgrund der Renovierung verl\u00e4ngert sich dieser Block um eine Woche!<\/strong><\/p>\n<div>Auf geht\u2019s in eine neue Runde!<br \/>\nWiederum ist dieser Kurs so ausgelegt, da\u00df Du sowohl als Anf\u00e4nger\/in und auch als Ge\u00fcbte\/r auf Deine Kosten kommst.\u00a0 Ein genialer Mix aus Theorie und Praxis!<\/div>\n<div>Der Schwerpunkt in diesem Block liegt auf einer Meditationstechnik aus dem Huna: der innere Garten.<\/div>\n<div><strong>09.10. \u2013 27.11.2019 | acht Klassen | 56\u20ac (bei Anmeldung f\u00fcr den ganzen Block bekommst Du eine Stunde geschenkt) &#8211; BIS EINSCHLIESSLICH 05.12. &#8211; aufgrund der Renovierung verl\u00e4ngert sich dieser Block um eine Woche!<br \/>\n<\/strong><\/div>\n<div>F\u00dcR DIESEN KURS IST EINE ANMELDUNG UNTER <a class=\"mailto-link\" href=\"mailto:info@moyo-yoga.de\" target=\"_blank\" rel=\"noopener noreferrer\">info@moyo-yoga.de<\/a> ERFORDERLICH.<br \/>\nBitte gib uns auch Bescheid, wenn Du den Gro\u00dfteil des Kurses dabei sein m\u00f6chtest und Du daf\u00fcr Deine 10er-Karte nutzt.<\/div>\n\t\t\t\t\t\t<\/div><!-- .entry-content -->\n\t\t\t\t\t<\/div><!-- wp-show-posts-inner --><div class=\"wpsp-clear\"><\/div><\/article><article class=\" wp-show-posts-single wpsp-clearfix post-1987 post type-post status-publish format-standard hentry category-vergangen\" itemtype=\"http:\/\/schema.org\/CreativeWork\" itemscope><div class=\"wp-show-posts-inner\" style=\"\">\t\t\t\t\t\t<div class=\"wp-show-posts-entry-content\" itemprop=\"text\">\n\t\t\t\t\t\t\t<h3 class=\"section-heading-aktuell\">YIN UND YANG<\/h3>\n<p>MIT LAURA<br \/>\nDONNERSTAG, 03.10.2019, 10:30h &#8211; 12h<\/p>\n<div>Am Feiertag gibt\u2019s dieses wundervolle Special. Genie\u00dfe eine Yogastunde mit (y)in(n)igen und yangigen Elementen und flie\u00dfe geschmeidig in Dein volles Spektrum!<\/div>\n<div>Bitte mit Anmeldung an <a class=\"mailto-link\" href=\"mailto:info@moyo-yoga.de\" target=\"_blank\" rel=\"noopener noreferrer\">info@moyo-yoga.de<\/a><\/div>\n<div>14\u20ac Drop-In oder 10er-Karte<\/div>\n<div><\/div>\n<div><\/div>\n<p>&nbsp;<\/p>\n\t\t\t\t\t\t<\/div><!-- .entry-content -->\n\t\t\t\t\t<\/div><!-- wp-show-posts-inner --><div class=\"wpsp-clear\"><\/div><\/article><article class=\" wp-show-posts-single wpsp-clearfix post-1979 post type-post status-publish format-standard hentry category-vergangen\" itemtype=\"http:\/\/schema.org\/CreativeWork\" itemscope><div class=\"wp-show-posts-inner\" style=\"\">\t\t\t\t\t\t<div class=\"wp-show-posts-entry-content\" itemprop=\"text\">\n\t\t\t\t\t\t\t<h3 class=\"section-heading-aktuell\">MEDITATION, PRANAYAM, YOGA NIDRA<\/h3>\n<p>MIT SYLVIE<br \/>\nFREITAG, 20.09.2019, 18:30h &#8211; 19:45h<br \/>\nBITTE MIT ANMELDUNG unter <a href=\"mailto:info@moyo-yoga.de\">info@moyo-yoga.de<\/a><\/p>\n<p>&nbsp;<\/p>\n\t\t\t\t\t\t<\/div><!-- .entry-content -->\n\t\t\t\t\t<\/div><!-- wp-show-posts-inner --><div class=\"wpsp-clear\"><\/div><\/article><article class=\" wp-show-posts-single wpsp-clearfix post-1971 post type-post status-publish format-standard hentry category-vergangen\" itemtype=\"http:\/\/schema.org\/CreativeWork\" itemscope><div class=\"wp-show-posts-inner\" style=\"\">\t\t\t\t\t\t<div class=\"wp-show-posts-entry-content\" itemprop=\"text\">\n\t\t\t\t\t\t\t<h3 class=\"section-heading-aktuell\">MASSAGE<\/h3>\n<p>MIT LINDA<br \/>\n45 Minuten\/ 45\u20ac<\/p>\n<div><strong>\u00d6L-MASSAGE (Oberk\u00f6rper\/Lomi Lomi Style)<\/strong><br \/>\nWarmes, duftendes \u00d6l\u00a0und\u00a0flie\u00dfende Bewegungen aus der hawaiianischen Lomi Lomi\u00a0erm\u00f6glichen es, unterschiedlich tiefe Schichten im K\u00f6rper zu erreichen und alte, im Zellged\u00e4chtnis des K\u00f6rpers gespeicherte Verspannungen zu l\u00f6sen.<\/div>\n<div><\/div>\n<div><strong>THAI-MASSAGE<\/strong><br \/>\nDurch achtsames Dehnen und Drehen und sanften Druck werden Muskelverspannungen gel\u00f6st, Gelenke mobilisiert. Die Energie in dir kann freier flie\u00dfen.<\/div>\n<div><\/div>\n<div><strong>BUCHBARE ZEITEN<\/strong><br \/>\nSonntag, 15.09.2019: 13:30h \u2013 14:15h<br \/>\nMontag, 16.09.2019: 20h \u2013 20:45h<\/div>\n<div><\/div>\n<div>\n<div>Schnapp Dir einen Platz (schreibe an <a class=\"mailto-link\" href=\"mailto:info@moyo-yoga.de\" target=\"_blank\" rel=\"noopener noreferrer\">info@moyo-yoga.de<\/a> unter Angabe der pr\u00e4ferierten Zeit und welche Massage) und schwebe!<\/div>\n<\/div>\n<p>&nbsp;<\/p>\n\t\t\t\t\t\t<\/div><!-- .entry-content -->\n\t\t\t\t\t<\/div><!-- wp-show-posts-inner --><div class=\"wpsp-clear\"><\/div><\/article><article class=\" wp-show-posts-single wpsp-clearfix post-1969 post type-post status-publish format-standard hentry category-vergangen\" itemtype=\"http:\/\/schema.org\/CreativeWork\" itemscope><div class=\"wp-show-posts-inner\" style=\"\">\t\t\t\t\t\t<div class=\"wp-show-posts-entry-content\" itemprop=\"text\">\n\t\t\t\t\t\t\t<h3 class=\"section-heading-aktuell\">YIN TERMINE IM SEPTEMBER<\/h3>\n<p>MIT CLARA (in english): FRIDAY, 13.09.<br \/>\nMIT LAURA (auf deutsch): FREITAG, 27.09.<br \/>\nAchtung, am Freitag, den 06.09. findet <u>KEIN<\/u> Yin-Yoga statt<\/p>\n<p>&nbsp;<\/p>\n\t\t\t\t\t\t<\/div><!-- .entry-content -->\n\t\t\t\t\t<\/div><!-- wp-show-posts-inner --><div class=\"wpsp-clear\"><\/div><\/article><article class=\" wp-show-posts-single wpsp-clearfix post-1967 post type-post status-publish format-standard hentry category-vergangen\" itemtype=\"http:\/\/schema.org\/CreativeWork\" itemscope><div class=\"wp-show-posts-inner\" style=\"\">\t\t\t\t\t\t<div class=\"wp-show-posts-entry-content\" itemprop=\"text\">\n\t\t\t\t\t\t\t<h3 class=\"section-heading-aktuell\">BUTI YOGA<\/h3>\n<p>WITH LIV<br \/>\nSATURDAY, 07.09.2019 AND SATURDAY, 21.09.2019<br \/>\nBOTH 15:30h &#8211; 16:30h<\/p>\n<p>Buti yoga is a dynamic practice that intuitively blends primal movement with cardio bursts and vibration to tone the body. We will use plyometrics, dance, and high intensity training to heat the body up. All classes use music as an internal guide to get out of your head and into the body. In this class, we will use a spiral structure technique to sculpt and tone the deep abdominal muscles that stabilize and strengthen the core. Give yourself the chance to let go and sweat with intention.<br \/>\n14\u20ac drop-in or punch card<\/p>\n<p>&nbsp;<\/p>\n\t\t\t\t\t\t<\/div><!-- .entry-content -->\n\t\t\t\t\t<\/div><!-- wp-show-posts-inner --><div class=\"wpsp-clear\"><\/div><\/article><article class=\" wp-show-posts-single wpsp-clearfix post-1964 post type-post status-publish format-standard hentry category-vergangen\" itemtype=\"http:\/\/schema.org\/CreativeWork\" itemscope><div class=\"wp-show-posts-inner\" style=\"\">\t\t\t\t\t\t<div class=\"wp-show-posts-entry-content\" itemprop=\"text\">\n\t\t\t\t\t\t\t<h3 class=\"section-heading-aktuell\">MAGIC MONDAY<\/h3>\n<p>WITH CLARA<br \/>\nAll Mondays in September!<br \/>\n06:15h AM &#8211; 07:15h AM<\/p>\n<p>&nbsp;<\/p>\n\t\t\t\t\t\t<\/div><!-- .entry-content -->\n\t\t\t\t\t<\/div><!-- wp-show-posts-inner --><div class=\"wpsp-clear\"><\/div><\/article><article class=\" wp-show-posts-single wpsp-clearfix post-1957 post type-post status-publish format-standard hentry category-vergangen\" itemtype=\"http:\/\/schema.org\/CreativeWork\" itemscope><div class=\"wp-show-posts-inner\" style=\"\">\t\t\t\t\t\t<div class=\"wp-show-posts-entry-content\" itemprop=\"text\">\n\t\t\t\t\t\t\t<h3 class=\"section-heading-aktuell\">ROOFTOP YOGA<\/h3>\n<p>MIT LAURA UND SYLVIE<br \/>\nSONNTAG,<strong> 01.09.2019<\/strong><del datetime=\"2019-04-08T14:21:32+00:00\"><\/del>, 16:30h &#8211; 17:45h<br \/>\n<strong>IM 22 (Rathaus Kaiserslautern)<\/strong><\/p>\n<p style=\"line-height: 106%; margin: 0cm 0cm 8.0pt 0cm;\"><span style=\"font-family: 'Courier New';\">Zum letzten Mal in dieser Saison: Yoga, Beats und frischer Wind auf der Dachterrasse!<\/span><\/p>\n<p style=\"line-height: 106%; margin: 0cm 0cm 8.0pt 0cm;\"><span style=\"font-family: 'Courier New';\">Wir lassen uns den Sp\u00e4tsommer um die Nase wehen und genie\u00dfen den Weitblick \u00fcber Kaiserslautern City.<\/span><\/p>\n<p style=\"line-height: 106%; margin: 0cm 0cm 8.0pt 0cm;\"><span style=\"font-family: 'Courier New';\">Flugs anmelden (es gibt begrenzte Pl\u00e4tze auf der Dachterrasse): <\/span><span style=\"font-size: 11.0pt; line-height: 106%; font-family: 'Calibri',sans-serif;\"><a href=\"mailto:info@moyo-yoga.de\" target=\"_blank\" rel=\"noopener noreferrer\"><span style=\"font-size: 12.0pt; line-height: 106%; font-family: 'Courier New';\">info@moyo-yoga.de<\/span><\/a><\/span><span style=\"font-family: 'Courier New';\">.<br \/>\n<u>Bitte gib bei Deiner Anmeldung an, ob Du eine Yogamatte brauchst oder Deine eigene mitbringst.<\/u><\/span><\/p>\n<p style=\"line-height: 106%; margin: 0cm 0cm 8.0pt 0cm;\"><span style=\"font-family: 'Courier New';\">20\u20ac\/ Person: Teamteaching, Sundowner im Anschluss und gute Beats aus der Box!<\/span><\/p>\n<p>&nbsp;<\/p>\n<p>&nbsp;<\/p>\n<p>&nbsp;<\/p>\n\t\t\t\t\t\t<\/div><!-- .entry-content -->\n\t\t\t\t\t<\/div><!-- wp-show-posts-inner --><div class=\"wpsp-clear\"><\/div><\/article><article class=\" wp-show-posts-single wpsp-clearfix post-1949 post type-post status-publish format-standard hentry category-vergangen\" itemtype=\"http:\/\/schema.org\/CreativeWork\" itemscope><div class=\"wp-show-posts-inner\" style=\"\">\t\t\t\t\t\t<div class=\"wp-show-posts-entry-content\" itemprop=\"text\">\n\t\t\t\t\t\t\t<h3 class=\"section-heading-aktuell\">MAGIC MONDAY<\/h3>\n<p>WITH CLARA<br \/>\nAll Mondays in AUGUST!<br \/>\n06:15h AM &#8211; 07:15h AM<br \/>\n<strong>AT STADTPARK LAWN<\/strong><\/p>\n<p>&nbsp;<\/p>\n\t\t\t\t\t\t<\/div><!-- .entry-content -->\n\t\t\t\t\t<\/div><!-- wp-show-posts-inner --><div class=\"wpsp-clear\"><\/div><\/article><article class=\" wp-show-posts-single wpsp-clearfix post-1945 post type-post status-publish format-standard hentry category-vergangen\" itemtype=\"http:\/\/schema.org\/CreativeWork\" itemscope><div class=\"wp-show-posts-inner\" style=\"\">\t\t\t\t\t\t<div class=\"wp-show-posts-entry-content\" itemprop=\"text\">\n\t\t\t\t\t\t\t<h3 class=\"section-heading-aktuell\">ROOFTOP YOGA<\/h3>\n<p>MIT LAURA UND SYLVIE<br \/>\nDONNERSTAG,<strong> 08.08.2019<\/strong><del datetime=\"2019-04-08T14:21:32+00:00\"><\/del>, 17:30h &#8211; 18:45h<br \/>\n<strong>IM 22 (Rathaus Kaiserslautern)<\/strong><\/p>\n<p>Auf geht\u2019s zur zweiten Runde Rooftop Yoga auf der Dachterrasse des 22. Stockwerks. Sanfte und feurige Vinyasas, gute Grooves und Vibes und \u2026 dem Himmel so nah.<\/p>\n<p>Flugs anmelden (es gibt begrenzte Pl\u00e4tze auf der Dachterrasse): <a href=\"mailto:info@moyo-yoga.de\">info@moyo-yoga.de<\/a>.<br \/>\nBitte gib bei Deiner Anmeldung an, ob Du eine Yogamatte brauchst oder Deine eigene mitbringst.<br \/>\n20\u20ac\/ Person: Teamteaching, Sundowner im Anschluss und Live-Beats.<\/p>\n<p>&nbsp;<\/p>\n<p>&nbsp;<\/p>\n\t\t\t\t\t\t<\/div><!-- .entry-content -->\n\t\t\t\t\t<\/div><!-- wp-show-posts-inner --><div class=\"wpsp-clear\"><\/div><\/article><article class=\" wp-show-posts-single wpsp-clearfix post-1936 post type-post status-publish format-standard hentry category-vergangen\" itemtype=\"http:\/\/schema.org\/CreativeWork\" itemscope><div class=\"wp-show-posts-inner\" style=\"\">\t\t\t\t\t\t<div class=\"wp-show-posts-entry-content\" itemprop=\"text\">\n\t\t\t\t\t\t\t<h3 class=\"section-heading-aktuell\">BUTI YOGA<\/h3>\n<p>WITH LIV<br \/>\nSATURDAY, 10.08.2019 AND SATURDAY, 24.08.2019<br \/>\nBOTH 15:30h &#8211; 16:30h<\/p>\n<p>Buti yoga is a dynamic practice that intuitively blends primal movement with cardio bursts and vibration to tone the body. We will use plyometrics, dance, and high intensity training to heat the body up. All classes use music as an internal guide to get out of your head and into the body. In this class, we will use a spiral structure technique to sculpt and tone the deep abdominal muscles that stabilize and strengthen the core. Give yourself the chance to let go and sweat with intention.<br \/>\nInscribe on <a class=\"mailto-link\" href=\"mailto:info@moyo-yoga.de\" target=\"_blank\" rel=\"noopener noreferrer\">info@moyo-yoga.de<\/a> | 14\u20ac drop-in or punch card<\/p>\n<p>&nbsp;<\/p>\n\t\t\t\t\t\t<\/div><!-- .entry-content -->\n\t\t\t\t\t<\/div><!-- wp-show-posts-inner --><div class=\"wpsp-clear\"><\/div><\/article><article class=\" wp-show-posts-single wpsp-clearfix post-1942 post type-post status-publish format-standard hentry category-vergangen\" itemtype=\"http:\/\/schema.org\/CreativeWork\" itemscope><div class=\"wp-show-posts-inner\" style=\"\">\t\t\t\t\t\t<div class=\"wp-show-posts-entry-content\" itemprop=\"text\">\n\t\t\t\t\t\t\t<h3 class=\"section-heading-aktuell\">MEDITATION, PRANAYAM, YOGA NIDRA<\/h3>\n<p>MIT SYLVIE<br \/>\nSONNTAG, 18.08.2019, 17:30h &#8211; 18:45h<br \/>\nBITTE MIT ANMELDUNG unter <a href=\"mailto:info@moyo-yoga.de\">info@moyo-yoga.de<\/a><\/p>\n<p>&nbsp;<\/p>\n\t\t\t\t\t\t<\/div><!-- .entry-content -->\n\t\t\t\t\t<\/div><!-- wp-show-posts-inner --><div class=\"wpsp-clear\"><\/div><\/article><article class=\" wp-show-posts-single wpsp-clearfix post-1940 post type-post status-publish format-standard hentry category-vergangen\" itemtype=\"http:\/\/schema.org\/CreativeWork\" itemscope><div class=\"wp-show-posts-inner\" style=\"\">\t\t\t\t\t\t<div class=\"wp-show-posts-entry-content\" itemprop=\"text\">\n\t\t\t\t\t\t\t<h3 class=\"section-heading-aktuell\">HAPPYRETREAT SONNENGRUSS FEAT. KEDDARTERHOF<br \/>\nMIT LAURA, KATHARINA UND PATRICIA<\/h3>\n<p>Freitag, 06. SEPTEMBER- Sonntag, 08. SEPTEMBER 2019<\/p>\n<p>Yoga| Meditation| Workshop | Vegan Lovers Club aus Berlin | Theorie &amp; Praxis| Lagerfeuer | Gastgeschenk<\/p>\n<p>TEILNAHMEKOSTEN\/ PRO PERSON<br \/>\nFr\u00fchbucher bis 31.07.2019: 340 EURO im DZ | 380 EURO im EZ<br \/>\nAb dem 01.08.2019: 365 EURO im DZ |405 EURO im EZ<br \/>\nWeitere Informationen und Anmeldung unter <a href=\"mailto:info@moyo-yoga.de\">info@moyo-yoga.de<\/a><\/p>\n<p>&nbsp;<\/p>\n\t\t\t\t\t\t<\/div><!-- .entry-content -->\n\t\t\t\t\t<\/div><!-- wp-show-posts-inner --><div class=\"wpsp-clear\"><\/div><\/article><article class=\" wp-show-posts-single wpsp-clearfix post-1937 post type-post status-publish format-standard hentry category-vergangen\" itemtype=\"http:\/\/schema.org\/CreativeWork\" itemscope><div class=\"wp-show-posts-inner\" style=\"\">\t\t\t\t\t\t<div class=\"wp-show-posts-entry-content\" itemprop=\"text\">\n\t\t\t\t\t\t\t<h3>AUSGEBUCHT<\/h3>\n<h3 class=\"section-heading-aktuell\">HAPPYRETREAT WellBe FEAT. JORDANS UNTERM\u00dcHLE<br \/>\nMIT LAURA UND SYLVIE<\/h3>\n<p>Freitag, 01. NOVEMBER- Sonntag, 03. NOVEMBER 2019<\/p>\n<p>Yoga| Meditation| Sauna&amp;Pool | 3-G\u00e4nge-Men\u00fcs | Zusammen Zeit verbringen| Seele baumeln lassen | Gastgeschenk<\/p>\n<p>TEILNAHMEKOSTEN\/ PRO PERSON<br \/>\nFr\u00fchbucher bis 30.09.2019: 370 EURO im DZ | 430 EURO im EZ<br \/>\nAb dem 01.10.2019: 395 EURO im DZ |455 EURO im EZ<br \/>\nWeitere Informationen und Anmeldung unter <a href=\"mailto:info@moyo-yoga.de\">info@moyo-yoga.de<\/a><\/p>\n<p>&nbsp;<\/p>\n\t\t\t\t\t\t<\/div><!-- .entry-content -->\n\t\t\t\t\t<\/div><!-- wp-show-posts-inner --><div class=\"wpsp-clear\"><\/div><\/article><article class=\" wp-show-posts-single wpsp-clearfix post-1920 post type-post status-publish format-standard hentry category-vergangen\" itemtype=\"http:\/\/schema.org\/CreativeWork\" itemscope><div class=\"wp-show-posts-inner\" style=\"\">\t\t\t\t\t\t<div class=\"wp-show-posts-entry-content\" itemprop=\"text\">\n\t\t\t\t\t\t\t<h3 class=\"section-heading-aktuell\">ROOFTOP YOGA<\/h3>\n<p>MIT LAURA UND SYLVIE<br \/>\nDONNERSTAG,<strong> 18.07.2019<\/strong><del datetime=\"2019-04-08T14:21:32+00:00\"><\/del>, 17:30h &#8211; 18:45h<br \/>\n<strong>IM 22 (Rathaus Kaiserslautern)<\/strong><\/p>\n<p>Wir steigen hinauf ins 22. Stockwerk, grooven in befl\u00fcgelnden Vinyasas zu bassigen Beats. Und das alles mit herrlichstem Blick \u00fcber die Stadt.<\/p>\n<p>Keinesfalls verpassen, flugs anmelden (es gibt begrenzte Pl\u00e4tze auf der Dachterrasse): <a href=\"mailto:info@moyo-yoga.de\">info@moyo-yoga.de<\/a>.<br \/>\nBitte gib bei Deiner Anmeldung an, ob Du eine Yogamatte brauchst oder Deine eigene mitbringst.<br \/>\n20\u20ac\/ Person: Teamteaching, Sundowner im Anschluss und Live-Beats.<\/p>\n<p>&nbsp;<\/p>\n<p>&nbsp;<\/p>\n\t\t\t\t\t\t<\/div><!-- .entry-content -->\n\t\t\t\t\t<\/div><!-- wp-show-posts-inner --><div class=\"wpsp-clear\"><\/div><\/article><article class=\" wp-show-posts-single wpsp-clearfix post-1918 post type-post status-publish format-standard hentry category-vergangen\" itemtype=\"http:\/\/schema.org\/CreativeWork\" itemscope><div class=\"wp-show-posts-inner\" style=\"\">\t\t\t\t\t\t<div class=\"wp-show-posts-entry-content\" itemprop=\"text\">\n\t\t\t\t\t\t\t<h3 class=\"section-heading-aktuell\">BUTI YOGA<\/h3>\n<p>WITH LIV<br \/>\nSATURDAY,<strong> 20.07.2019<\/strong><del datetime=\"2019-04-08T14:21:32+00:00\"><\/del>, 15:30h &#8211; 16:30h<\/p>\n<p>Buti yoga is a dynamic practice that intuitively blends primal movement with cardio bursts and vibration to tone the body. We will use plyometrics, dance, and high intensity training to heat the body up. All classes use music as an internal guide to get out of your head and into the body. In this class, we will use a spiral structure technique to sculpt and tone the deep abdominal muscles that stabilize and strengthen the core. Give yourself the chance to let go and sweat with intention.<br \/>\nInscribe on <a class=\"mailto-link\" href=\"mailto:info@moyo-yoga.de\" target=\"_blank\" rel=\"noopener noreferrer\">info@moyo-yoga.de<\/a> | 14\u20ac drop-in or punch card<\/p>\n<p>&nbsp;<\/p>\n\t\t\t\t\t\t<\/div><!-- .entry-content -->\n\t\t\t\t\t<\/div><!-- wp-show-posts-inner --><div class=\"wpsp-clear\"><\/div><\/article><article class=\" wp-show-posts-single wpsp-clearfix post-1913 post type-post status-publish format-standard hentry category-vergangen\" itemtype=\"http:\/\/schema.org\/CreativeWork\" itemscope><div class=\"wp-show-posts-inner\" style=\"\">\t\t\t\t\t\t<div class=\"wp-show-posts-entry-content\" itemprop=\"text\">\n\t\t\t\t\t\t\t<h3 class=\"section-heading-aktuell\">MAGIC MONDAY<\/h3>\n<p>WITH CLARA<br \/>\nMonday, July 22, 06:15h AM &#8211; 07:15h AM<br \/>\nMonday, July 29, 06:15h AM &#8211; 07:15h AM<br \/>\nAT <strong>STADTPARK<\/strong> LAWN<\/p>\n<p>&nbsp;<\/p>\n\t\t\t\t\t\t<\/div><!-- .entry-content -->\n\t\t\t\t\t<\/div><!-- wp-show-posts-inner --><div class=\"wpsp-clear\"><\/div><\/article><article class=\" wp-show-posts-single wpsp-clearfix post-1909 post type-post status-publish format-standard hentry category-vergangen\" itemtype=\"http:\/\/schema.org\/CreativeWork\" itemscope><div class=\"wp-show-posts-inner\" style=\"\">\t\t\t\t\t\t<div class=\"wp-show-posts-entry-content\" itemprop=\"text\">\n\t\t\t\t\t\t\t<h3 class=\"section-heading-aktuell\">YIN TERMINE IM JULI<\/h3>\n<p>Freitag, 05., 19., 26.07.2019, 18:30h \u2013 20h, MIT LAURA (deutsch)<\/p>\n<p>Achtung, am Freitag, den 12.07. findet <u>KEIN<\/u> Yin-Yoga statt<\/p>\n<p>&nbsp;<\/p>\n\t\t\t\t\t\t<\/div><!-- .entry-content -->\n\t\t\t\t\t<\/div><!-- wp-show-posts-inner --><div class=\"wpsp-clear\"><\/div><\/article><article class=\" wp-show-posts-single wpsp-clearfix post-1903 post type-post status-publish format-standard hentry category-vergangen\" itemtype=\"http:\/\/schema.org\/CreativeWork\" itemscope><div class=\"wp-show-posts-inner\" style=\"\">\t\t\t\t\t\t<div class=\"wp-show-posts-entry-content\" itemprop=\"text\">\n\t\t\t\t\t\t\t<h3 class=\"section-heading-aktuell\">SUMMER SLOW FLOW INTO YIN<\/h3>\n<p>WITH CLARA<br \/>\nMONDAY,<strong> 10.06.2019<\/strong><del datetime=\"2019-04-08T14:21:32+00:00\"><\/del>, 10:30h &#8211; 12h<\/p>\n<p>Enjoy this 90-minute class where we turn on the breath and tune in our bodies. We flow slowly in Vinyasa and find calm homes in Yin asanas. All levels are welcome.<br \/>\n14\u20ac drop-in or punch card<\/p>\n<p>&nbsp;<\/p>\n\t\t\t\t\t\t<\/div><!-- .entry-content -->\n\t\t\t\t\t<\/div><!-- wp-show-posts-inner --><div class=\"wpsp-clear\"><\/div><\/article><article class=\" wp-show-posts-single wpsp-clearfix post-1898 post type-post status-publish format-standard hentry category-vergangen\" itemtype=\"http:\/\/schema.org\/CreativeWork\" itemscope><div class=\"wp-show-posts-inner\" style=\"\">\t\t\t\t\t\t<div class=\"wp-show-posts-entry-content\" itemprop=\"text\">\n\t\t\t\t\t\t\t<h3 class=\"section-heading-aktuell\">MEDITATION, PRANAYAM, YOGA NIDRA<\/h3>\n<p>MIT SYLVIE<br \/>\nFREITAG, 07.06.2019, 18:30h &#8211; 19:45h<br \/>\nBITTE MIT ANMELDUNG unter <a href=\"mailto:info@moyo-yoga.de\">info@moyo-yoga.de<\/a><\/p>\n<p>&nbsp;<\/p>\n\t\t\t\t\t\t<\/div><!-- .entry-content -->\n\t\t\t\t\t<\/div><!-- wp-show-posts-inner --><div class=\"wpsp-clear\"><\/div><\/article><article class=\" wp-show-posts-single wpsp-clearfix post-1895 post type-post status-publish format-standard hentry category-vergangen\" itemtype=\"http:\/\/schema.org\/CreativeWork\" itemscope><div class=\"wp-show-posts-inner\" style=\"\">\t\t\t\t\t\t<div class=\"wp-show-posts-entry-content\" itemprop=\"text\">\n\t\t\t\t\t\t\t<h3 class=\"section-heading-aktuell\">BUTI YOGA<\/h3>\n<p>WITH LIV<br \/>\nSATURDAY,<strong> 15.06.2019<\/strong><del datetime=\"2019-04-08T14:21:32+00:00\"><\/del>, 15:30h &#8211; 16:30h<\/p>\n<p>Buti Yoga is a cardio intensive tribal dance and body sculpting movement practice. It utilizes the spiral structure technique to sculpt and tone the deep abdominal muscles that stabilize and strengthen the body.\u00a0 Buti favors movements that challenge the body along all planes of motion-not just linear. Give yourself the change to let go and sweat with intention.<\/p>\n<p>Inscribe on <a class=\"mailto-link\" href=\"mailto:info@moyo-yoga.de\" target=\"_blank\" rel=\"noopener noreferrer\">info@moyo-yoga.de<\/a> | 14\u20ac drop-in or punch card<\/p>\n<p>&nbsp;<\/p>\n\t\t\t\t\t\t<\/div><!-- .entry-content -->\n\t\t\t\t\t<\/div><!-- wp-show-posts-inner --><div class=\"wpsp-clear\"><\/div><\/article><article class=\" wp-show-posts-single wpsp-clearfix post-1893 post type-post status-publish format-standard hentry category-vergangen\" itemtype=\"http:\/\/schema.org\/CreativeWork\" itemscope><div class=\"wp-show-posts-inner\" style=\"\">\t\t\t\t\t\t<div class=\"wp-show-posts-entry-content\" itemprop=\"text\">\n\t\t\t\t\t\t\t<h3 class=\"section-heading-aktuell\">YIN TERMINE IM JUNI<\/h3>\n<p>Freitag, 14., 21., 28.06.2019, 18:30h \u2013 20h, mit Laura (deutsch)<\/p>\n<p>&nbsp;<\/p>\n\t\t\t\t\t\t<\/div><!-- .entry-content -->\n\t\t\t\t\t<\/div><!-- wp-show-posts-inner --><div class=\"wpsp-clear\"><\/div><\/article><article class=\" wp-show-posts-single wpsp-clearfix post-1891 post type-post status-publish format-standard hentry category-vergangen\" itemtype=\"http:\/\/schema.org\/CreativeWork\" itemscope><div class=\"wp-show-posts-inner\" style=\"\">\t\t\t\t\t\t<div class=\"wp-show-posts-entry-content\" itemprop=\"text\">\n\t\t\t\t\t\t\t<h3 class=\"section-heading-aktuell\">MEDITATION<\/h3>\n<p>MIT KATHARINA<br \/>\nMITTWOCHS, 18:30H \u2013 19:30H<br \/>\n19.06.2019 \u2013 07.08.2019<\/p>\n<p>Auf geht\u2019s in eine neue Runde!<br \/>\nWiederum ist dieser Kurs so ausgelegt, da\u00df Du als Anf\u00e4nger\/in und auch als Ge\u00fcbte\/r auf Deine Kosten kommst. Ein genialer Mix aus Theorie und Praxis! Der Schwerpunkt in diesem Block liegt auf Bodyscan.<\/p>\n<p>19.06. \u2013 07.08.2019 | acht Klassen | 56\u20ac (bei Anmeldung f\u00fcr den ganzen Block bekommst Du eine Stunde geschenkt)<br \/>\nDu kannst nat\u00fcrlich auch Deine 10er-Karte nutzen oder Einzelstunden nehmen. Anmeldung bitte an <a class=\"mailto-link\" href=\"mailto:info@moyo-yoga.de\" target=\"_blank\" rel=\"noopener noreferrer\">info@moyo-yoga.de.<\/a><\/p>\n<p>&nbsp;<\/p>\n\t\t\t\t\t\t<\/div><!-- .entry-content -->\n\t\t\t\t\t<\/div><!-- wp-show-posts-inner --><div class=\"wpsp-clear\"><\/div><\/article><article class=\" wp-show-posts-single wpsp-clearfix post-1863 post type-post status-publish format-standard hentry category-vergangen\" itemtype=\"http:\/\/schema.org\/CreativeWork\" itemscope><div class=\"wp-show-posts-inner\" style=\"\">\t\t\t\t\t\t<div class=\"wp-show-posts-entry-content\" itemprop=\"text\">\n\t\t\t\t\t\t\t<h3 class=\"section-heading-aktuell\">BUTI YOGA<\/h3>\n<p>WITH LIV<br \/>\nSATURDAY,<strong> 25.05.2019<\/strong><del datetime=\"2019-04-08T14:21:32+00:00\"><\/del>, 15:30h &#8211; 16:30h<\/p>\n<p>Join Liv for a 60 minute Buti Yoga workout.<br \/>\nButi Yoga is a cardio intensive tribal dance and body sculpting movement practice. It utilizes the spiral structure technique to sculpt and tone the deep abdominal muscles that stabilize and strengthen the body.\u00a0 Buti favors movements that challenge the body along all planes of motion-not just linear. Give yourself the change to let go and sweat with intention.<\/p>\n<p>Join this brandnew innovative style of Yoga and inscribe on <a class=\"mailto-link\" href=\"mailto:info@moyo-yoga.de\" target=\"_blank\" rel=\"noopener noreferrer\">info@moyo-yoga.de<\/a> | 14\u20ac drop-in or punch card<\/p>\n<p>&nbsp;<\/p>\n\t\t\t\t\t\t<\/div><!-- .entry-content -->\n\t\t\t\t\t<\/div><!-- wp-show-posts-inner --><div class=\"wpsp-clear\"><\/div><\/article><article class=\" wp-show-posts-single wpsp-clearfix post-1861 post type-post status-publish format-standard hentry category-vergangen\" itemtype=\"http:\/\/schema.org\/CreativeWork\" itemscope><div class=\"wp-show-posts-inner\" style=\"\">\t\t\t\t\t\t<div class=\"wp-show-posts-entry-content\" itemprop=\"text\">\n\t\t\t\t\t\t\t<h3 class=\"section-heading-aktuell\">WORKSHOP DETOX 1.0<\/h3>\n<p>MIT KATHARINA<br \/>\nSONNTAG, 26.05.2019, 12:30h \u2013 18h<\/p>\n<p>Bei diesem Workshop wirst Du mit Wissen und \u00dcbungen ausgestattet, die Dir helfen, Deine mentalen Stressoren zu erkennen und nachhaltig zu ver\u00e4ndern.<br \/>\nDie eing\u00e4ngige Mischung aus Theorie und Praxis mit gen\u00fcgend Raum f\u00fcr Austausch, Fragen und Antworten hilft Dir, profunde Erfahrungen zu machen.<\/p>\n<p>59\u20ac inkl. Verpflegung (Snacks und Getr\u00e4nke) | Anmeldung unter <a class=\"mailto-link\" href=\"mailto:info@moyo-yoga.de\" target=\"_blank\" rel=\"noopener noreferrer\">info@moyo-yoga.de<\/a><\/p>\n<p>&nbsp;<\/p>\n\t\t\t\t\t\t<\/div><!-- .entry-content -->\n\t\t\t\t\t<\/div><!-- wp-show-posts-inner --><div class=\"wpsp-clear\"><\/div><\/article><article class=\" wp-show-posts-single wpsp-clearfix post-1856 post type-post status-publish format-standard hentry category-vergangen\" itemtype=\"http:\/\/schema.org\/CreativeWork\" itemscope><div class=\"wp-show-posts-inner\" style=\"\">\t\t\t\t\t\t<div class=\"wp-show-posts-entry-content\" itemprop=\"text\">\n\t\t\t\t\t\t\t<h3 class=\"section-heading-aktuell\">HAPPYRETREAT MEDITATION FEAT. KEDDARTERHOF<br \/>\nMIT LAURA, KATHARINA UND PATRICIA<\/h3>\n<p>Donnerstag, 11. JULI- Sonntag, 14. JULI 2019<\/p>\n<p>Yoga| Meditation| Theorie und Praxis | Vegane K\u00fcche (the vegan lovers club aus Berlin!)| Zusammen Zeit verbringen| Zeit f\u00fcr Dich| Lagerfeuer| freundliche, helle Zimmer| Schweigen| Austauschen| Lernen und Auffrischen| Gastgeschenk<\/p>\n<p>TEILNAHMEKOSTEN\/ PRO PERSON<br \/>\nFr\u00fchbucher bis 31.05.2019: 480 EURO im DZ | 550 EURO im EZ<br \/>\nAb dem 01.06.2019: 505 EURO im DZ | 575 EURO im EZ<br \/>\nWeitere Informationen und Anmeldung unter <a href=\"mailto:info@moyo-yoga.de\">info@moyo-yoga.de<\/a><\/p>\n<p>&nbsp;<\/p>\n\t\t\t\t\t\t<\/div><!-- .entry-content -->\n\t\t\t\t\t<\/div><!-- wp-show-posts-inner --><div class=\"wpsp-clear\"><\/div><\/article><article class=\" wp-show-posts-single wpsp-clearfix post-1852 post type-post status-publish format-standard hentry category-vergangen\" itemtype=\"http:\/\/schema.org\/CreativeWork\" itemscope><div class=\"wp-show-posts-inner\" style=\"\">\t\t\t\t\t\t<div class=\"wp-show-posts-entry-content\" itemprop=\"text\">\n\t\t\t\t\t\t\t<h3 class=\"section-heading-aktuell\">SPRING SLOW FLOW INTO YIN<\/h3>\n<p>WITH CLARA<br \/>\nWEDNESDAY,<strong> 01.05.2019<\/strong><del datetime=\"2019-04-08T14:21:32+00:00\"><\/del>, 10:30h &#8211; 12h<\/p>\n<p>Enjoy this 90-minute class where we turn on the breath and tune in our bodies. We flow slowly in Vinyasa and find calm homes in Yin asanas. All levels are welcome.<\/p>\n<p>14\u20ac drop-in or punch card<\/p>\n<p>Das Bergfest findet am 01. Mai wie gewohnt um 20h statt.<\/p>\n<p>&nbsp;<\/p>\n\t\t\t\t\t\t<\/div><!-- .entry-content -->\n\t\t\t\t\t<\/div><!-- wp-show-posts-inner --><div class=\"wpsp-clear\"><\/div><\/article><article class=\" wp-show-posts-single wpsp-clearfix post-1849 post type-post status-publish format-standard hentry category-vergangen\" itemtype=\"http:\/\/schema.org\/CreativeWork\" itemscope><div class=\"wp-show-posts-inner\" style=\"\">\t\t\t\t\t\t<div class=\"wp-show-posts-entry-content\" itemprop=\"text\">\n\t\t\t\t\t\t\t<h3 class=\"section-heading-aktuell\">YIN TERMINE IM MAI<\/h3>\n<p>Freitag, 03., 10., 17., 24.05., 18:30h \u2013 20h, mit Laura (deutsch)<br \/>\nFriday, 31.05., 18:30h \u2013 20h, with Clara (english)<\/p>\n<p>&nbsp;<\/p>\n\t\t\t\t\t\t<\/div><!-- .entry-content -->\n\t\t\t\t\t<\/div><!-- wp-show-posts-inner --><div class=\"wpsp-clear\"><\/div><\/article><article class=\" wp-show-posts-single wpsp-clearfix post-1829 post type-post status-publish format-standard hentry category-vergangen\" itemtype=\"http:\/\/schema.org\/CreativeWork\" itemscope><div class=\"wp-show-posts-inner\" style=\"\">\t\t\t\t\t\t<div class=\"wp-show-posts-entry-content\" itemprop=\"text\">\n\t\t\t\t\t\t\t<h3 class=\"section-heading-aktuell\">BUTI YOGA<\/h3>\n<p>WITH LIV<br \/>\nSATURDAY,<strong> 27.04.2019<\/strong><del datetime=\"2019-04-08T14:21:32+00:00\"><\/del>, 15:30h &#8211; 16:30h<\/p>\n<p>Join Liv for a 60 minute Buti Yoga workout.<br \/>\nButi Yoga is a cardio intensive tribal dance and body sculpting movement practice. It utilizes the spiral structure technique to sculpt and tone the deep abdominal muscles that stabilize and strengthen the body.\u00a0 Buti favors movements that challenge the body along all planes of motion-not just linear. Give yourself the change to let go and sweat with intention.<\/p>\n<p>Try this brandnew innovative style of Yoga and inscribe on <a class=\"mailto-link\" href=\"mailto:info@moyo-yoga.de\" target=\"_blank\" rel=\"noopener noreferrer\">info@moyo-yoga.de<\/a> | 14\u20ac drop-in or punch card<\/p>\n<p>&nbsp;<\/p>\n\t\t\t\t\t\t<\/div><!-- .entry-content -->\n\t\t\t\t\t<\/div><!-- wp-show-posts-inner --><div class=\"wpsp-clear\"><\/div><\/article><article class=\" wp-show-posts-single wpsp-clearfix post-1822 post type-post status-publish format-standard hentry category-vergangen\" itemtype=\"http:\/\/schema.org\/CreativeWork\" itemscope><div class=\"wp-show-posts-inner\" style=\"\">\t\t\t\t\t\t<div class=\"wp-show-posts-entry-content\" itemprop=\"text\">\n\t\t\t\t\t\t\t<h3 class=\"section-heading-aktuell\">OSTER-YOGAREI 2019<\/h3>\n<h3 class=\"section-heading-aktuell\"><\/h3>\n<p><strong>YIN XXL<br \/>\nMIT LAURA<br \/>\nFREITAG, 19.04.2019, 18:30h \u2013 20:30h<br \/>\n<\/strong>Yin mit \u00dcberl\u00e4nge und extra viel Faszienliebe! Schwinge Dich entspannt ins lange Feiertagswochenende.<\/p>\n<p><strong>FLOW &amp; RESTORE &amp; YOGA NIDRA<br \/>\nMIT SYLVIE<br \/>\nSONNTAG, 21.04.2019, 10:30h \u2013 12h<br \/>\n<\/strong>Superchillig wird der Chillige Ostersonntag: wohltuende Bewegung, Chillen auf Kissen und Decken und Tiefenentspannung in Yoga Nidra.<\/p>\n<p><strong>SOFT &amp; SMOOTH<br \/>\nMIT LAURA<br \/>\nMONTAG, 22.04.2019, 18:15h \u2013 19:30h<br \/>\n<\/strong>La\u00df mit dieser Yogaklasse Dein langes Osterwochenende ausklingen und starte federleicht und geschmeidig in die restliche Woche.<\/p>\n<p>Bitte alle Klassen \u00fcber Ostern mit Anmeldung an info@moyo-yoga.de<\/p>\n<p>&nbsp;<\/p>\n\t\t\t\t\t\t<\/div><!-- .entry-content -->\n\t\t\t\t\t<\/div><!-- wp-show-posts-inner --><div class=\"wpsp-clear\"><\/div><\/article><article class=\" wp-show-posts-single wpsp-clearfix post-1820 post type-post status-publish format-standard hentry category-vergangen\" itemtype=\"http:\/\/schema.org\/CreativeWork\" itemscope><div class=\"wp-show-posts-inner\" style=\"\">\t\t\t\t\t\t<div class=\"wp-show-posts-entry-content\" itemprop=\"text\">\n\t\t\t\t\t\t\t<h3 class=\"section-heading-aktuell\">YIN TERMINE IM APRIL<\/h3>\n<p>Freitag, 05.04., 12.04., 18:30h \u2013 20h, mit Laura (deutsch)<br \/>\nFriday, 26.04., 18:30h \u2013 20h, with Clara (english)<\/p>\n<p>&nbsp;<\/p>\n\t\t\t\t\t\t<\/div><!-- .entry-content -->\n\t\t\t\t\t<\/div><!-- wp-show-posts-inner --><div class=\"wpsp-clear\"><\/div><\/article><article class=\" wp-show-posts-single wpsp-clearfix post-1814 post type-post status-publish format-standard hentry category-vergangen\" itemtype=\"http:\/\/schema.org\/CreativeWork\" itemscope><div class=\"wp-show-posts-inner\" style=\"\">\t\t\t\t\t\t<div class=\"wp-show-posts-entry-content\" itemprop=\"text\">\n\t\t\t\t\t\t\t<h3 class=\"section-heading-aktuell\">MEDITATION<\/h3>\n<p>MIT KATHARINA<br \/>\nMITTWOCHS, 18:30H \u2013 19:30H<br \/>\n03.04.2019 \u2013 29.05.2019<\/p>\n<p>Dieser Kurs ist f\u00fcr Anf\u00e4nger und Fortgeschrittene geeignet. Wir tauchen intensiv in die Meditationspraxis ein und Katharina zeigt Dir Techniken, die du f\u00fcr Ver\u00e4nderungen nutzen kannst.<\/p>\n<p>56\u20ac (bei Anmeldung f\u00fcr den ganzen Block bekommst Du eine Stunde geschenkt) |\u00a0 10er-Karte oder Einzelstunden sind ebenfalls m\u00f6glich.<br \/>\nAnmeldung an <a href=\"mailto:info@moyo-yoga.de\">info@moyo-yoga.de<\/a><\/p>\n\t\t\t\t\t\t<\/div><!-- .entry-content -->\n\t\t\t\t\t<\/div><!-- wp-show-posts-inner --><div class=\"wpsp-clear\"><\/div><\/article><article class=\" wp-show-posts-single wpsp-clearfix post-1806 post type-post status-publish format-standard hentry category-vergangen\" itemtype=\"http:\/\/schema.org\/CreativeWork\" itemscope><div class=\"wp-show-posts-inner\" style=\"\">\t\t\t\t\t\t<div class=\"wp-show-posts-entry-content\" itemprop=\"text\">\n\t\t\t\t\t\t\t<h3 class=\"section-heading-aktuell\">WORKSHOP DETOX 1.0<\/h3>\n<p>MIT KATHARINA<br \/>\nSONNTAG, 07.04.2019, 12:30h \u2013 ca. 18h<\/p>\n<p>Bei diesem Workshop wirst Du mit Wissen und \u00dcbungen ausgestattet, die Dir helfen, Deine mentalen Stressoren zu erkennen und nachhaltig zu ver\u00e4ndern.<br \/>\nDie eing\u00e4ngige Mischung aus Theorie und Praxis mit gen\u00fcgend Raum f\u00fcr Austausch, Fragen und Antworten hilft Dir, profunde Erfahrungen zu machen.<\/p>\n<p>59\u20ac inkl. Verpflegung (Snacks und Getr\u00e4nke) | Anmeldung unter <a class=\"mailto-link\" href=\"mailto:info@moyo-yoga.de\" target=\"_blank\" rel=\"noopener noreferrer\">info@moyo-yoga.de<\/a> | Anmeldeschlu\u00df ist der 01.04.2019.<\/p>\n<p>&nbsp;<\/p>\n\t\t\t\t\t\t<\/div><!-- .entry-content -->\n\t\t\t\t\t<\/div><!-- wp-show-posts-inner --><div class=\"wpsp-clear\"><\/div><\/article><article class=\" wp-show-posts-single wpsp-clearfix post-1802 post type-post status-publish format-standard hentry category-vergangen\" itemtype=\"http:\/\/schema.org\/CreativeWork\" itemscope><div class=\"wp-show-posts-inner\" style=\"\">\t\t\t\t\t\t<div class=\"wp-show-posts-entry-content\" itemprop=\"text\">\n\t\t\t\t\t\t\t<h3 class=\"section-heading-aktuell\">SEELENSCHMEICHLER<\/h3>\n<p>MIT LAURA, KATHARINA UND SYLVIE<br \/>\nSAMSTAG, 30.03.2019, 14h \u2013 ca. 21:30h<\/p>\n<p>G\u00f6nne Dir eine Auszeit im Moyo und schmeichle Deiner Seele, k\u00fcmmere Dich um Dich selbst und lass es Dir richtig gut gehen. Die Seele baumeln lassen und die Akkus aufladen, spielerisch und mit ganz viel Leichtigkeit.<br \/>\nDas erwartet Dich:<br \/>\nAnkommensrunde | Einf\u00fchrung zum Thema &#8218;Inneres Kind&#8216; | Meditation | Yang Yoga Teamteaching | Snackpausen | Traumf\u00e4nger basteln | Yin Yoga<\/p>\n<p>79\u20ac (all-in: 2 x Yoga, Meditation, Vortrag, Traumf\u00e4nger, Verpflegung)<br \/>\nAnmeldung an <a class=\"mailto-link\" href=\"mailto:info@moyo-yoga.de\" target=\"_blank\" rel=\"noopener noreferrer\">info@moyo-yoga.de<\/a><\/p>\n<p>&nbsp;<\/p>\n\t\t\t\t\t\t<\/div><!-- .entry-content -->\n\t\t\t\t\t<\/div><!-- wp-show-posts-inner --><div class=\"wpsp-clear\"><\/div><\/article><article class=\" wp-show-posts-single wpsp-clearfix post-1794 post type-post status-publish format-standard hentry category-vergangen\" itemtype=\"http:\/\/schema.org\/CreativeWork\" itemscope><div class=\"wp-show-posts-inner\" style=\"\">\t\t\t\t\t\t<div class=\"wp-show-posts-entry-content\" itemprop=\"text\">\n\t\t\t\t\t\t\t<h3 class=\"section-heading-aktuell\">THE ALCHEMY OF UNFOLDING<\/h3>\n<p>WITH LIV<br \/>\nSATURDAY, 23.03.2019, 15:30h \u2013 17h<\/p>\n<p>In this 90 minute class we will work on the foundations of stability and core engagements to alchemize the unfolding of strengthening postures such as inversions and arm blances. Much like an alchemist transforms matter into an elixir or gold, this class will show you the transformation process of simple postures into a more advanced asana. Practitioners can expect to unfurl into a deep grace and delicate strength.<\/p>\n<p>Use your punch card or Drop-In (14\u20ac)<br \/>\nInscriptions on <a class=\"mailto-link\" href=\"mailto:info@moyo-yoga.de\" target=\"_blank\" rel=\"noopener noreferrer\">info@moyo-yoga.de<\/a><\/p>\n\t\t\t\t\t\t<\/div><!-- .entry-content -->\n\t\t\t\t\t<\/div><!-- wp-show-posts-inner --><div class=\"wpsp-clear\"><\/div><\/article><article class=\" wp-show-posts-single wpsp-clearfix post-1790 post type-post status-publish format-standard hentry category-vergangen\" itemtype=\"http:\/\/schema.org\/CreativeWork\" itemscope><div class=\"wp-show-posts-inner\" style=\"\">\t\t\t\t\t\t<div class=\"wp-show-posts-entry-content\" itemprop=\"text\">\n\t\t\t\t\t\t\t<h3 class=\"section-heading-aktuell\">YIN TERMINE IM M\u00c4RZ<\/h3>\n<p>Freitag, 01.03., 08.03., 22.03.2019, 18:30h \u2013 20h, mit Laura (deutsch)<br \/>\nFriday, 15.03., 29.03.2019, 18:30h \u2013 20h, with Clara (english)<\/p>\n<p>&nbsp;<\/p>\n\t\t\t\t\t\t<\/div><!-- .entry-content -->\n\t\t\t\t\t<\/div><!-- wp-show-posts-inner --><div class=\"wpsp-clear\"><\/div><\/article><article class=\" wp-show-posts-single wpsp-clearfix post-1786 post type-post status-publish format-standard hentry category-vergangen\" itemtype=\"http:\/\/schema.org\/CreativeWork\" itemscope><div class=\"wp-show-posts-inner\" style=\"\">\t\t\t\t\t\t<div class=\"wp-show-posts-entry-content\" itemprop=\"text\">\n\t\t\t\t\t\t\t<h3 class=\"section-heading-aktuell\">YOGA KIDS<\/h3>\n<p>MIT ANNA<br \/>\nMONTAGS, NEUE UHRZEIT AB 11.03.2019 16:<strong>30<\/strong>h &#8211; 17:<strong>30<\/strong>h<br \/>\nF\u00dcR KINDER VON 5-10 JAHREN<\/p>\n<p>WINTER &#8211; FR\u00dcHJAHR | 14.01. \u2013 <strong>25<\/strong>.03.2019 | 8 Termine | Kursgeb\u00fchr 63\u20ac<br \/>\nProbestunden und Einzelstunden sind jederzeit m\u00f6glich.<\/p>\n<p>&nbsp;<\/p>\n\t\t\t\t\t\t<\/div><!-- .entry-content -->\n\t\t\t\t\t<\/div><!-- wp-show-posts-inner --><div class=\"wpsp-clear\"><\/div><\/article><article class=\" wp-show-posts-single wpsp-clearfix post-1754 post type-post status-publish format-standard hentry category-vergangen\" itemtype=\"http:\/\/schema.org\/CreativeWork\" itemscope><div class=\"wp-show-posts-inner\" style=\"\">\t\t\t\t\t\t<div class=\"wp-show-posts-entry-content\" itemprop=\"text\">\n\t\t\t\t\t\t\t<h3 class=\"section-heading-aktuell\">HAPPYRETREAT INNERES KIND FEAT. KEDDARTERHOF<br \/>\nMIT LAURA, KATHARINA UND SYLVIE<\/h3>\n<p>Freitag, 29. M\u00c4RZ &#8211; Sonntag, 31. M\u00c4RZ 2019<\/p>\n<p>Yoga| Meditation| Traumf\u00e4nger Workshop| Vegetarische\/ vegane K\u00fcche| Neues entdecken| Spielen| All In| freundliche, helle Zimmer| Massage| Austauschen| Gastgeschenk| Body Painting<\/p>\n<p>TEILNAHMEKOSTEN\/ PRO PERSON<br \/>\nFr\u00fchbucher bis 28.02.2019: 340 EURO im DZ | 380 EURO im EZ<br \/>\nAb dem 01.03.2019: 365 EURO im DZ | 405 EURO im EZ<br \/>\nWeitere Informationen und Anmeldung unter <a href=\"mailto:info@moyo-yoga.de\">info@moyo-yoga.de<\/a><\/p>\n<p>&nbsp;<\/p>\n\t\t\t\t\t\t<\/div><!-- .entry-content -->\n\t\t\t\t\t<\/div><!-- wp-show-posts-inner --><div class=\"wpsp-clear\"><\/div><\/article><article class=\" wp-show-posts-single wpsp-clearfix post-1752 post type-post status-publish format-standard hentry category-vergangen\" itemtype=\"http:\/\/schema.org\/CreativeWork\" itemscope><div class=\"wp-show-posts-inner\" style=\"\">\t\t\t\t\t\t<div class=\"wp-show-posts-entry-content\" itemprop=\"text\">\n\t\t\t\t\t\t\t<h3 class=\"section-heading-aktuell\">CELEBRATE LOVE \/ CELEBRATE FRIENDSHIP<\/h3>\n<p>with Clara<br \/>\nThursday, 14.02.2019, 19h &#8211; 20h<br \/>\nPLEASE INSCRIBE ON <a href=\"mailto:info@moyo-yoga.de\">info@moyo-yoga.de<\/a><\/p>\n<p>On\u00a0Valentine\u2019s Day Clara will teach a special candlelit\u00a0yoga\u00a0class:<br \/>\nGrab one of your fave buddies and bring him\/ her to this special candlelit class. We will celebrate friendship and love with partner poses and\u00a0breathing exercises. At the end of class, we will enjoy chocolates and Sekt.<br \/>\nUse your punch card (your buddy may use it, too) or 25\u20ac per couple to drop-in.<\/p>\n<p>&nbsp;<\/p>\n\t\t\t\t\t\t<\/div><!-- .entry-content -->\n\t\t\t\t\t<\/div><!-- wp-show-posts-inner --><div class=\"wpsp-clear\"><\/div><\/article><article class=\" wp-show-posts-single wpsp-clearfix post-1742 post type-post status-publish format-standard hentry category-vergangen\" itemtype=\"http:\/\/schema.org\/CreativeWork\" itemscope><div class=\"wp-show-posts-inner\" style=\"\">\t\t\t\t\t\t<div class=\"wp-show-posts-entry-content\" itemprop=\"text\">\n\t\t\t\t\t\t\t<h3 class=\"section-heading-aktuell\">MEDITATION, PRANAYAM, YOGA NIDRA<\/h3>\n<p>mit Sylvie<br \/>\nFreitag, 22.02.2019, 18:30h &#8211; 19:45h<br \/>\nBITTE MIT ANMELDUNG unter <a href=\"mailto:info@moyo-yoga.de\">info@moyo-yoga.de<\/a><\/p>\n<p>&nbsp;<\/p>\n\t\t\t\t\t\t<\/div><!-- .entry-content -->\n\t\t\t\t\t<\/div><!-- wp-show-posts-inner --><div class=\"wpsp-clear\"><\/div><\/article><article class=\" wp-show-posts-single wpsp-clearfix post-1735 post type-post status-publish format-standard hentry category-vergangen\" itemtype=\"http:\/\/schema.org\/CreativeWork\" itemscope><div class=\"wp-show-posts-inner\" style=\"\">\t\t\t\t\t\t<div class=\"wp-show-posts-entry-content\" itemprop=\"text\">\n\t\t\t\t\t\t\t<h3 class=\"section-heading-aktuell\">YIN TERMINE IM M\u00c4RZ<\/h3>\n<p>Freitag, 01.03., 08.03., 22.03.2019, 18:30h \u2013 20h, mit Laura (deutsch)<br \/>\nFriday, 15.03., 29.03.2019, 18:30h \u2013 20h, with Clara (english)<\/p>\n<p>&nbsp;<\/p>\n\t\t\t\t\t\t<\/div><!-- .entry-content -->\n\t\t\t\t\t<\/div><!-- wp-show-posts-inner --><div class=\"wpsp-clear\"><\/div><\/article><article class=\" wp-show-posts-single wpsp-clearfix post-1733 post type-post status-publish format-standard hentry category-vergangen\" itemtype=\"http:\/\/schema.org\/CreativeWork\" itemscope><div class=\"wp-show-posts-inner\" style=\"\">\t\t\t\t\t\t<div class=\"wp-show-posts-entry-content\" itemprop=\"text\">\n\t\t\t\t\t\t\t<h3 class=\"section-heading-aktuell\">YOGA F\u00dcR JUGENDLICHE<\/h3>\n<p>MIT ANNA<br \/>\nDIENSTAGS, 16:15h &#8211; 17:15h<br \/>\nF\u00dcR JUGENDLICHE AB 14 JAHREN<\/p>\n<p>5 KLASSEN (12.02. \u2013 26.03.2019 exkl. Winterferien) | Kursgeb\u00fchr 40\u20ac<br \/>\nFragen und Anmeldung an <a href=\"mailto:info@moyo-yoga.de\">info@moyo-yoga.de<\/a>.<\/p>\n<p>&nbsp;<\/p>\n\t\t\t\t\t\t<\/div><!-- .entry-content -->\n\t\t\t\t\t<\/div><!-- wp-show-posts-inner --><div class=\"wpsp-clear\"><\/div><\/article><article class=\" wp-show-posts-single wpsp-clearfix post-1543 post type-post status-publish format-standard hentry category-vergangen\" itemtype=\"http:\/\/schema.org\/CreativeWork\" itemscope><div class=\"wp-show-posts-inner\" style=\"\">\t\t\t\t\t\t<div class=\"wp-show-posts-entry-content\" itemprop=\"text\">\n\t\t\t\t\t\t\t<h1 class=\"section-heading-aktuell\">AND NOW WE WELCOME<br \/>\nTHE NEW YEAR.<br \/>\nFULL OF THINGS<br \/>\nTHAT NEVER HAVE BEEN.<\/h1>\n<p class=\"section-heading-aktuell\"><em>Rainer Maria Rilke<\/em><\/p>\n<p>EIN GUTES NEUES JAHR F\u00dcR DICH!<\/p>\n<p>&nbsp;<\/p>\n\t\t\t\t\t\t<\/div><!-- .entry-content -->\n\t\t\t\t\t<\/div><!-- wp-show-posts-inner --><div class=\"wpsp-clear\"><\/div><\/article><article class=\" wp-show-posts-single wpsp-clearfix post-1541 post type-post status-publish format-standard hentry category-vergangen\" itemtype=\"http:\/\/schema.org\/CreativeWork\" itemscope><div class=\"wp-show-posts-inner\" style=\"\">\t\t\t\t\t\t<div class=\"wp-show-posts-entry-content\" itemprop=\"text\">\n\t\t\t\t\t\t\t<h3 class=\"section-heading-aktuell\">THE BIG SQUEEZE<\/h3>\n<p>WITH LIV<br \/>\nSATURDAY, 12.01.2019, 15:30h \u2013 17h<\/p>\n<div>Join Liv for a 90 minute BIG SQUEEZE. This class will focus on compression and elongation of the bandhas with internal engagement that creates a foundational inner stability. This grounded stability gives way to lightness of the body only experienced from focused effort. And with effort will come the sweetest ease and release. This class will include twists, arm balances and a sweet breathing meditation. All levels are welcome. Modifications will be given.<\/div>\n<p>10er-K\u00e4rtler: ein Kreuzle | Drop-In-Class: 10\u20ac<br \/>\nPlease inscribe on <a id=\"LPlnk833709\" class=\"mailto-link OWAAutoLink\" href=\"mailto:info@moyo-yoga.de\" target=\"_blank\" rel=\"noopener\">info@moyo-yoga.de<\/a><\/p>\n<p>&nbsp;<\/p>\n\t\t\t\t\t\t<\/div><!-- .entry-content -->\n\t\t\t\t\t<\/div><!-- wp-show-posts-inner --><div class=\"wpsp-clear\"><\/div><\/article><article class=\" wp-show-posts-single wpsp-clearfix post-1539 post type-post status-publish format-standard hentry category-vergangen\" itemtype=\"http:\/\/schema.org\/CreativeWork\" itemscope><div class=\"wp-show-posts-inner\" style=\"\">\t\t\t\t\t\t<div class=\"wp-show-posts-entry-content\" itemprop=\"text\">\n\t\t\t\t\t\t\t<h3 class=\"section-heading-aktuell\">SOFT AND SMOOTH<\/h3>\n<p><strong>SCHWANGERE WILLKOMMEN\/ PRENATAL-FRIENDLY<\/strong><br \/>\nWITH CLARA\/ MIT LAURA<br \/>\nMONDAYS, 18:15H \u2013 19:30H<br \/>\nEnjoy this soft yoga practice and let the day end tenderly and regardfully.<\/p>\n<p>&nbsp;<\/p>\n\t\t\t\t\t\t<\/div><!-- .entry-content -->\n\t\t\t\t\t<\/div><!-- wp-show-posts-inner --><div class=\"wpsp-clear\"><\/div><\/article><article class=\" wp-show-posts-single wpsp-clearfix post-1537 post type-post status-publish format-standard hentry category-vergangen\" itemtype=\"http:\/\/schema.org\/CreativeWork\" itemscope><div class=\"wp-show-posts-inner\" style=\"\">\t\t\t\t\t\t<div class=\"wp-show-posts-entry-content\" itemprop=\"text\">\n\t\t\t\t\t\t\t<h3 class=\"section-heading-aktuell\">YIN<\/h3>\n<p class=\"ox-cc229c1719-MsoNormal\">Freitag, 04.01.2019, 18.01.2019, 25.01.2019, 18:30h \u2013 20h, mit Laura<br \/>\nFriday, 11.01.2019, 18:30h \u2013 20h, with Clara (in english)<\/p>\n<p>&nbsp;<\/p>\n\t\t\t\t\t\t<\/div><!-- .entry-content -->\n\t\t\t\t\t<\/div><!-- wp-show-posts-inner --><div class=\"wpsp-clear\"><\/div><\/article><article class=\" wp-show-posts-single wpsp-clearfix post-1533 post type-post status-publish format-standard hentry category-vergangen\" itemtype=\"http:\/\/schema.org\/CreativeWork\" itemscope><div class=\"wp-show-posts-inner\" style=\"\">\t\t\t\t\t\t<div class=\"wp-show-posts-entry-content\" itemprop=\"text\">\n\t\t\t\t\t\t\t<h3 class=\"section-heading-aktuell\">YOGA KIDS<\/h3>\n<p>MIT ANNA<br \/>\nMONTAGS, 16:15h &#8211; 17:15h<br \/>\nF\u00dcR KINDER VON 5-10 JAHREN<\/p>\n<p>WINTER &#8211; FR\u00dcHJAHR | 14.01. \u2013 18.03.2019 | 8 Termine | Kursgeb\u00fchr 63\u20ac<br \/>\nProbestunden sind jederzeit m\u00f6glich.<\/p>\n<p>&nbsp;<\/p>\n\t\t\t\t\t\t<\/div><!-- .entry-content -->\n\t\t\t\t\t<\/div><!-- wp-show-posts-inner --><div class=\"wpsp-clear\"><\/div><\/article><article class=\" wp-show-posts-single wpsp-clearfix post-1449 post type-post status-publish format-standard hentry category-vergangen\" itemtype=\"http:\/\/schema.org\/CreativeWork\" itemscope><div class=\"wp-show-posts-inner\" style=\"\">\t\t\t\t\t\t<div class=\"wp-show-posts-entry-content\" itemprop=\"text\">\n\t\t\t\t\t\t\t<h3 class=\"section-heading-aktuell\">YIN<\/h3>\n<p class=\"ox-cc229c1719-MsoNormal\">Freitag, 07.12.2018, 18:30h \u2013 20h, mit Laura<br \/>\nFriday, 14.12.2018, 18:30h \u2013 20h, with Clara (in english)<\/p>\n<p>&nbsp;<\/p>\n\t\t\t\t\t\t<\/div><!-- .entry-content -->\n\t\t\t\t\t<\/div><!-- wp-show-posts-inner --><div class=\"wpsp-clear\"><\/div><\/article><article class=\" wp-show-posts-single wpsp-clearfix post-1441 post type-post status-publish format-standard hentry category-vergangen\" itemtype=\"http:\/\/schema.org\/CreativeWork\" itemscope><div class=\"wp-show-posts-inner\" style=\"\">\t\t\t\t\t\t<div class=\"wp-show-posts-entry-content\" itemprop=\"text\">\n\t\t\t\t\t\t\t<h2>MOYOS YOGAREI 2018<\/h2>\n<p>INFO UNTER <a href=\"mailto:info@moyo-yoga.de\">info@moyo-yoga.de<\/a><\/p>\n<h3 class=\"section-heading-aktuell\">108 (SONNENGR\u00dcSSE)<\/h3>\n<p>mit Sylvie<br \/>\nFreitag, 21.12.2018| 18:30h \u2013 20h<\/p>\n<h3 class=\"section-heading-aktuell\">CANDLE LIGHT YIN<\/h3>\n<p class=\"ox-cc229c1719-MsoNormal\">mit Laura<br \/>\nSamstag, 22.12.2018| 18:30h \u2013 20h<\/p>\n<h3 class=\"section-heading-aktuell\">CHEERY &amp; BRIGHT YOGA<\/h3>\n<p class=\"ox-cc229c1719-MsoNormal\">with Clara<br \/>\nSunday, 23.12.2018| 10:30h \u2013 12h<\/p>\n<h3 class=\"section-heading-aktuell\">PRESENCE OVER PRESENTS<\/h3>\n<p class=\"ox-cc229c1719-MsoNormal\">with Clara<br \/>\nMonday, 24.12.2018| 10:30h \u2013 12h<\/p>\n<h3 class=\"section-heading-aktuell\">MEDITATION RAUHN\u00c4CHTE<\/h3>\n<p class=\"ox-cc229c1719-MsoNormal\">mit Katharina<br \/>\nDienstag, 25.12.2018| 17h \u2013 18h<\/p>\n<h3 class=\"section-heading-aktuell\">FLOW &amp; RESTORE<\/h3>\n<p class=\"ox-cc229c1719-MsoNormal\">mit Sylvie<br \/>\nMittwoch, 26.12.2018| 10:30h \u2013 12h<\/p>\n<h3 class=\"section-heading-aktuell\">BLIND YIN YOGA<\/h3>\n<p class=\"ox-cc229c1719-MsoNormal\">mit Laura<br \/>\nFreitag, 28.12.2018| 18:30h \u2013 20h<\/p>\n<h3 class=\"section-heading-aktuell\">SPICY CHAKRA TUNING<\/h3>\n<p class=\"ox-cc229c1719-MsoNormal\">with Liv<br \/>\nSaturday, 29.12.2018| 10:30h \u2013 12h<\/p>\n<h3 class=\"section-heading-aktuell\">CHILLIGER SONNTAG UND AYURVEDISCHER BRUNCH<\/h3>\n<p class=\"ox-cc229c1719-MsoNormal\">mit Laura<br \/>\nSonntag, 30.12.2018| 10:30h \u2013 12h| Brunch ab 12:15h<br \/>\nAnmeldung zum Brunch bitte bis 26.12.2018<\/p>\n<p>__________________________________________<\/p>\n<p>&nbsp;<\/p>\n\t\t\t\t\t\t<\/div><!-- .entry-content -->\n\t\t\t\t\t<\/div><!-- wp-show-posts-inner --><div class=\"wpsp-clear\"><\/div><\/article><article class=\" wp-show-posts-single wpsp-clearfix post-1436 post type-post status-publish format-standard hentry category-vergangen\" itemtype=\"http:\/\/schema.org\/CreativeWork\" itemscope><div class=\"wp-show-posts-inner\" style=\"\">\t\t\t\t\t\t<div class=\"wp-show-posts-entry-content\" itemprop=\"text\">\n\t\t\t\t\t\t\t<h3 class=\"section-heading-aktuell\">MEDITATION<\/h3>\n<p>MIT KATHARINA<br \/>\nDienstags, 17:45H \u2013 18:30H<br \/>\n08.01.2019 \u2013 26.02.2019<\/p>\n<p>An acht aufeinanderfolgenden Terminen bekommst Du Einblick in verschiedene Arten der Meditation. Die Stunden sind so aufgebaut, dass Du langsam in die Meditation einsteigen kannst, Hintergrundwissen erf\u00e4hrst, um das Erlebte zu verstehen. Raum f\u00fcr Austausch bleibt uns auch. Wenn du als Einsteiger Deine Lieblingstechnik finden oder als Ge\u00fcbter neue Meditationstechniken kennenlernen willst, dann bist Du hier genau richtig.<br \/>\nAnmeldung an info@moyo-yoga.de| Acht Klassen 56\u20ac (bei Anmeldung f\u00fcr den ganzen Block, bekommst Du eine Stunde geschenkt)<\/p>\n<p>&nbsp;<\/p>\n\t\t\t\t\t\t<\/div><!-- .entry-content -->\n\t\t\t\t\t<\/div><!-- wp-show-posts-inner --><div class=\"wpsp-clear\"><\/div><\/article><article class=\" wp-show-posts-single wpsp-clearfix post-1434 post type-post status-publish format-standard hentry category-vergangen\" itemtype=\"http:\/\/schema.org\/CreativeWork\" itemscope><div class=\"wp-show-posts-inner\" style=\"\">\t\t\t\t\t\t<div class=\"wp-show-posts-entry-content\" itemprop=\"text\">\n\t\t\t\t\t\t\t<h3 class=\"section-heading-aktuell\">HAPPYRETREAT DETOX FEAT. M\u00dcHLE AM SCHLOSSBERG<br \/>\nMIT LAURA UND KATHARINA<\/h3>\n<p>Freitag, 01. FEBRUAR &#8211; Sonntag, 03. FEBRUAR 2019<\/p>\n<p>Yoga| Meditation| Detox| Workshop| Vegetarische\/ vegane K\u00fcche (3-Gang-Abendmen\u00fcs)| Smoothies| Spazieren| Tee\/Wasser und Obst inklusive| freundliche, helle Zimmer| Massage| Altes vertiefen| Neues entdecken|<\/p>\n<p>TEILNAHMEKOSTEN\/ PRO PERSON<br \/>\n365 EURO im DZ | 405 EURO im EZ<\/p>\n<p>Weitere Informationen und Anmeldung unter <a href=\"mailto:info@moyo-yoga.de\">info@moyo-yoga.de<\/a><\/p>\n\t\t\t\t\t\t<\/div><!-- .entry-content -->\n\t\t\t\t\t<\/div><!-- wp-show-posts-inner --><div class=\"wpsp-clear\"><\/div><\/article><article class=\" wp-show-posts-single wpsp-clearfix post-1426 post type-post status-publish format-standard hentry category-vergangen\" itemtype=\"http:\/\/schema.org\/CreativeWork\" itemscope><div class=\"wp-show-posts-inner\" style=\"\">\t\t\t\t\t\t<div class=\"wp-show-posts-entry-content\" itemprop=\"text\">\n\t\t\t\t\t\t\t<h3 class=\"section-heading-aktuell\">SOFT AND SMOOTH<\/h3>\n<p><strong>SCHWANGERE WILLKOMMEN\/ PRENATAL-FRIENDLY<\/strong><br \/>\nWITH CLARA<br \/>\nMONDAYS, 18:15H \u2013 19:30H<br \/>\n<strong>Until 17.12.<\/strong><br \/>\nEnjoy this soft yoga practice and let the day end tenderly and regardfully.<\/p>\n<p>&nbsp;<\/p>\n\t\t\t\t\t\t<\/div><!-- .entry-content -->\n\t\t\t\t\t<\/div><!-- wp-show-posts-inner --><div class=\"wpsp-clear\"><\/div><\/article><article class=\" wp-show-posts-single wpsp-clearfix post-1424 post type-post status-publish format-standard hentry category-vergangen\" itemtype=\"http:\/\/schema.org\/CreativeWork\" itemscope><div class=\"wp-show-posts-inner\" style=\"\">\t\t\t\t\t\t<div class=\"wp-show-posts-entry-content\" itemprop=\"text\">\n\t\t\t\t\t\t\t<h3 class=\"section-heading-aktuell\">YIN<\/h3>\n<p class=\"ox-cc229c1719-MsoNormal\">mit Laura<br \/>\nFreitag, 23.11.2018, 18:30h \u2013 20h<br \/>\nFreitag, 30.11.2018, 18:30h \u2013 20h<\/p>\n<p>&nbsp;<\/p>\n\t\t\t\t\t\t<\/div><!-- .entry-content -->\n\t\t\t\t\t<\/div><!-- wp-show-posts-inner --><div class=\"wpsp-clear\"><\/div><\/article><article class=\" wp-show-posts-single wpsp-clearfix post-1422 post type-post status-publish format-standard hentry category-vergangen\" itemtype=\"http:\/\/schema.org\/CreativeWork\" itemscope><div class=\"wp-show-posts-inner\" style=\"\">\t\t\t\t\t\t<div class=\"wp-show-posts-entry-content\" itemprop=\"text\">\n\t\t\t\t\t\t\t<h3 class=\"section-heading-aktuell\">MEDITATION, PRANAYAM, YOGA NIDRA<\/h3>\n<p>mit Sylvie<br \/>\nFreitag, 16.11.2018, 18:30h &#8211; 19:45h<br \/>\nBITTE MIT ANMELDUNG unter <a href=\"mailto:info@moyo-yoga.de\">info@moyo-yoga.de<\/a><\/p>\n<p>&nbsp;<\/p>\n\t\t\t\t\t\t<\/div><!-- .entry-content -->\n\t\t\t\t\t<\/div><!-- wp-show-posts-inner --><div class=\"wpsp-clear\"><\/div><\/article><article class=\" wp-show-posts-single wpsp-clearfix post-1418 post type-post status-publish format-standard hentry category-vergangen\" itemtype=\"http:\/\/schema.org\/CreativeWork\" itemscope><div class=\"wp-show-posts-inner\" style=\"\">\t\t\t\t\t\t<div class=\"wp-show-posts-entry-content\" itemprop=\"text\">\n\t\t\t\t\t\t\t<h3 class=\"section-heading-aktuell\">YIN &#8211; GRATITUDE AND GRACE<\/h3>\n<p>WITH CLARA<br \/>\nTHURSDAY, 01.11.2018, 18h \u2013 19:30h<\/p>\n<div>Yin yoga is an excellent practice of presence for those wishing to slow things down and deeply stretch into the body\u2019s tightest areas. Join Clara for this 90 minute yin class to center your mind and open the deep connective tissues of the body. For this practice we will set an intention of gratitude and focus on heart opening, mindfulness and grace. It will be a perfect start to your November!<\/div>\n<p>10er-K\u00e4rtler: ein Kreuzle | Drop-In-Class: 10\u20ac<a id=\"LPlnk833709\" class=\"mailto-link OWAAutoLink\" href=\"mailto:info@moyo-yoga.de\" target=\"_blank\" rel=\"noopener\"><\/a><\/p>\n<p>&nbsp;<\/p>\n\t\t\t\t\t\t<\/div><!-- .entry-content -->\n\t\t\t\t\t<\/div><!-- wp-show-posts-inner --><div class=\"wpsp-clear\"><\/div><\/article><article class=\" wp-show-posts-single wpsp-clearfix post-1416 post type-post status-publish format-standard hentry category-vergangen\" itemtype=\"http:\/\/schema.org\/CreativeWork\" itemscope><div class=\"wp-show-posts-inner\" style=\"\">\t\t\t\t\t\t<div class=\"wp-show-posts-entry-content\" itemprop=\"text\">\n\t\t\t\t\t\t\t<h3 class=\"section-heading-aktuell\">CORE AND BACKBENDS<\/h3>\n<p>WITH LIV<br \/>\nTHURSDAY, 01.11.2018, 16h \u2013 17:30h<\/p>\n<div>Join Liv in this workshop that will utilize strength and balance flexibility for full backbending expressions. This 90 minute flow will give you the tools and methodology to open the front body with a sense of assurance and freedom in your ability to do it safely. We will utilize the strength from our backsides, the flexibility in our hips and front body, to create a strong backhanding practice. Be prepared to have fun, to explore the possibilities from a heart centered perspective, and to get a little sweaty. \ud83d\ude42<\/div>\n<p>10er-K\u00e4rtler: ein Kreuzle | Drop-In-Class: 10\u20ac<br \/>\nPlease inscribe on <a id=\"LPlnk833709\" class=\"mailto-link OWAAutoLink\" href=\"mailto:info@moyo-yoga.de\" target=\"_blank\" rel=\"noopener\">info@moyo-yoga.de<\/a><\/p>\n<p>&nbsp;<\/p>\n\t\t\t\t\t\t<\/div><!-- .entry-content -->\n\t\t\t\t\t<\/div><!-- wp-show-posts-inner --><div class=\"wpsp-clear\"><\/div><\/article><article class=\" wp-show-posts-single wpsp-clearfix post-1411 post type-post status-publish format-standard hentry category-vergangen\" itemtype=\"http:\/\/schema.org\/CreativeWork\" itemscope><div class=\"wp-show-posts-inner\" style=\"\">\t\t\t\t\t\t<div class=\"wp-show-posts-entry-content\" itemprop=\"text\">\n\t\t\t\t\t\t\t<h3 class=\"section-heading-aktuell\">YIN<\/h3>\n<p class=\"ox-cc229c1719-MsoNormal\">mit Laura (auf deutsch)<br \/>\nFreitag, 05.10.2018, 18:30h \u2013 20h<br \/>\nFreitag, 19.10.2018, 18:30h \u2013 20h<br \/>\nFreitag, 26.10.2018, 18:30h \u2013 20h<\/p>\n<p class=\"ox-cc229c1719-MsoNormal\">with Clara (in english)<br \/>\nFriday, 12.10.2018, 18:30h \u2013 20h<br \/>\nThursday, 01.11.2018, 18h (!) \u2013 19:30h<\/p>\n<p>&nbsp;<\/p>\n\t\t\t\t\t\t<\/div><!-- .entry-content -->\n\t\t\t\t\t<\/div><!-- wp-show-posts-inner --><div class=\"wpsp-clear\"><\/div><\/article><article class=\" wp-show-posts-single wpsp-clearfix post-1407 post type-post status-publish format-standard hentry category-vergangen\" itemtype=\"http:\/\/schema.org\/CreativeWork\" itemscope><div class=\"wp-show-posts-inner\" style=\"\">\t\t\t\t\t\t<div class=\"wp-show-posts-entry-content\" itemprop=\"text\">\n\t\t\t\t\t\t\t<h3 class=\"section-heading-aktuell\">FLOW AND RESTORE<\/h3>\n<p class=\"ox-cc229c1719-MsoNormal\">mit Sylvie<br \/>\nMittwoch, 03.10.2018, 10:30h \u2013 11:45h<\/p>\n<p class=\"ox-cc229c1719-MsoNormal\">Lockere Vinyasas (Bewegungssequenzen) und viel, viel Chillen. Wir nutzen Bolster, Kissen und Decken, um K\u00f6rper und Geist durch sanftes, passives Dehnen zu entspannen und zu regenerieren.<br \/>\nWenn Du dabei sein m\u00f6chtest, melde Dich bitte \u00fcber info@moyo-yoga.de oder \u00fcber fb (nehme teil) an.<\/p>\n<p>&nbsp;<\/p>\n\t\t\t\t\t\t<\/div><!-- .entry-content -->\n\t\t\t\t\t<\/div><!-- wp-show-posts-inner --><div class=\"wpsp-clear\"><\/div><\/article><article class=\" wp-show-posts-single wpsp-clearfix post-1357 post type-post status-publish format-standard hentry category-vergangen\" itemtype=\"http:\/\/schema.org\/CreativeWork\" itemscope><div class=\"wp-show-posts-inner\" style=\"\">\t\t\t\t\t\t<div class=\"wp-show-posts-entry-content\" itemprop=\"text\">\n\t\t\t\t\t\t\t<h3 class=\"section-heading-aktuell\">YIN<\/h3>\n<p class=\"ox-cc229c1719-MsoNormal\">mit Laura<br \/>\nFreitag, 07.09.2018, 18:30h \u2013 20h<\/p>\n<p class=\"ox-cc229c1719-MsoNormal\">with Clara<br \/>\nFreitag, 14.09.2018, 18:30h \u2013 20h<br \/>\nFreitag, 28.09.2018, 18:30h \u2013 20h<\/p>\n<p>&nbsp;<\/p>\n\t\t\t\t\t\t<\/div><!-- .entry-content -->\n\t\t\t\t\t<\/div><!-- wp-show-posts-inner --><div class=\"wpsp-clear\"><\/div><\/article><article class=\" wp-show-posts-single wpsp-clearfix post-1362 post type-post status-publish format-standard hentry category-vergangen\" itemtype=\"http:\/\/schema.org\/CreativeWork\" itemscope><div class=\"wp-show-posts-inner\" style=\"\">\t\t\t\t\t\t<div class=\"wp-show-posts-entry-content\" itemprop=\"text\">\n\t\t\t\t\t\t\t<h3 class=\"section-heading-aktuell\">MEDITATION, PRANAYAM, YOGA NIDRA<\/h3>\n<p>mit Sylvie<br \/>\nFreitag, 21.09.2018, 18:30h &#8211; 19:45h<br \/>\nBITTE MIT ANMELDUNG unter <a href=\"mailto:info@moyo-yoga.de\">info@moyo-yoga.de<\/a><\/p>\n<p>&nbsp;<\/p>\n\t\t\t\t\t\t<\/div><!-- .entry-content -->\n\t\t\t\t\t<\/div><!-- wp-show-posts-inner --><div class=\"wpsp-clear\"><\/div><\/article><article class=\" wp-show-posts-single wpsp-clearfix post-1309 post type-post status-publish format-standard hentry category-vergangen\" itemtype=\"http:\/\/schema.org\/CreativeWork\" itemscope><div class=\"wp-show-posts-inner\" style=\"\">\t\t\t\t\t\t<div class=\"wp-show-posts-entry-content\" itemprop=\"text\">\n\t\t\t\t\t\t\t<h3 class=\"section-heading-aktuell\">CORE AND GRACEFUL STRENGTH<\/h3>\n<p>WITH LIV<br \/>\nSATURDAY, 22.09.2018, 15h \u2013 16:30h<\/p>\n<div>This\u00a0 90 minute class contains all the elements needed to flow with grace and\u00a0 strength. This class is core infused and all movements come from the\u00a0 center. Movements are integrated and connected to breath and awareness.\u00a0 Deep core engagement stabilize postures for full expression and\u00a0 intuitive transitions including arm balances and inversions. Be prepared to be playful and sweaty!<\/div>\n<p>10er-K\u00e4rtler: ein Kreuzle | Drop-In-Class: 10\u20ac<br \/>\nPlease inscribe on <a id=\"LPlnk833709\" class=\"mailto-link OWAAutoLink\" href=\"mailto:info@moyo-yoga.de\" target=\"_blank\" rel=\"noopener\">info@moyo-yoga.de<\/a><\/p>\n<p>&nbsp;<\/p>\n\t\t\t\t\t\t<\/div><!-- .entry-content -->\n\t\t\t\t\t<\/div><!-- wp-show-posts-inner --><div class=\"wpsp-clear\"><\/div><\/article><article class=\" wp-show-posts-single wpsp-clearfix post-1335 post type-post status-publish format-standard hentry category-vergangen\" itemtype=\"http:\/\/schema.org\/CreativeWork\" itemscope><div class=\"wp-show-posts-inner\" style=\"\">\t\t\t\t\t\t<div class=\"wp-show-posts-entry-content\" itemprop=\"text\">\n\t\t\t\t\t\t\t<h3 class=\"section-heading-aktuell\">YIN<\/h3>\n<p class=\"ox-cc229c1719-MsoNormal\">with Clara<br \/>\nFriday, 03.08.2018, 18:30h &#8211; 20h<\/p>\n<p class=\"ox-cc229c1719-MsoNormal\">mit Laura<br \/>\nSamstag, 18.08.2018, 16:30h \u2013 18h<br \/>\nFreitag, 24.08.2018, 18:30h \u2013 20h<\/p>\n<p>&nbsp;<\/p>\n\t\t\t\t\t\t<\/div><!-- .entry-content -->\n\t\t\t\t\t<\/div><!-- wp-show-posts-inner --><div class=\"wpsp-clear\"><\/div><\/article><article class=\" wp-show-posts-single wpsp-clearfix post-1300 post type-post status-publish format-standard hentry category-vergangen\" itemtype=\"http:\/\/schema.org\/CreativeWork\" itemscope><div class=\"wp-show-posts-inner\" style=\"\">\t\t\t\t\t\t<div class=\"wp-show-posts-entry-content\" itemprop=\"text\">\n\t\t\t\t\t\t\t<h3 class=\"section-heading-aktuell\">MEDITATION, PRANAYAM, YOGA NIDRA<\/h3>\n<p>mit Sylvie<br \/>\nFreitag, 27.07.2018, 18:30h &#8211; 19:45h<br \/>\nBITTE MIT ANMELDUNG unter <a href=\"mailto:info@moyo-yoga.de\">info@moyo-yoga.de<\/a><\/p>\n<p>&nbsp;<\/p>\n\t\t\t\t\t\t<\/div><!-- .entry-content -->\n\t\t\t\t\t<\/div><!-- wp-show-posts-inner --><div class=\"wpsp-clear\"><\/div><\/article><article class=\" wp-show-posts-single wpsp-clearfix post-1293 post type-post status-publish format-standard hentry category-vergangen\" itemtype=\"http:\/\/schema.org\/CreativeWork\" itemscope><div class=\"wp-show-posts-inner\" style=\"\">\t\t\t\t\t\t<div class=\"wp-show-posts-entry-content\" itemprop=\"text\">\n\t\t\t\t\t\t\t<h3 class=\"section-heading-aktuell\">YIN<\/h3>\n<p class=\"ox-cc229c1719-MsoNormal\">mit Laura<br \/>\nFreitag, 06.07.2018, 18:30h &#8211; 20h<br \/>\nSamstag, 14.07.2018, 16:30h &#8211; 18h<\/p>\n<p>&nbsp;<\/p>\n\t\t\t\t\t\t<\/div><!-- .entry-content -->\n\t\t\t\t\t<\/div><!-- wp-show-posts-inner --><div class=\"wpsp-clear\"><\/div><\/article><article class=\" wp-show-posts-single wpsp-clearfix post-1289 post type-post status-publish format-standard hentry category-vergangen\" itemtype=\"http:\/\/schema.org\/CreativeWork\" itemscope><div class=\"wp-show-posts-inner\" style=\"\">\t\t\t\t\t\t<div class=\"wp-show-posts-entry-content\" itemprop=\"text\">\n\t\t\t\t\t\t\t<h3 class=\"section-heading-aktuell\">YOGA FOR CHILDBIRTH<\/h3>\n<p>WITH CLARA<br \/>\nMONDAY, 02.07.2018, 18h \u2013 19:30h<br \/>\n15\u20ac (incl. Hand-outs)<\/p>\n\t\t\t\t\t\t<\/div><!-- .entry-content -->\n\t\t\t\t\t<\/div><!-- wp-show-posts-inner --><div class=\"wpsp-clear\"><\/div><\/article><article class=\" wp-show-posts-single wpsp-clearfix post-1224 post type-post status-publish format-standard hentry category-vergangen\" itemtype=\"http:\/\/schema.org\/CreativeWork\" itemscope><div class=\"wp-show-posts-inner\" style=\"\">\t\t\t\t\t\t<div class=\"wp-show-posts-entry-content\" itemprop=\"text\">\n\t\t\t\t\t\t\t<h3 class=\"section-heading-aktuell\">CHARITY YOGA KLASSE<\/h3>\n<p>MIT LAURA<br \/>\nSONNTAG, 17.06.2018, 11h \u2013 12h<\/p>\n\t\t\t\t\t\t<\/div><!-- .entry-content -->\n\t\t\t\t\t<\/div><!-- wp-show-posts-inner --><div class=\"wpsp-clear\"><\/div><\/article><article class=\" wp-show-posts-single wpsp-clearfix post-1220 post type-post status-publish format-standard hentry category-vergangen\" itemtype=\"http:\/\/schema.org\/CreativeWork\" itemscope><div class=\"wp-show-posts-inner\" style=\"\">\t\t\t\t\t\t<div class=\"wp-show-posts-entry-content\" itemprop=\"text\">\n\t\t\t\t\t\t\t<h3 class=\"section-heading-aktuell\">MAGIC MONDAY<\/h3>\n<p>with Clara<br \/>\nMONDAY, AUGUST 06, 06:15h &#8211; 07:15h<br \/>\nMONDAY, AUGUST 20, 06:15h &#8211; 07:15h<br \/>\nAT <strong>STADTPARK<\/strong> LAWN<\/p>\n<p>&nbsp;<\/p>\n\t\t\t\t\t\t<\/div><!-- .entry-content -->\n\t\t\t\t\t<\/div><!-- wp-show-posts-inner --><div class=\"wpsp-clear\"><\/div><\/article><article class=\" wp-show-posts-single wpsp-clearfix post-1214 post type-post status-publish format-standard hentry category-vergangen\" itemtype=\"http:\/\/schema.org\/CreativeWork\" itemscope><div class=\"wp-show-posts-inner\" style=\"\">\t\t\t\t\t\t<div class=\"wp-show-posts-entry-content\" itemprop=\"text\">\n\t\t\t\t\t\t\t<h3 class=\"section-heading-aktuell\">MOYOS WANDERLUST FEAT. JORDANS UNTERM\u00dcHLE<br \/>\nYOGARETREAT<br \/>\nMIT LAURA UND SYLVIE<\/h3>\n<p>Freitag, 09. NOVEMBER &#8211; Sonntag, 11. NOVEMBER 2018<\/p>\n<p>Wellness | Sauna | Schwimmen | Vegetarische Vollpension mit regionalen Produkten (zwei Mal drei-G\u00e4nge-Abendmen\u00fc! Yeah!) | Unterbringung in hellen, freundlichen Zimmern | Vier Yogaklassen | Meditation | Spazieren | Geschichten (vor)lesen<\/p>\n<p>TEILNAHMEKOSTEN\/ PRO PERSON<br \/>\nMassagen und kosmetische Behandlungen (exklusive) buchst Du bitte direkt \u00fcber das Hotel.<br \/>\n380 EURO im DZ | 430 EURO im EZ<\/p>\n<p>Informationen und Anmeldung unter info@moyo-yoga.de<\/p>\n<p>&nbsp;<\/p>\n\t\t\t\t\t\t<\/div><!-- .entry-content -->\n\t\t\t\t\t<\/div><!-- wp-show-posts-inner --><div class=\"wpsp-clear\"><\/div><\/article><article class=\" wp-show-posts-single wpsp-clearfix post-1212 post type-post status-publish format-standard hentry category-vergangen\" itemtype=\"http:\/\/schema.org\/CreativeWork\" itemscope><div class=\"wp-show-posts-inner\" style=\"\">\t\t\t\t\t\t<div class=\"wp-show-posts-entry-content\" itemprop=\"text\">\n\t\t\t\t\t\t\t<h3 class=\"section-heading-aktuell\">MOYOS WANDERLUST FEAT. KEDDARTERHOF<br \/>\nYOGARETREAT<br \/>\nMIT LAURA UND LINDA<\/h3>\n<p>Freitag, 31. AUGUST &#8211; Sonntag, 02. SEPTEMBER 2018<\/p>\n<p>Vier Yogaklassen (Yin und Yang) | Meditation | Zusammen Zeit verbringen | Vegetarische Verpflegung mit regionalen Produkten | Unterbringung in hellen, freundlichen Zimmern\/ Apartments | Spazieren | Lagerfeuer | Optionale Massage | Optional ThetaHealing\u00ae<\/p>\n<p>TEILNAHMEKOSTEN\/ PRO PERSON (all-in)<br \/>\nMassagen und ThetaHealing\u00ae Einzelsitzungen sind exklusive<br \/>\n300 EURO im DZ | 350 EURO im EZ<\/p>\n<p>Informationen und Anmeldung unter <a href=\"mailto:info@moyo-yoga.de\">info@moyo-yoga.de<\/a><\/p>\n<p>&nbsp;<\/p>\n\t\t\t\t\t\t<\/div><!-- .entry-content -->\n\t\t\t\t\t<\/div><!-- wp-show-posts-inner --><div class=\"wpsp-clear\"><\/div><\/article><article class=\" wp-show-posts-single wpsp-clearfix post-1204 post type-post status-publish format-standard hentry category-vergangen\" itemtype=\"http:\/\/schema.org\/CreativeWork\" itemscope><div class=\"wp-show-posts-inner\" style=\"\">\t\t\t\t\t\t<div class=\"wp-show-posts-entry-content\" itemprop=\"text\">\n\t\t\t\t\t\t\t<h3 class=\"section-heading-aktuell\">FLIGHT SCHOOL<\/h3>\n<p>with Clara<br \/>\nTake root and FLY! Come learn arm-balance essentials. This workshop is for beginner to advanced yogis who are looking to expand their practice with arm balances.<\/p>\n<p>FLIGHT SCHOOL VOL. 1: MONDAY, 21.05.2018, 10:30h \u2013 12h<br \/>\nFLIGHT SCHOOL VOL. 2: THURSDAY, 31.05.2018, 10:30h \u2013 12h<\/p>\n<p>Inscribe on <a href=\"mailto:info@moyo-yoga.de\">info@moyo-yoga.de<\/a><\/p>\n\t\t\t\t\t\t<\/div><!-- .entry-content -->\n\t\t\t\t\t<\/div><!-- wp-show-posts-inner --><div class=\"wpsp-clear\"><\/div><\/article><article class=\" wp-show-posts-single wpsp-clearfix post-1202 post type-post status-publish format-standard hentry category-vergangen\" itemtype=\"http:\/\/schema.org\/CreativeWork\" itemscope><div class=\"wp-show-posts-inner\" style=\"\">\t\t\t\t\t\t<div class=\"wp-show-posts-entry-content\" itemprop=\"text\">\n\t\t\t\t\t\t\t<h3 class=\"section-heading-aktuell\">MEDITATION, PRANAYAM, YOGA NIDRA<\/h3>\n<p>mit Sylvie<br \/>\nFreitag, 04.05.2018, 18:30h &#8211; 19:45h<br \/>\nBITTE MIT ANMELDUNG unter <a href=\"mailto:info@moyo-yoga.de\">info@moyo-yoga.de<\/a><\/p>\n\t\t\t\t\t\t<\/div><!-- .entry-content -->\n\t\t\t\t\t<\/div><!-- wp-show-posts-inner --><div class=\"wpsp-clear\"><\/div><\/article><article class=\" wp-show-posts-single wpsp-clearfix post-1200 post type-post status-publish format-standard hentry category-vergangen\" itemtype=\"http:\/\/schema.org\/CreativeWork\" itemscope><div class=\"wp-show-posts-inner\" style=\"\">\t\t\t\t\t\t<div class=\"wp-show-posts-entry-content\" itemprop=\"text\">\n\t\t\t\t\t\t\t<h3 class=\"section-heading-aktuell\">YIN<\/h3>\n<p>mit Laura<br \/>\nFreitag, 11.05.2018, 18:30h \u2013 20h<\/p>\n<p>mit Clara<br \/>\nFreitag, 18.05.2018, 18:30h &#8211; 20h<\/p>\n\t\t\t\t\t\t<\/div><!-- .entry-content -->\n\t\t\t\t\t<\/div><!-- wp-show-posts-inner --><div class=\"wpsp-clear\"><\/div><\/article><article class=\" wp-show-posts-single wpsp-clearfix post-1191 post type-post status-publish format-standard hentry category-vergangen\" itemtype=\"http:\/\/schema.org\/CreativeWork\" itemscope><div class=\"wp-show-posts-inner\" style=\"\">\t\t\t\t\t\t<div class=\"wp-show-posts-entry-content\" itemprop=\"text\">\n\t\t\t\t\t\t\t<h3 class=\"section-heading-aktuell\">YOGA KIDS<\/h3>\n<p>MIT ANNA<br \/>\nMONTAGS, 16:15h &#8211; 17:15h<br \/>\nF\u00dcR KINDER VON 5-10 JAHREN<\/p>\n<p>HERBST-WINTER| 22.10. \u2013 10.12.2018 | 8 Termine | Kursgeb\u00fchr 63\u20ac<\/p>\n<p>Probestunden sind jederzeit m\u00f6glich.<br \/>\nFragen und Anmeldung an <a href=\"mailto:info@moyo-yoga.de\">info@moyo-yoga.de<\/a>.<\/p>\n\t\t\t\t\t\t<\/div><!-- .entry-content -->\n\t\t\t\t\t<\/div><!-- wp-show-posts-inner --><div class=\"wpsp-clear\"><\/div><\/article><article class=\" wp-show-posts-single wpsp-clearfix post-1147 post type-post status-publish format-standard hentry category-vergangen\" itemtype=\"http:\/\/schema.org\/CreativeWork\" itemscope><div class=\"wp-show-posts-inner\" style=\"\">\t\t\t\t\t\t<div class=\"wp-show-posts-entry-content\" itemprop=\"text\">\n\t\t\t\t\t\t\t<h3 class=\"section-heading-aktuell\">OSTERYOGAREI 2018<\/h3>\n<p>BITTE MIT ANMELDUNG an <a href=\"mailto:info@moyo-yoga.de\">info@moyo-yoga.de<\/a><\/p>\n<p>MEDITATION<br \/>\nmit Sylvie<br \/>\nFreitag, 30.03.2018, 18:30h \u2013 19:45<\/p>\n<p>YIN<br \/>\nmit Laura<br \/>\nSamstag, 31.03.2018, 16:30h \u2013 18h<\/p>\n<p>FLOWIGE EIERSUCHE \ud83d\ude09<br \/>\nmit Laura<br \/>\nSonntag, 01.04.2018, 11:30h \u2013 13h<\/p>\n<p>SATISFY YOUR SHOULDERS<br \/>\nmit Clara<br \/>\nSonntag, 01.04.2018, 18h \u2013 19:30h<\/p>\n<p>EASTER VINYASA<br \/>\nmit Clara<br \/>\nMontag, 02.04.2018, 11:30h \u2013 13h<\/p>\n<p>YIN<br \/>\nmit Laura<br \/>\nMontag, 02.04.2018, 16:30h \u2013 18h<\/p>\n\t\t\t\t\t\t<\/div><!-- .entry-content -->\n\t\t\t\t\t<\/div><!-- wp-show-posts-inner --><div class=\"wpsp-clear\"><\/div><\/article><article class=\" wp-show-posts-single wpsp-clearfix post-1145 post type-post status-publish format-standard hentry category-vergangen\" itemtype=\"http:\/\/schema.org\/CreativeWork\" itemscope><div class=\"wp-show-posts-inner\" style=\"\">\t\t\t\t\t\t<div class=\"wp-show-posts-entry-content\" itemprop=\"text\">\n\t\t\t\t\t\t\t<h3 class=\"section-heading-aktuell\">YIN<\/h3>\n<p>mit Clara<br \/>\nFreitag, 06.04.2018, 18:30h \u2013 20h<br \/>\nFreitag, 13.04.2018, 18:30h \u2013 20h<\/p>\n<p>mit Laura<br \/>\nFreitag, 20.04.2018, 18:30h &#8211; 20h<br \/>\nSamstag, 28.04.2018, 16:30h &#8211; 18h<\/p>\n\t\t\t\t\t\t<\/div><!-- .entry-content -->\n\t\t\t\t\t<\/div><!-- wp-show-posts-inner --><div class=\"wpsp-clear\"><\/div><\/article><article class=\" wp-show-posts-single wpsp-clearfix post-1018 post type-post status-publish format-standard hentry category-vergangen\" itemtype=\"http:\/\/schema.org\/CreativeWork\" itemscope><div class=\"wp-show-posts-inner\" style=\"\">\t\t\t\t\t\t<div class=\"wp-show-posts-entry-content\" itemprop=\"text\">\n\t\t\t\t\t\t\t<h3 class=\"section-heading-aktuell\">MOYOS WANDERLUST<\/h3>\n<p>mit Laura und Sylvie<br \/>\nFreitag, 13.04. &#8211; Sonntag, 15.04.2018<br \/>\nYoga Retreat<br \/>\nInformationen und Anmeldung unter <a href=\"mailto:info@moyo-yoga.de\">info@moyo-yoga.de<\/a><\/p>\n\t\t\t\t\t\t<\/div><!-- .entry-content -->\n\t\t\t\t\t<\/div><!-- wp-show-posts-inner --><div class=\"wpsp-clear\"><\/div><\/article><article class=\" wp-show-posts-single wpsp-clearfix post-1016 post type-post status-publish format-standard hentry category-vergangen\" itemtype=\"http:\/\/schema.org\/CreativeWork\" itemscope><div class=\"wp-show-posts-inner\" style=\"\">\t\t\t\t\t\t<div class=\"wp-show-posts-entry-content\" itemprop=\"text\">\n\t\t\t\t\t\t\t<h3 class=\"section-heading-aktuell\">YIN<\/h3>\n<p>mit Laura<br \/>\nFreitag, 02.03.2018, 18:30h \u2013 20h<br \/>\nFreitag, 16.03.2018, 18:30h \u2013 20h<\/p>\n\t\t\t\t\t\t<\/div><!-- .entry-content -->\n\t\t\t\t\t<\/div><!-- wp-show-posts-inner --><div class=\"wpsp-clear\"><\/div><\/article><article class=\" wp-show-posts-single wpsp-clearfix post-1014 post type-post status-publish format-standard hentry category-vergangen\" itemtype=\"http:\/\/schema.org\/CreativeWork\" itemscope><div class=\"wp-show-posts-inner\" style=\"\">\t\t\t\t\t\t<div class=\"wp-show-posts-entry-content\" itemprop=\"text\">\n\t\t\t\t\t\t\t<h3 class=\"section-heading-aktuell\">MEDITATION, PRANAYAM, YOGA NIDRA<\/h3>\n<p>mit Sylvie<br \/>\nFreitag, 30.03.2018, 18:30h &#8211; 19:45h<br \/>\nBITTE MIT ANMELDUNG unter <a href=\"mailto:info@moyo-yoga.de\">info@moyo-yoga.de<\/a><\/p>\n\t\t\t\t\t\t<\/div><!-- .entry-content -->\n\t\t\t\t\t<\/div><!-- wp-show-posts-inner --><div class=\"wpsp-clear\"><\/div><\/article><article class=\" wp-show-posts-single wpsp-clearfix post-1012 post type-post status-publish format-standard hentry category-vergangen\" itemtype=\"http:\/\/schema.org\/CreativeWork\" itemscope><div class=\"wp-show-posts-inner\" style=\"\">\t\t\t\t\t\t<div class=\"wp-show-posts-entry-content\" itemprop=\"text\">\n\t\t\t\t\t\t\t<h3 class=\"section-heading-aktuell\">SOFT AND SMOOTH<\/h3>\n<p><strong>SCHWANGERE WILLKOMMEN\/ PRENATAL-FRIENDLY<\/strong><br \/>\nWITH CLARA<br \/>\nMONDAYS, 18H \u2013 19:15H<br \/>\n10.09. \u2013 29.10.2018 (8 CLASSES)<\/p>\n<p>8 times 65\u20ac | single classes 10\u20ac (drop-in)<\/p>\n<p>&nbsp;<\/p>\n\t\t\t\t\t\t<\/div><!-- .entry-content -->\n\t\t\t\t\t<\/div><!-- wp-show-posts-inner --><div class=\"wpsp-clear\"><\/div><\/article><article class=\" wp-show-posts-single wpsp-clearfix post-1009 post type-post status-publish format-standard hentry category-vergangen\" itemtype=\"http:\/\/schema.org\/CreativeWork\" itemscope><div class=\"wp-show-posts-inner\" style=\"\">\t\t\t\t\t\t<div class=\"wp-show-posts-entry-content\" itemprop=\"text\">\n\t\t\t\t\t\t\t<h3 class=\"section-heading-aktuell\">YOGA KIDS<\/h3>\n<p>mit Anna<br \/>\nMontags, 16:15h &#8211; 17:15h<br \/>\nEinfach vorbeikommen und ausprobieren!<br \/>\nOSTERFERIEN am 26.03. und 02.04.<\/p>\n\t\t\t\t\t\t<\/div><!-- .entry-content -->\n\t\t\t\t\t<\/div><!-- wp-show-posts-inner --><div class=\"wpsp-clear\"><\/div><\/article><article class=\" wp-show-posts-single wpsp-clearfix post-992 post type-post status-publish format-standard hentry category-vergangen\" itemtype=\"http:\/\/schema.org\/CreativeWork\" itemscope><div class=\"wp-show-posts-inner\" style=\"\">\t\t\t\t\t\t<div class=\"wp-show-posts-entry-content\" itemprop=\"text\">\n\t\t\t\t\t\t\t<h3 class=\"section-heading-aktuell\">FR\u00dcHJAHRS-DETOX-SPECIAL<\/h3>\n<p>mit Elena<br \/>\nSamstag, 07.04.2018, 16h &#8211; 18h<br \/>\nBITTE MIT ANMELDUNG unter <a href=\"mailto:info@moyo-yoga.de\">info@moyo-yoga.de<\/a><\/p>\n\t\t\t\t\t\t<\/div><!-- .entry-content -->\n\t\t\t\t\t<\/div><!-- wp-show-posts-inner --><div class=\"wpsp-clear\"><\/div><\/article><article class=\" wp-show-posts-single wpsp-clearfix post-985 post type-post status-publish format-standard hentry category-vergangen\" itemtype=\"http:\/\/schema.org\/CreativeWork\" itemscope><div class=\"wp-show-posts-inner\" style=\"\">\t\t\t\t\t\t<div class=\"wp-show-posts-entry-content\" itemprop=\"text\">\n\t\t\t\t\t\t\t<h3 class=\"section-heading-aktuell\">MEDITATION, PRANAYAMA, YOGA NIDRA<\/h3>\n<p>mit Sylvie<br \/>Freitag, 12.01.2018, 18:30h &#8211; 19:45h<br \/>\nSonntag, 12.11., ab 12:15h<br \/>\nBITTE MIT ANMELDUNG unter <a href=\"mailto:info@moyo-yoga.de\">info@moyo-yoga.de<\/a><\/p>\n\t\t\t\t\t\t<\/div><!-- .entry-content -->\n\t\t\t\t\t<\/div><!-- wp-show-posts-inner --><div class=\"wpsp-clear\"><\/div><\/article><\/section><!-- .wp-show-posts -->\n<h3 class=\"section-heading-aktuell\">YIN<\/h3>\nmit Laura\n<span style=\"font-family: courier new, courier, monospace; font-size: 12pt;\">Freitag, 19.01.2018, 18:30h \u2013 20h<\/span>\n<span style=\"font-family: courier new, courier, monospace; font-size: 12pt;\"> Samstag, 27.01.2018, 16:30h \u2013 18h<\/span>\n<h3 class=\"section-heading-aktuell\">MOYOS WANDERLUST<\/h3>\nmit Laura und Sylvie\nFreitag, 09.02. - Sonntag, 11.02.2018\nYoga Retreat\nInformationen und Anmeldung unter <a href=\"mailto:info@moyo-yoga.de\">info@moyo-yoga.de<\/a>\n<h3 class=\"section-heading-aktuell\">WIR MACHEN\nBIS <strong>EINSCHLIESSLICH 07.01.2018<\/strong> <strong>FERIEN<\/strong>\n<span style=\"font-family: courier new, courier, monospace; font-size: 12pt;\">Danach starten wir frisch und munter mit den regul\u00e4ren Klassen (Yoga Kids am Montag, Bergfest am Mittwoch, Chilliger Sonntag) und den Sonderklassen in das neue Jahr!<\/span><\/h3>\n<h3 class=\"section-heading-aktuell\"><\/h3>\n<h3 class=\"section-heading-aktuell\">MOYOS YOGAREI 2017<\/h3>\nSamstag | 23.12.2017 | 11:30h - 13:30h\n<strong>GLITZER GLIMMER WEIHNACHTSKINDER<\/strong>\nMit Anna\n\nMittwoch | 27.12.2017 | 20h - 21:30h\n<strong>FLOW&amp;RESTORE-BERGFEST<\/strong>\nMit Sylvie\n<h3 class=\"section-heading-aktuell\">YIN<\/h3>\nmit Laura\n<span style=\"font-family: courier new,courier,monospace;\">Freitag, 01.12.2017\nFreitag, 15.12.2017\nFreitag, 22.12.2017\nJeweils 18:30h \u2013 20h<\/span>\nAnmeldung unter <a href=\"mailto:info@moyo-yoga.de\">info@moyo-yoga.de\n<\/a>\n<h3 class=\"section-heading-aktuell\">MEDITATION, PRANAYAMA, YOGA NIDRA<\/h3>\nmit Sylvie\n<span style=\"font-family: courier new,courier,monospace;\">Freitag, 08.12.2017, 18:30h \u2013 19:45h<\/span>\nAnmeldung unter <a href=\"mailto:info@moyo-yoga.de\">info@moyo-yoga.de<\/a>\n<h3 class=\"section-heading-aktuell\">BRUNCH<\/h3>\nmit Anna\nSonntag, 12.11., ab 12:15h\nAnmeldung unter <a href=\"mailto:info@moyo-yoga.de\">info@moyo-yoga.de<\/a>\n<h3 class=\"section-heading-aktuell\">YOGA F\u00fcR SCHWANGERE<\/h3>\nmit Daniela\nMittwochs, 18:00h - 19:30h\nDer aktuelle Kurs l\u00e4uft noch bis einschl. 15.11..\nEin Einstieg ist jederzeit m\u00f6glich.\nINFO und ANMELDUNG unter <a href=\"mailto:info@moyo-yoga.de\">info@moyo-yoga.de<\/a>\n<h3 class=\"section-heading-aktuell\">CHARITY YOGA<\/h3>\nHEUTE YOGA - MORGEN EINE NEUE SCHULE\nmit Laura\n\nDer Reinerl\u00f6s (deine Spende) geht zu 100% an http:\/\/buecherboerse.org\/\n<span style=\"font-family: courier new,courier,monospace;\">Dienstag, 31.10.2017, 11h \u2013 12h\nab 12h Kuchenverkauf<\/span>\nAnmeldung unter <a href=\"mailto:info@moyo-yoga.de\">info@moyo-yoga.de<\/a>\n<h3 class=\"section-heading-aktuell\">MEDITATION, PRANAYAMA, YOGA NIDRA<\/h3>\nmit Sylvie\n<span style=\"font-family: courier new,courier,monospace;\">Freitag, 20.10.2017, 18:30h \u2013 19:45h<\/span>\nAnmeldung unter <a href=\"mailto:info@moyo-yoga.de\">info@moyo-yoga.de<\/a>\n<h3 class=\"section-heading-aktuell\">MOYOS WANDERLUST<\/h3>\nmit Laura und Sylvie\nFreitag, 06.10. - Sonntag, 08.10.2017\nYoga Retreat\nInformationen und Anmeldung unter <a href=\"mailto:info@moyo-yoga.de\">info@moyo-yoga.de<\/a>\n<h3 class=\"section-heading-aktuell\">BACKBENDS - DEEP AND JUICY<\/h3>\nmit Elena\nSamstag, 30.09., <strong>18:00h - 20:00h\n(Achtung, Uhrzeit hat sich ge\u00e4ndert!)<\/strong>\nWorkshop\nANMELDUNG unter <a href=\"mailto:info@moyo-yoga.de\">info@moyo-yoga.de<\/a>\n<h3 class=\"section-heading-aktuell\">YIN<\/h3>\nmit Laura\nSamstag, 02.09., 08:15h - 09:30h (Fr\u00fcher Vogel mit anschlie\u00dfendem Fr\u00fchst\u00fcck)\nFreitag, 08.09., 18:30h - 20:00h\nFreitag, 15.09., 18:30h - 20:00h\nFreitag, 22.09., 18:30h - 20:00h\nANMELDUNG unter <a href=\"mailto:info@moyo-yoga.de\">info@moyo-yoga.de\n<\/a>\n<h3 class=\"section-heading-aktuell\">MEDITATION, PRANAYAMA, YOGA NIDRA<\/h3>\nmit Sylvie\nFreitag, 28.07., 18:30h - 19:45h\nFreitag, 25.08., 18:30h - 19:45h\nANMELDUNG unter <a href=\"mailto:info@moyo-yoga.de\">info@moyo-yoga.de<\/a>\n<h3 class=\"section-heading-aktuell\">YIN<\/h3>\nmit Laura\nFreitag, 07.07., 18:30h - 20:00h\nFreitag, 14.07., 18:30h - 20:00h\nANMELDUNG unter <a href=\"mailto:info@moyo-yoga.de\">info@moyo-yoga.de<\/a>\n<h3 class=\"section-heading-aktuell\">Core sweet core<\/h3>\nmit Elena\nSamstag, 15.07., 16:30h - 18:30h\nKraft und Ausdauer f\u00fcr Deine K\u00f6rpermitte\nANMELDUNG unter <a href=\"mailto:info@moyo-yoga.de\">info@moyo-yoga.de<\/a>\n<h3 class=\"section-heading-aktuell\">YOGA AM SEE<\/h3>\nmit Laura\nSamstag, 08.07., 18:00h - 19:00h\nbitte eigene Matte mitbringen | Strandbad Gelterswoog\nANMELDUNG unter <a href=\"mailto:info@moyo-yoga.de\">info@moyo-yoga.de<\/a>\n<h3 class=\"section-heading-aktuell\">ASHTANGA<\/h3>\nmit Philipp\nSamstag, 01.07., 16:00h - 17:30h\nANMELDUNG unter <a href=\"mailto:info@moyo-yoga.de\">info@moyo-yoga.de\n<\/a>\n<h3 class=\"section-heading-aktuell\">YIN<\/h3>\nmit Laura\nSamstag, 03.06., EARLY BIRD, 08:15h - 09:30h,\nanschlie\u00dfend Fr\u00fchst\u00fcck\nFreitag, 09.06., <strong>19:30h<\/strong> - 21:00h\nFreitag, 16.06., 18:30h - 20:00h\nANMELDUNG unter <a href=\"mailto:info@moyo-yoga.de\">info@moyo-yoga.de<\/a>\n<h3 class=\"section-heading-aktuell\">FLOW &amp; RESTORE<\/h3>\nmit Sylvie\nDonnerstag, 15.06., 10:30h - 12:00h\nANMELDUNG unter <a href=\"mailto:info@moyo-yoga.de\">info@moyo-yoga.de\n<\/a>\n<h3 class=\"section-heading-aktuell\">Meditation, pranayama, yoga nidra<\/h3>\nmit Sylvie\nFreitag, 02.06., 18:30h - 19:45h\nANMELDUNG unter <a href=\"mailto:info@moyo-yoga.de\">info@moyo-yoga.de<\/a>\n<h3 class=\"section-heading-aktuell\">YIN<\/h3>\nFreitag, 07. April, 18:30h\nSamstag, 15. April, 16:30h\nFreitag, 21. April, 18:30h\nSamstag, 29. April, EARLY BIRD, 08:15h - anschlie\u00dfend Fr\u00fchst\u00fcck.\nMit ANMELDUNG unter <a href=\"mailto:info@moyo-yoga.de\"><span style=\"color: #000000;\">info@moyo-yoga.de <\/span> <\/a>\n<h3 class=\"section-heading-aktuell\">MEDITATION, PRANAYAMA, YOGA NIDRA<\/h3>\nFreitag, 14. April, 18h\nMit ANMELDUNG unter <a href=\"mailto:info@moyo-yoga.de\"><span style=\"color: #000000;\">info@moyo-yoga.de <\/span> <\/a>\n<h3 class=\"section-heading-aktuell\">YIN<\/h3>\nSamstag, den 11.03., 08:15h - 09:30h\nFreitag, 24.03., 18:30h - 20h\nFreitag, 31.03., 18:30h - 20h\nMit ANMELDUNG unter <a href=\"mailto:info@moyo-yoga.de\">info@moyo-yoga.de <\/a>\n<h3 class=\"section-heading-aktuell\">YIN<\/h3>\nFreitag, 03.02., 18:30h - 20:00h\nSamstag, 11.02., 16:30h - 18:00h\nSamstag, 18.02., 16:30h - 18:00h\nFreitag, 24.02., 18:30h - 20:00h\nMit ANMELDUNG unter <a href=\"mailto:info@moyo-yoga.de\">info@moyo-yoga.de <\/a>\n\nMeditation, Pranayama und Yoga Nidra\nFreitag, 17.02., 18:30h - 19:45h\nMit ANMELDUNG unter <a href=\"mailto:info@moyo-yoga.de\">info@moyo-yoga.de <\/a>\n\nFREITAG, 13.01.2017, 18:30h - 20:00h\nYIN mit Laura\nMit ANMELDUNG unter <a href=\"mailto:info@moyo-yoga.de\">info@moyo-yoga.de <\/a>\n\nFREITAG, 20.01.2017, 18:00h - 19:15h\nMEDITATION und YOGA NIDRA mit Sylvie\nMit ANMELDUNG unter <a href=\"mailto:info@moyo-yoga.de\">info@moyo-yoga.de <\/a>\n\nFREITAG, 27.01.2017, 18:30h - 20:00h\nYIN mit Laura\nMit ANMELDUNG unter <a href=\"mailto:info@moyo-yoga.de\">info@moyo-yoga.de <\/a>\n\nSonntag, 01.01.2017, 17h - 18:30h\nHallo 2017 mit Laura\nMit ANMELDUNG unter <a href=\"mailto:info@moyo-yoga.de\">info@moyo-yoga.de <\/a>\n\nFreitag, 30.12.2016, 18h - 19:30h\nYANG und YIN, Teamteaching mit Laura und Sylvie\nMit ANMELDUNG unter <a href=\"mailto:info@moyo-yoga.de\">info@moyo-yoga.de <\/a>\n\nDonnerstag, 29.12.2016, 18h - 19h\nYIN mit Laura\nMit ANMELDUNG unter <a href=\"mailto:info@moyo-yoga.de\">info@moyo-yoga.de <\/a>\n\nDonnerstag, 29.12.2016, 10h - 12h\nASHTANGA MYSORE mit Philipp\nMit ANMELDUNG unter <a href=\"mailto:info@moyo-yoga.de\">info@moyo-yoga.de <\/a>\n\nMITTWOCH, 28.12.2016, 10h - 12h\nASHTANGA MYSORE mit Philipp\nMit ANMELDUNG unter <a href=\"mailto:info@moyo-yoga.de\">info@moyo-yoga.de <\/a>\n\nDIENSTAG, 27.12.2016, 18h - 19:30h\nYIN mit Laura\nMit ANMELDUNG unter <a href=\"mailto:info@moyo-yoga.de\">info@moyo-yoga.de <\/a>\n\nMONTAG, 26.12.2016, 10:30h - 11:45h\nPRANAYAMA, MEDITATION und YOGA NIDRA mit Sylvie\nMit ANMELDUNG unter <a href=\"mailto:info@moyo-yoga.de\">info@moyo-yoga.de <\/a>\n\nSONNTAG, 25.12.2016, 10:30h - 12:00h\nCHILLIGER SONNTAG mit Laura\nDieses Mal mit Mit ANMELDUNG unter <a href=\"mailto:info@moyo-yoga.de\">info@moyo-yoga.de <\/a>\n\nFREITAG, 23.12.2016, 18h - 19:15h\nFLOW TO THE BEATS mit Sylvie\nMit ANMELDUNG unter <a href=\"mailto:info@moyo-yoga.de\">info@moyo-yoga.de <\/a>\n\nFREITAG, 02.12.2016, 18:30h - 20:00h\nSAMSTAG, 10.12.2016, 16:30h - 18:00h\nSAMSTAG, 17.12.2016, 16:30h - 18:00h\nYIN mit Laura\nMit ANMELDUNG unter <a href=\"mailto:info@moyo-yoga.de\">info@moyo-yoga.de <\/a>\n\nFREITAG, 16.12.2016, 18:30h - 20:00h\nCANDLELIGHT VINYASA &amp; HARMONIUM mit Candace\nMit ANMELDUNG unter <a href=\"mailto:info@moyo-yoga.de\">info@moyo-yoga.de <\/a>\n\nACHTUNG: der Prenatal Kurs pausiert.\nDie n\u00e4chste Schwangerenyogaklasse mit Candace\nfindet am Mittwoch, den 21.12.2016, 18:15h - 19:15h, statt.\n\nFREITAG, 18.11.2016, 18:30h - 20:00h\nYIN mit Laura\nMit ANMELDUNG unter <a href=\"mailto:info@moyo-yoga.de\">info@moyo-yoga.de <\/a>\n\nSAMSTAG, 12.11.2016, 16h - 18:30h\n\"Der Storch unterm Kirschbaum\" - Yoga und Keramik-Bemalen f\u00fcr Kinder und Erwachsene mit Vera, Linda und Bianca\nMit ANMELDUNG unter <a href=\"mailto:info@moyo-yoga.de\">info@moyo-yoga.de <\/a>\n\nSAMSTAG, 05.11.2016, 16:30h - 18:00h\nYIN mit Laura\nMit ANMELDUNG unter <a href=\"mailto:info@moyo-yoga.de\">info@moyo-yoga.de <\/a>\n\nSONNTAG, 30.10.2016, 10:30h - 12:30h\nASHTANGA mit Philipp und Sandra\nMit ANMELDUNG unter <a href=\"mailto:info@moyo-yoga.de\">info@moyo-yoga.de <\/a>\n\nDie Montagsklasse mit Sylvie um 09:45h - 11:00h ab sofort bitte mit Anmeldung bis jeweils Sonntag nachmittag unter <a href=\"mailto:info@moyo-yoga.de\">info@moyo-yoga.de <\/a>\n\nSONNTAG, 25.09.2016, 16:00h - 18:00h\nHANDSTAND WORKSHOP mit PHILIPP\nInfo und Anmeldung unter <a href=\"mailto:info@moyo-yoga.de\">info@moyo-yoga.de <\/a>\n\nMONTAGS, 16:30h - 18:00h\nASHTANGA YOGA INNOVATION METHOD mit PHILIPP\nOhne Anmeldung\n\nYIN YOGA mit Laura im SEPTEMBER\nSAMSTAG 03.09.2016, 16:30h - 18:00h\nSAMSTAG 17.09.2016, 16:30h - 18:00h\nFREITAG 23.09.2016, 18:30h - 20:00h\nFREITAG 30.09.2016, 18:30h - 20:00h\nOhne Anmeldung\n\nAb Mittwoch, 17.08. PRENATAL YOGA mit Candace.\nInfo unter Moyo <a href=\"http:\/\/moyo-yoga.de\/moyo.html\"> Stundenplan<\/a>\n\nMOYO feat. LAUTER ATELIER:\nIhr findet uns ab 22.05.2016\nin der Gaustra\u00dfe 4\n\nDER STORCH UNTERM KIRSCHBAUM\n\nFREITAG, 05.08.2016\n16h - 18:30h\nYOGA UND KERAMIK-MALEN F\u00dcR KINDER UND ERWACHSENE\nInformation und Anmeldung unter <a href=\"mailto:info@moyo-yoga.de\">info@moyo-yoga.de <\/a>\n\nYIN YOGA mit Laura im AUGUST\n\nSAMSTAG, 13.08.2016, 16:30h - 18:00h\nFREITAG, 19.08.2016, 18:30h - 20:00h\nSAMSTAG, 27.08.2016, 16:30h - 18:00h\n\nYIN YOGA mit Laura im JULI\n\nFreitag, 08.07.\nFreitag, 15.07.\nFreitag, 29.07.\n\njeweils um 17:30h - 19:00h\n\nYIN YOGA mit Laura\nAn folgenden Freitagen geht es zum Start ins Wochenende sehr entspannt auf die Matte:\n\nFreitag, 27.05.\nFreitag, 10.06.\nFreitag, 17.06.\n\njeweils um 17:30h - 19:00h\n\nDaf\u00fcr ist keine Anmeldung erforderlich - einfach im Kalender dick anstreichen und dabei sein :)!\n\nPOPUP YOGA Ab sofort findet ihr hier Termine f\u00fcr zus\u00e4tzliche Yogaklassen. Meldet euch daf\u00fcr bitte verbindlich (zwei Tage vorher) an: <a href=\"mailto:info@moyo-yoga.de\">info@moyo-yoga.de <\/a>\n\nSamstag, 30.04.2016, 14:30h - 16:00h\nYIN YOGA mit Laura\nAnmeldung unter <a href=\"mailto:info@moyo-yoga.de\">info@moyo-yoga.de <\/a>\n\nDonnerstag, 05.05.2016, 10:30h - 12:00h\nYIN YOGA mit Laura\nAnmeldung unter <a href=\"mailto:info@moyo-yoga.de\">info@moyo-yoga.de <\/a>\n\nSamstag, 09.04.2016, 14:30h - 16:00h\nYIN YOGA mit Laura\nAnmeldung unter <a href=\"mailto:info@moyo-yoga.de\">info@moyo-yoga.de <\/a>\n\nSamstag, 27.02.2016, 14:30h - 16:00h\nYIN YOGA mit Laura\n\nSonntag, 17.01.2016, 14:00h - 15:30h\nCELEBRATE FRIENDSHIP-Yogastunde!\nDurch Partner\u00fcbungen, Thaimassage\nund Meditation feiern wir die Freundschaft,\ndas Miteinander und die Dankbarkeit,\nden anderen Menschen zu kennen\nund als Freund im eigenen Leben zu haben.\nGanz spielerisch und mit viel Spa\u00df\nwerden wir zusammen sein und uns uns selbst\nund dem anderen widmen.\n\nDu kannst diese Yogaklasse in Form\neines Gutscheines einem Menschen schenken,\nder Dir nahe steht, mit dem Du bewusst\nZeit verbringen m\u00f6chtest.\nSchreibe einfach eine eMail an <a href=\"mailto:info@moyo-yoga.de\">info@moyo-yoga.de <\/a>.\nMit Anmeldung bis 10.01.2016.\n\nSonntag, 20.12.2015, 17:00h - 18:30h\nFLOW TO THE BEATS\nEine Yogaklasse mit \"kr\u00f6nendem\" Finale -\nwir flie\u00dfen mit und durch die Kl\u00e4nge\neines Songs, Sp\u00fcren ohne Denken\nin der Bewegung und im Innehalten.\nArms wide open - lass die (Winter-)Sonne rein!\nBitte meldet euch zu dieser Stunde sp\u00e4testens bis 13.12. an.\nDie Sonntagsyogaklasse am Vormittag entf\u00e4llt an diesem Tag.\n\nSonntag, 27.12.2015, 10:30h - 12:00h\nENTSCHLEUNIGUNG - FEIER DICH SELBST\nThemenyogaklasse mit Laura.\nBitte meldet euch zu dieser Stunde sp\u00e4testens bis 20.12. an.\n\n<strong>POPUP YOGA<\/strong>\nAb sofort findet ihr hier Termine f\u00fcr zus\u00e4tzliche Yogaklassen.\nMeldet euch daf\u00fcr bitte verbindlich (zwei Tage vorher) an:\n<a href=\"mailto:info@moyo-yoga.de\">info@moyo-yoga.de <\/a>\n\nSonntag, 18.10.2015 und 25.10.2015, 10:30h - 12:00h\nPopUp WOHLTUENDE SONNTAGSVIBES\nmit Laura\nMoyo Kaiserslautern\nWohltuende Asanas, tiefes Durchatmen und erholsames Chillen.\n\nKeine Anmeldung erforderlich - einfach hinkommen.\n\n<strong>WORKSHOPS <\/strong>\n\nSonntag, 11.10.2015, 15h - 17:30h\nMoyo Kaiserslautern\nFLY TO THE SKY VOL. 2\nABHEBEN UND SPASS HABEN\n\nLinda geht in die zweite Runde und l\u00e4sst uns wieder \"abheben\":\n\nWer beim letzten Mal nicht dabei sein konnte (s. 12.07.), kann nun gerne einsteigen. Wer dabei war, wird neues lernen und bekanntes vertiefen.\n\nKosten: 25\u20ac.\nDen Gro\u00dfteil der Einnahmen m\u00f6chten wir wieder spenden, ein Projekt unterst\u00fctzen, das das Wohl von Kindern und deren Umwelt f\u00f6rdert.\nBitte meldet euch unter\n<a href=\"mailto:info@moyo-yoga.de\">info@moyo-yoga.de <\/a>an.\n\nSonntag, 12.07.2015, 14h - 17h\nVolkspark Kaiserslautern\nFLY TO THE SKY\nABHEBEN UND SPASS HABEN\n\nKombiniert man Yoga mit akrobatischen \u00dcbungen, entsteht ein Raum von Vertrauen und unbegrenzten M\u00f6glichkeiten.\nLass Dich auf eine ganz neue Yoga-Erfahrung ein!\nVorkenntnisse sind nicht erforderlich.\n\nKosten: 15\u20ac\u0080\nBitte meldet euch unter\n<a href=\"mailto:info@moyo-yoga.de\">info@moyo-yoga.de <\/a> an.\n\nSamstag, 13.06.2015,14h - 15:30h\nTRICKY TRANSITIONS AND FLOWING WITH GRACE mit\nZac Greene\n\nWe are in a constant state of transition.\nThe space between where we are going and where we have been is the present. It is easy to view the world as a series of disconnected events without engaging the space we are in. This disconnect can leave us feeling detached and yearning for something else. Vinyasa yoga teaches us to place our emphasis not only on where we are going, but also the space between the poses, the transitions. Through an exploration of tricky transitions, we will learn to hold our head up high and to experience change through the present moment. Breath, focus and intention guide us to dive into the moment and flow with grace regardless of the challenges that we face. Come prepared to laugh, fall down, smile and try something new.\n\nKosten: 15\u20ac\nBitte meldet euch unter\n<a href=\"mailto:info@moyo-yoga.de\">info@moyo-yoga.de <\/a> an.\n\nFreitag, 29.05.2015, 19:30h - 21:30h - Yin Yoga mit Sebastian\n<i>\"Lerne loszulassen und dich mit der Erde (Yin) zu verbinden!\nEinfach zu erlernende Atemtechniken (Pranayama) und l\u00e4nger gehaltene Positionen bringen dich in deine Entspannung.\nDeine Wahrnehmung wird subtiler, das Kopfkino hat Sendepause und dein Akku kann ganz von alleine wieder aufladen.\"\n<\/i>\nKosten: 15\u20ac\u0080\nBitte meldet euch bis sp\u00e4testens 22.05. an: <a href=\"mailto:info@moyo-yoga.de\">info@moyo-yoga.de <\/a>\t\t\t\t<\/div>\n\t\t\t<\/div>\n\t\t<\/div>\n\t\t<\/div>\n<\/div>\n<\/div><\/div><\/div><\/div><\/div><\/div><div id=\"pg-509-3\"  class=\"panel-grid panel-has-style\" ><div class=\"panel-row-style panel-row-style-for-509-3\" ><div id=\"pgc-509-3-0\"  class=\"panel-grid-cell\" ><div id=\"panel-509-3-0-0\" class=\"so-panel widget widget_siteorigin-panels-builder panel-first-child panel-last-child\" data-index=\"3\" ><div class=\"panel-widget-style panel-widget-style-for-509-3-0-0\" ><div id=\"pl-w624481be63221\"  class=\"panel-layout\" ><div id=\"pg-w624481be63221-0\"  class=\"panel-grid panel-has-style\" ><div class=\"panel-row-style panel-row-style-for-w624481be63221-0\" ><div id=\"pgc-w624481be63221-0-0\"  class=\"panel-grid-cell\" ><div id=\"panel-w624481be63221-0-0-0\" class=\"so-panel widget widget_text panel-first-child panel-last-child\" data-index=\"0\" ><div id=\"stundenplan\" class=\"panel-widget-style panel-widget-style-for-w624481be63221-0-0-0\" >\t\t\t<div class=\"textwidget\"><p><a class=\"target\" name=\"kurse\"><\/a><\/p>\n<h2 class=\"section-heading-stundenplan\">Kurse<\/h2>\n<hr class=\"stundenplan\" \/>\n<\/div>\n\t\t<\/div><\/div><\/div><\/div><\/div><div id=\"pg-w624481be63221-1\"  class=\"panel-grid panel-no-style\" ><div id=\"pgc-w624481be63221-1-0\"  class=\"panel-grid-cell\" ><div id=\"panel-w624481be63221-1-0-0\" class=\"so-panel widget widget_text panel-first-child panel-last-child\" data-index=\"1\" ><div class=\"panel-widget-style panel-widget-style-for-w624481be63221-1-0-0\" >\t\t\t<div class=\"textwidget\"><h3 class=\"section-heading-stundenplan lineheight\">CHILLIGER SONNTAG<\/h3>\n<p>Der beste Start in einen entspannten Wohlf\u00fchlsonntag!<br \/>\nWir praktizieren sanftes Hatha-Yoga.<\/p>\n<\/div>\n\t\t<\/div><\/div><\/div><div id=\"pgc-w624481be63221-1-1\"  class=\"panel-grid-cell\" ><div id=\"panel-w624481be63221-1-1-0\" class=\"so-panel widget widget_text panel-first-child panel-last-child\" data-index=\"2\" ><div class=\"panel-widget-style panel-widget-style-for-w624481be63221-1-1-0\" >\t\t\t<div class=\"textwidget\"><h3 class=\"section-heading-stundenplan lineheight\">SOFT &amp; SMOOTH<\/h3>\n<p>Genie\u00dfe diese sanfte Yogapraxis und la\u00df Deinen Tag zart und achtsam ausklingen.<br \/>\nSCHWANGERE WILLKOMMEN\/ PRENATAL-FRIENDLY<\/p>\n<\/div>\n\t\t<\/div><\/div><\/div><div id=\"pgc-w624481be63221-1-2\"  class=\"panel-grid-cell\" ><div id=\"panel-w624481be63221-1-2-0\" class=\"so-panel widget widget_text panel-first-child panel-last-child\" data-index=\"3\" ><div class=\"panel-widget-style panel-widget-style-for-w624481be63221-1-2-0\" >\t\t\t<div class=\"textwidget\"><h3 class=\"section-heading-stundenplan lineheight\">Kundalini<\/h3>\n<p>Erh\u00f6he deine Lebensenergie! Der Wechsel zwischen fordernden und meditativen \u00dcbungen bringt dich an deine Grenzen und in dein Gleichgewicht. Let your Prana flow.<\/p>\n<\/div>\n\t\t<\/div><\/div><\/div><\/div><div id=\"pg-w624481be63221-2\"  class=\"panel-grid panel-no-style\" ><div id=\"pgc-w624481be63221-2-0\"  class=\"panel-grid-cell\" ><div id=\"panel-w624481be63221-2-0-0\" class=\"so-panel widget widget_text panel-first-child panel-last-child\" data-index=\"4\" ><div class=\"panel-widget-style panel-widget-style-for-w624481be63221-2-0-0\" >\t\t\t<div class=\"textwidget\"><h3 class=\"section-heading-stundenplan lineheight\">FLOW &amp; RESTORE<\/h3>\n<p>Lockernde Vinyasas und danach viel, viel Chillen. Wir nutzen Bolster, Kissen und Decken, um K\u00f6rper und Geist durch sanftes, passives Dehnen im \u201eGehalten-Sein\u201c zu entspannen und zu regenerieren.<\/p>\n<\/div>\n\t\t<\/div><\/div><\/div><div id=\"pgc-w624481be63221-2-1\"  class=\"panel-grid-cell\" ><div id=\"panel-w624481be63221-2-1-0\" class=\"so-panel widget widget_text panel-first-child panel-last-child\" data-index=\"5\" ><div class=\"panel-widget-style panel-widget-style-for-w624481be63221-2-1-0\" >\t\t\t<div class=\"textwidget\"><h3 class=\"section-heading-stundenplan lineheight\">BERGFEST<\/h3>\n<p>Vers\u00fc\u00dfe deine Wochenmitte mit dynamischen Vinyasas und gib dir einen Energiekick f\u00fcr die restliche Woche.<br \/>\nNat\u00fcrlich kosten wir auch hier die Entspannungsmomente voll aus.<\/p>\n<\/div>\n\t\t<\/div><\/div><\/div><div id=\"pgc-w624481be63221-2-2\"  class=\"panel-grid-cell\" ><div id=\"panel-w624481be63221-2-2-0\" class=\"so-panel widget widget_text panel-first-child panel-last-child\" data-index=\"6\" ><div class=\"panel-widget-style panel-widget-style-for-w624481be63221-2-2-0\" >\t\t\t<div class=\"textwidget\"><h3 class=\"section-heading-stundenplan lineheight\">YIN<\/h3>\n<p>G\u00f6nne dir diese ruhige Yoga-Praxis, in der du viel Ruhe und Raum hast, die Haltung deinem K\u00f6rper anzupassen und in diesem Prozess des Loslassens aufzuatmen und deine Faszien auf Vordermann zu bringen. Enjoy the silence.<\/p>\n<\/div>\n\t\t<\/div><\/div><\/div><\/div><div id=\"pg-w624481be63221-3\"  class=\"panel-grid panel-no-style\" ><div id=\"pgc-w624481be63221-3-0\"  class=\"panel-grid-cell\" ><div id=\"panel-w624481be63221-3-0-0\" class=\"so-panel widget widget_text panel-first-child panel-last-child\" data-index=\"7\" ><div class=\"panel-widget-style panel-widget-style-for-w624481be63221-3-0-0\" >\t\t\t<div class=\"textwidget\"><h3 class=\"section-heading-stundenplan lineheight\">Gentle Yoga<\/h3>\n<p>This class is suitable for all students, especially participants who are pregnant or have other special physical considerations. Mindful, slow flows and Hatha poses with yoga props are offered along with ideas for modification to support your yoga asana practice.<\/p>\n<\/div>\n\t\t<\/div><\/div><\/div><div id=\"pgc-w624481be63221-3-1\"  class=\"panel-grid-cell\" ><div id=\"panel-w624481be63221-3-1-0\" class=\"so-panel widget widget_text panel-first-child panel-last-child\" data-index=\"8\" ><div class=\"panel-widget-style panel-widget-style-for-w624481be63221-3-1-0\" >\t\t\t<div class=\"textwidget\"><h3 class=\"section-heading-stundenplan lineheight\">VIN TO YIN<\/h3>\n<p>This hybrid class includes a full spectrum practice including pranayama, yogic postures, and rest. Vinyasa serves to offer divine alignment and a moving meditation while exploring strength and stamina. Long holds and balance postures precede Yin and restorative asana to invite flexibility, circulation, and the creation of a peaceful mind and body.<\/p>\n<\/div>\n\t\t<\/div><\/div><\/div><div id=\"pgc-w624481be63221-3-2\"  class=\"panel-grid-cell\" ><div id=\"panel-w624481be63221-3-2-0\" class=\"so-panel widget widget_text panel-first-child panel-last-child\" data-index=\"9\" ><div class=\"panel-widget-style panel-widget-style-for-w624481be63221-3-2-0\" >\t\t\t<div class=\"textwidget\"><h3 class=\"section-heading-stundenplan lineheight\">FLOW<\/h3>\n<p>Enjoy a Vinyasa class with a focus on integrating complex asanas and the breath into your practice. Class will end with a soft surrender series to seal your practice. Be prepared to play, sweat, breathe, and unwind!<\/p>\n<\/div>\n\t\t<\/div><\/div><\/div><\/div><div id=\"pg-w624481be63221-4\"  class=\"panel-grid panel-no-style\" ><div id=\"pgc-w624481be63221-4-0\"  class=\"panel-grid-cell\" ><div id=\"panel-w624481be63221-4-0-0\" class=\"so-panel widget widget_text panel-first-child panel-last-child\" data-index=\"10\" ><div class=\"panel-widget-style panel-widget-style-for-w624481be63221-4-0-0\" >\t\t\t<div class=\"textwidget\"><p>Themenstunden und Workshops findest du unter<br \/>\n<a href=\"#aktuelles_\">&#8222;Aktuelles&#8220;<\/a>.<\/p>\n<\/div>\n\t\t<\/div><\/div><\/div><\/div><\/div><\/div><\/div><\/div><\/div><\/div><div id=\"pg-509-4\"  class=\"panel-grid panel-has-style\" ><div class=\"panel-row-style panel-row-style-for-509-4\" ><div id=\"pgc-509-4-0\"  class=\"panel-grid-cell\" ><div id=\"panel-509-4-0-0\" class=\"so-panel widget widget_siteorigin-panels-builder panel-first-child panel-last-child\" data-index=\"4\" ><div class=\"panel-widget-style panel-widget-style-for-509-4-0-0\" ><div id=\"pl-w62470727e978e\"  class=\"panel-layout\" ><div id=\"pg-w62470727e978e-0\"  class=\"panel-grid panel-has-style\" ><div class=\"panel-row-style panel-row-style-for-w62470727e978e-0\" ><div id=\"pgc-w62470727e978e-0-0\"  class=\"panel-grid-cell\" ><div id=\"panel-w62470727e978e-0-0-0\" class=\"so-panel widget widget_text panel-first-child panel-last-child\" data-index=\"0\" ><div id=\"stundenplan\" class=\"panel-widget-style panel-widget-style-for-w62470727e978e-0-0-0\" >\t\t\t<div class=\"textwidget\"><p><a class=\"target\" name=\"preise\"><\/a><!-- preise section --><\/p>\n<h2 class=\"section-heading-stundenplan\">Preise<\/h2>\n<hr class=\"stundenplan\" \/>\n<p><span class=\"textgreen\"><b>LIVE-ONLINE-STUNDE\u00a0 <span class=\"Apple-converted-space\">\u00a0 <\/span>8 \u20ac<\/b><\/span><\/p>\n<p><span class=\"textgreen\"><b>EINZELSTUNDE IN PERSONA\u00a0 <span class=\"Apple-converted-space\">\u00a0 <\/span>14 \u20ac <\/b><\/span><\/p>\n<p>&nbsp;<\/p>\n<\/div>\n\t\t<\/div><\/div><\/div><\/div><\/div><\/div><\/div><\/div><\/div><\/div><\/div><div id=\"pg-509-5\"  class=\"panel-grid panel-has-style\" ><div class=\"panel-row-style panel-row-style-for-509-5\" ><div id=\"pgc-509-5-0\"  class=\"panel-grid-cell\" ><div id=\"panel-509-5-0-0\" class=\"so-panel widget widget_siteorigin-panels-builder panel-first-child panel-last-child\" data-index=\"5\" ><div id=\"pl-w61898c3975b49\"  class=\"panel-layout\" ><div id=\"pg-w61898c3975b49-0\"  class=\"panel-grid panel-no-style\" ><div id=\"pgc-w61898c3975b49-0-0\"  class=\"panel-grid-cell\" ><div id=\"panel-w61898c3975b49-0-0-0\" class=\"so-panel widget widget_text panel-first-child panel-last-child\" data-index=\"0\" ><div class=\"panel-widget-style panel-widget-style-for-w61898c3975b49-0-0-0\" >\t\t\t<div class=\"textwidget\"><p><a class=\"target\" name=\"lehrer\"><\/a><!-- lehrer section --><\/p>\n<h2 class=\"section-heading-lehrer\">Lehrer<\/h2>\n<hr class=\"lehrer\" \/>\n<\/div>\n\t\t<\/div><\/div><\/div><\/div><div id=\"pg-w61898c3975b49-1\"  class=\"panel-grid panel-no-style\" ><div id=\"pgc-w61898c3975b49-1-0\"  class=\"panel-grid-cell\" ><div id=\"panel-w61898c3975b49-1-0-0\" class=\"so-panel widget widget_text panel-first-child panel-last-child\" data-index=\"1\" ><div class=\"panel-widget-style panel-widget-style-for-w61898c3975b49-1-0-0\" >\t\t\t<div class=\"textwidget\"><h3 class=\"section-heading-lehrer\">SYLVIA PRENZEL<\/h3>\n<p class=\"text-muted\">Yogalehrerin (BYV)seit 2006<br \/>\nEntspannungskursleiter (BYV)<br \/>\n<i>Reduce to the Max.<\/i><\/p>\n<\/div>\n\t\t<\/div><\/div><\/div><div id=\"pgc-w61898c3975b49-1-1\"  class=\"panel-grid-cell panel-grid-cell-empty\" ><\/div><div id=\"pgc-w61898c3975b49-1-2\"  class=\"panel-grid-cell\" ><div id=\"panel-w61898c3975b49-1-2-0\" class=\"so-panel widget widget_text panel-first-child panel-last-child\" data-index=\"2\" ><div class=\"panel-widget-style panel-widget-style-for-w61898c3975b49-1-2-0\" >\t\t\t<div class=\"textwidget\"><h3 class=\"section-heading-lehrer\">Laura Zeller<\/h3>\n<p class=\"text-muted\">Yogalehrerin 300h (AYA)<br \/>\nYin Yoga Lehrerin (AYA)<br \/>\nTherapeutisches Yoga<br \/>\n<i>Halte inne, atme tief durch und erkenne die wahre Sch\u00f6nheit des Lebens.<\/i><\/p>\n<\/div>\n\t\t<\/div><\/div><\/div><\/div><div id=\"pg-w61898c3975b49-2\"  class=\"panel-grid panel-no-style\" ><div id=\"pgc-w61898c3975b49-2-0\"  class=\"panel-grid-cell\" ><div id=\"panel-w61898c3975b49-2-0-0\" class=\"so-panel widget widget_text panel-first-child panel-last-child\" data-index=\"3\" ><div class=\"panel-widget-style panel-widget-style-for-w61898c3975b49-2-0-0\" >\t\t\t<div class=\"textwidget\"><h3 class=\"section-heading-lehrer\">Nicole Malyj Daone<\/h3>\n<p class=\"text-muted\">200 hrs RYT<br \/>\nTeaching yoga since 2016<br \/>\nSpecializing in Prenatal &#038; Postpartum, Hatha, Yin, Chair, and Senior Yoga<br \/>\n<i>Be brave and become what you already are.<\/i><\/p>\n<\/div>\n\t\t<\/div><\/div><\/div><div id=\"pgc-w61898c3975b49-2-1\"  class=\"panel-grid-cell\" ><div id=\"panel-w61898c3975b49-2-1-0\" class=\"so-panel widget widget_text panel-first-child panel-last-child\" data-index=\"4\" ><div class=\"panel-widget-style panel-widget-style-for-w61898c3975b49-2-1-0\" >\t\t\t<div class=\"textwidget\"><h3 class=\"section-heading-lehrer\">Clara Marie Stiefel<\/h3>\n<p class=\"text-muted\">Corepower yoga certified and teaching since 2013<br \/>\nPrenatal certified in 2015<br \/>\n<i>No snowflake ever falls in the wrong place<\/i><\/p>\n<\/div>\n\t\t<\/div><\/div><\/div><div id=\"pgc-w61898c3975b49-2-2\"  class=\"panel-grid-cell\" ><div id=\"panel-w61898c3975b49-2-2-0\" class=\"so-panel widget widget_text panel-first-child panel-last-child\" data-index=\"5\" ><div class=\"panel-widget-style panel-widget-style-for-w61898c3975b49-2-2-0\" >\t\t\t<div class=\"textwidget\"><h3 class=\"section-heading-lehrer\">Linda Voigtl\u00e4nder<\/h3>\n<p class=\"text-muted\">Yogalehrerin (BYV)seit 2006<br \/>\nBody Work<br \/>\nOutdoor-Guide<br \/>\n<i>Work honestly,\u00a0meditate everyday, meet people without fear, and\u00a0play.<\/i><\/p>\n<\/div>\n\t\t<\/div><\/div><\/div><\/div><div id=\"pg-w61898c3975b49-3\"  class=\"panel-grid panel-no-style\" ><div id=\"pgc-w61898c3975b49-3-0\"  class=\"panel-grid-cell\" ><div id=\"panel-w61898c3975b49-3-0-0\" class=\"so-panel widget widget_text panel-first-child panel-last-child\" data-index=\"6\" ><div class=\"panel-widget-style panel-widget-style-for-w61898c3975b49-3-0-0\" >\t\t\t<div class=\"textwidget\"><h3 class=\"section-heading-lehrer\">Alena Seither<\/h3>\n<p class=\"text-muted\">Yoga Lehrerin 200h RYT<br \/>\nHatha &#038; Vinyasa<br \/>\nPhysiotherapeutin<br \/>\n<i>You are your home<\/i><\/p>\n<\/div>\n\t\t<\/div><\/div><\/div><div id=\"pgc-w61898c3975b49-3-1\"  class=\"panel-grid-cell panel-grid-cell-empty\" ><\/div><div id=\"pgc-w61898c3975b49-3-2\"  class=\"panel-grid-cell\" ><div id=\"panel-w61898c3975b49-3-2-0\" class=\"so-panel widget widget_text panel-first-child panel-last-child\" data-index=\"7\" ><div class=\"panel-widget-style panel-widget-style-for-w61898c3975b49-3-2-0\" >\t\t\t<div class=\"textwidget\"><h3 class=\"section-heading-lehrer\">Annika Meier<\/h3>\n<p class=\"text-muted\">Kundalini Yoga Lehrerin (3HO)<br \/>\nReiki Meisterin<br \/>\nEntspannungscoach (SAFS &amp; BETA)<br \/>\nFitnesstrainerin B-Lizenz (BSA Akademie)<br \/>\n<i>Dein Leben ist kostbar.<\/i><\/p>\n<\/div>\n\t\t<\/div><\/div><\/div><\/div><\/div><\/div><\/div><\/div><\/div><div id=\"pg-509-6\"  class=\"panel-grid panel-has-style\" ><div class=\"panel-row-style panel-row-style-for-509-6\" ><div id=\"pgc-509-6-0\"  class=\"panel-grid-cell\" ><div id=\"panel-509-6-0-0\" class=\"so-panel widget widget_text panel-first-child panel-last-child\" data-index=\"6\" ><div id=\"Ort\" class=\"panel-widget-style panel-widget-style-for-509-6-0-0\" >\t\t\t<div class=\"textwidget\"><p><a class=\"target\" name=\"ort\"><\/a><!-- ort section --><\/p>\n<h2 class=\"section-heading-ort\">Ort &amp; Raum<\/h2>\n<hr class=\"ort\" \/>\n<div>Seit Ende Februar 2022 sind wir nicht mehr an einem festen Ort in Kaiserslautern. Bis auf weiteres gibt es sowohl sogenannte PopUp-Stunden an verschiedenen Locations in und um Kaiserslautern als auch Live-Online-Klassen \u00fcber Zoom.<\/div>\n<div>Hole Dir die aktuelle \u00dcbersicht: Schreibe an <a href=\"mailto:info@moyo-yoga.de\">info@moyo-yoga.de<\/a>.<\/div>\n<\/div>\n\t\t<\/div><\/div><\/div><\/div><\/div><div id=\"pg-509-7\"  class=\"panel-grid panel-has-style\" ><div class=\"panel-row-style panel-row-style-for-509-7\" ><div id=\"pgc-509-7-0\"  class=\"panel-grid-cell\" ><div id=\"panel-509-7-0-0\" class=\"so-panel widget widget_siteorigin-panels-builder panel-first-child panel-last-child\" data-index=\"7\" ><div id=\"pl-w5cd5813fcbe70\"  class=\"panel-layout\" ><div id=\"pg-w5cd5813fcbe70-0\"  class=\"panel-grid panel-no-style\" ><div id=\"pgc-w5cd5813fcbe70-0-0\"  class=\"panel-grid-cell\" ><div id=\"panel-w5cd5813fcbe70-0-0-0\" class=\"so-panel widget widget_text panel-first-child panel-last-child\" data-index=\"0\" ><div id=\"unternehmen\" class=\"panel-widget-style panel-widget-style-for-w5cd5813fcbe70-0-0-0\" >\t\t\t<div class=\"textwidget\"><p><a class=\"target\" name=\"business\"><\/a><!-- unternehmen section --><\/p>\n<h2 class=\"section-heading-unternehmen\">Yoga im Unternehmen<\/h2>\n<hr class=\"unternehmen\" \/>\n<\/div>\n\t\t<\/div><\/div><\/div><\/div><div id=\"pg-w5cd5813fcbe70-1\"  class=\"panel-grid panel-no-style\" ><div id=\"pgc-w5cd5813fcbe70-1-0\"  class=\"panel-grid-cell\" ><div id=\"panel-w5cd5813fcbe70-1-0-0\" class=\"so-panel widget widget_text panel-first-child panel-last-child\" data-index=\"1\" ><div class=\"panel-widget-style panel-widget-style-for-w5cd5813fcbe70-1-0-0\" >\t\t\t<div class=\"textwidget\"><h3 class=\"section-heading-unternehmen\">AUFATMEN<br \/>\nF\u00fcr Sie und Ihre Mitarbeiter<\/h3>\n<p>Yoga ist eine ganzheitliche \u00dcbungsmethode, die Energien freisetzt und einen Ausgleich zur meist einseitigen k\u00f6rperlichen Belastung im Berufsalltag schafft:<\/p>\n<p>Stressreduktion<br \/>\nSt\u00e4rkung des Immunsystems<br \/>\nPr\u00e4vention von Burn-Out-Syndrom und R\u00fcckenbeschwerden<br \/>\nVerbesserung der Beweglichkeit<\/p>\n<\/div>\n\t\t<\/div><\/div><\/div><div id=\"pgc-w5cd5813fcbe70-1-1\"  class=\"panel-grid-cell\" ><div id=\"panel-w5cd5813fcbe70-1-1-0\" class=\"so-panel widget widget_text panel-first-child panel-last-child\" data-index=\"2\" ><div class=\"panel-widget-style panel-widget-style-for-w5cd5813fcbe70-1-1-0\" >\t\t\t<div class=\"textwidget\"><h3 class=\"section-heading-unternehmen\">DURCHATMEN<br \/>\nKlarheit im Denken und Handeln<\/h3>\n<p>Kraft, Konzentrationsf\u00e4higkeit und Kreativit\u00e4t wachsen, so dass die Herausforderungen des privaten und beruflichen Alltags mit gr\u00f6\u00dferer Flexibilit\u00e4t gemeistert werden.<\/p>\n<h3 class=\"section-heading-unternehmen\">LERNEN<br \/>\nSinnvoll Pausen zu machen<\/h3>\n<p>Yoga in der Mittagspause oder am Nachmittag in Ihrem firmeneigenen Raum ist eine Investition in die Gesundheit und das Wohlbefinden Ihrer Mitarbeiter.<\/p>\n<\/div>\n\t\t<\/div><\/div><\/div><\/div><div id=\"pg-w5cd5813fcbe70-2\"  class=\"panel-grid panel-no-style\" ><div id=\"pgc-w5cd5813fcbe70-2-0\"  class=\"panel-grid-cell\" ><div id=\"panel-w5cd5813fcbe70-2-0-0\" class=\"so-panel widget widget_text panel-first-child panel-last-child\" data-index=\"3\" ><div class=\"panel-widget-style panel-widget-style-for-w5cd5813fcbe70-2-0-0\" >\t\t\t<div class=\"textwidget\"><p>MOYO Yoga greift auf eine langj\u00e4hrige und\u00a0diversifizierte Ausbildung und Unterrichtserfahrung zur\u00fcck. Probestunde, Informationen und Referenzen, Kontakt:\u00a0<a href=\"mailto:info@moyo-yoga.de\">info@moyo-yoga.de <\/a>, 0152-01493824<\/p>\n<\/div>\n\t\t<\/div><\/div><\/div><\/div><\/div><\/div><\/div><\/div><\/div><div id=\"pg-509-8\"  class=\"panel-grid panel-has-style\" ><div class=\"panel-row-style panel-row-style-for-509-8\" ><div id=\"pgc-509-8-0\"  class=\"panel-grid-cell\" ><div id=\"panel-509-8-0-0\" class=\"so-panel widget widget_text panel-first-child panel-last-child\" data-index=\"8\" ><div class=\"panel-widget-style panel-widget-style-for-509-8-0-0\" >\t\t\t<div class=\"textwidget\"><p><a class=\"target\" name=\"therapeutisch\"><\/a><!-- therapeutisch section --><\/p>\n<h2 class=\"section-heading-therapie\">Therapeutisches Yoga<\/h2>\n<hr class=\"therapie\" \/>\n<p class=\"text-faded\">Im therapeutischen Yoga gehen wir ganz pers\u00f6nlich und individuell auf deine Bed\u00fcrfnisse ein.<\/p>\n<p>Wir entwickeln zusammen einen f\u00fcr dich perfekten Yogaplan mit Tagesablauf, Routine und Ern\u00e4hrungstips, der zu dir passt und deinen pers\u00f6nlichen Bed\u00fcrfnissen gerecht wird. Egal ob dich etwas seelisch oder k\u00f6rperlich belastet, wir finden einen Weg, der dir hilft, besser damit umzugehen.<br \/>\nWir haben die Zeit, genauer in dich reinzusp\u00fcren. Achtsamkeit, Meditation und Yoga spielen dabei eine wichtige Rolle.<\/p>\n<p>Das therapeutische Yoga beinhaltet mindestens f\u00fcnf Einzelsitzungen, um ein positives Ergebnis zu bekommen.<\/p>\n<p>Preis und Termine richten sich individuell nach deiner Lebenssituation und werden beim Vorgespr\u00e4ch vereinbart.<\/p>\n<p>Neugierig? Noch Fragen?<\/p>\n<p><a href=\"mailto:info@moyo-yoga.de\"> Dann schreib uns einfach <\/a> &#8211; wir freuen uns auf dich!<\/p>\n<\/div>\n\t\t<\/div><\/div><\/div><\/div><\/div><div id=\"pg-509-9\"  class=\"panel-grid panel-has-style\" ><div class=\"panel-row-style panel-row-style-for-509-9\" ><div id=\"pgc-509-9-0\"  class=\"panel-grid-cell\" ><div id=\"panel-509-9-0-0\" class=\"so-panel widget widget_text panel-first-child panel-last-child\" data-index=\"9\" ><div class=\"panel-widget-style panel-widget-style-for-509-9-0-0\" >\t\t\t<div class=\"textwidget\">\n<div class=\"vp-portfolio vp-uid-6c710f1c vp-id-2637 \"\n\tdata-vp-layout=\"masonry\" data-vp-content-source=\"images\" data-vp-items-style=\"fade\" data-vp-items-click-action=\"popup_gallery\" data-vp-items-gap=\"15\" data-vp-items-gap-vertical=\"\" data-vp-pagination=\"load-more\" data-vp-next-page-url=\"\" data-vp-masonry-columns=\"4\" >\n\t<div class=\"vp-portfolio__preloader-wrap\">\n\t\t<div class=\"vp-portfolio__preloader\">\n\t\t\t<img loading=\"eager\" src=\"https:\/\/zieglerh.de\/one\/wp-content\/plugins\/visual-portfolio\/assets\/images\/logo-dark.svg\" alt=\"Visual Portfolio, Posts &amp; Image Gallery for WordPress\" width=\"20\" height=\"20\" data-skip-lazy>\n\t\t<\/div>\n\t<\/div>\n\t\t<div class=\"vp-portfolio__items-wrap\">\n\t\t\t\n<div class=\"vp-portfolio__items vp-portfolio__items-style-fade vp-portfolio__items-show-overlay-hover\">\n\n\t\t<div\t\tclass=\"vp-portfolio__item-wrap vp-portfolio__item-uid-9001135e\" data-vp-filter=\"\" \t\t>\n\t\t\t<template class=\"vp-portfolio__item-popup\" data-vp-popup-img=\"https:\/\/zieglerh.de\/one\/wp-content\/uploads\/sofa.jpg\" data-vp-popup-img-srcset=\"https:\/\/zieglerh.de\/one\/wp-content\/uploads\/sofa.jpg 1920w, https:\/\/zieglerh.de\/one\/wp-content\/uploads\/sofa-300x169.jpg 300w, https:\/\/zieglerh.de\/one\/wp-content\/uploads\/sofa-1024x576.jpg 1024w, https:\/\/zieglerh.de\/one\/wp-content\/uploads\/sofa-768x432.jpg 768w, https:\/\/zieglerh.de\/one\/wp-content\/uploads\/sofa-1536x864.jpg 1536w, https:\/\/zieglerh.de\/one\/wp-content\/uploads\/sofa-500x281.jpg 500w, https:\/\/zieglerh.de\/one\/wp-content\/uploads\/sofa-800x450.jpg 800w, https:\/\/zieglerh.de\/one\/wp-content\/uploads\/sofa-1280x720.jpg 1280w\" data-vp-popup-img-size=\"1920x1080\" data-vp-popup-md-img=\"https:\/\/zieglerh.de\/one\/wp-content\/uploads\/sofa-800x450.jpg\" data-vp-popup-md-img-size=\"800x450\" data-vp-popup-sm-img=\"https:\/\/zieglerh.de\/one\/wp-content\/uploads\/sofa-500x281.jpg\" data-vp-popup-sm-img-size=\"500x281\">\n\t<\/template>\n\t\t\t\t\t\t<figure class=\"vp-portfolio__item\">\n\t\t\t\t\n<div class=\"vp-portfolio__item-img-wrap\">\n\t<div class=\"vp-portfolio__item-img\">\n\t\t\t<a\n\t\thref=\"https:\/\/zieglerh.de\/one\/wp-content\/uploads\/sofa.jpg\"\n\t\taria-label=\"sofa\" \t>\n\t\n\t\t<noscript><img width=\"1280\" height=\"720\" data-skip-lazy src=\"https:\/\/zieglerh.de\/one\/wp-content\/uploads\/sofa-1280x720.jpg\" class=\"wp-image-2638\" alt=\"\" loading=\"lazy\" srcset=\"https:\/\/zieglerh.de\/one\/wp-content\/uploads\/sofa-1280x720.jpg 1280w, https:\/\/zieglerh.de\/one\/wp-content\/uploads\/sofa-300x169.jpg 300w, https:\/\/zieglerh.de\/one\/wp-content\/uploads\/sofa-1024x576.jpg 1024w, https:\/\/zieglerh.de\/one\/wp-content\/uploads\/sofa-768x432.jpg 768w, https:\/\/zieglerh.de\/one\/wp-content\/uploads\/sofa-1536x864.jpg 1536w, https:\/\/zieglerh.de\/one\/wp-content\/uploads\/sofa-500x281.jpg 500w, https:\/\/zieglerh.de\/one\/wp-content\/uploads\/sofa-800x450.jpg 800w, https:\/\/zieglerh.de\/one\/wp-content\/uploads\/sofa.jpg 1920w\" sizes=\"(max-width: 1280px) 100vw, 1280px\" \/><\/noscript><img width=\"1280\" height=\"720\" src=\"https:\/\/zieglerh.de\/one\/wp-content\/uploads\/sofa-1280x720.jpg\" class=\"wp-image-2638 vp-lazyload\" alt loading=\"eager\" srcset=\"data:image\/svg+xml;base64,PHN2ZyB3aWR0aD0iMTI4MCIgaGVpZ2h0PSI3MjAiIHZpZXdCb3g9IjAgMCAxMjgwIDcyMCIgZmlsbD0ibm9uZSIgeG1sbnM9Imh0dHA6Ly93d3cudzMub3JnLzIwMDAvc3ZnIj48L3N2Zz4=\" data-src=\"https:\/\/zieglerh.de\/one\/wp-content\/uploads\/sofa-1280x720.jpg\" data-srcset=\"https:\/\/zieglerh.de\/one\/wp-content\/uploads\/sofa-1280x720.jpg 1280w, https:\/\/zieglerh.de\/one\/wp-content\/uploads\/sofa-300x169.jpg 300w, https:\/\/zieglerh.de\/one\/wp-content\/uploads\/sofa-1024x576.jpg 1024w, https:\/\/zieglerh.de\/one\/wp-content\/uploads\/sofa-768x432.jpg 768w, https:\/\/zieglerh.de\/one\/wp-content\/uploads\/sofa-1536x864.jpg 1536w, https:\/\/zieglerh.de\/one\/wp-content\/uploads\/sofa-500x281.jpg 500w, https:\/\/zieglerh.de\/one\/wp-content\/uploads\/sofa-800x450.jpg 800w, https:\/\/zieglerh.de\/one\/wp-content\/uploads\/sofa.jpg 1920w\" data-sizes=\"auto\">\n\t\t<\/a>\t<\/div>\n<\/div>\n\t<figcaption class=\"vp-portfolio__item-overlay vp-portfolio__item-overlay-text-align-center\">\n\t\t<div class=\"vp-portfolio__item-meta-wrap vp-portfolio__custom-scrollbar\">\n\t\t\t\t<a\n\t\thref=\"https:\/\/zieglerh.de\/one\/wp-content\/uploads\/sofa.jpg\"\n\t\ttabindex=\"-1\" class=\"vp-portfolio__item-meta\" aria-label=\"sofa\" \t>\n\t\n<div class=\"vp-portfolio__item-meta-icon\">\n\t\n<svg class=\"vp-svg-icon\" width=\"20\" height=\"20\" viewBox=\"0 0 20 20\" fill=\"none\" xmlns=\"http:\/\/www.w3.org\/2000\/svg\">\n\t<path d=\"M9 17C13.4183 17 17 13.4183 17 9C17 4.58172 13.4183 1 9 1C4.58172 1 1 4.58172 1 9C1 13.4183 4.58172 17 9 17Z\" stroke=\"currentColor\" stroke-width=\"1.5\" stroke-linecap=\"round\" stroke-linejoin=\"round\" fill=\"transparent\" \/>\n\t<path d=\"M19 19L14.65 14.65\" stroke=\"currentColor\" stroke-width=\"1.5\" stroke-linecap=\"round\" stroke-linejoin=\"round\" fill=\"transparent\" \/>\n<\/svg>\n<\/div>\n<\/a>\t\t<\/div>\n\t<\/figcaption>\n\t\t\t<\/figure>\n\t\t\t\t\t<\/div>\n\t\t\n\t\t<div\t\tclass=\"vp-portfolio__item-wrap vp-portfolio__item-uid-da660a78\" data-vp-filter=\"\" \t\t>\n\t\t\t<template class=\"vp-portfolio__item-popup\" data-vp-popup-img=\"https:\/\/zieglerh.de\/one\/wp-content\/uploads\/gallery_07.jpg\" data-vp-popup-img-srcset=\"https:\/\/zieglerh.de\/one\/wp-content\/uploads\/gallery_07.jpg 1920w, https:\/\/zieglerh.de\/one\/wp-content\/uploads\/gallery_07-300x169.jpg 300w, https:\/\/zieglerh.de\/one\/wp-content\/uploads\/gallery_07-1024x575.jpg 1024w, https:\/\/zieglerh.de\/one\/wp-content\/uploads\/gallery_07-768x432.jpg 768w, https:\/\/zieglerh.de\/one\/wp-content\/uploads\/gallery_07-1536x863.jpg 1536w, https:\/\/zieglerh.de\/one\/wp-content\/uploads\/gallery_07-500x281.jpg 500w, https:\/\/zieglerh.de\/one\/wp-content\/uploads\/gallery_07-800x450.jpg 800w, https:\/\/zieglerh.de\/one\/wp-content\/uploads\/gallery_07-1280x719.jpg 1280w\" data-vp-popup-img-size=\"1920x1079\" data-vp-popup-md-img=\"https:\/\/zieglerh.de\/one\/wp-content\/uploads\/gallery_07-800x450.jpg\" data-vp-popup-md-img-size=\"800x450\" data-vp-popup-sm-img=\"https:\/\/zieglerh.de\/one\/wp-content\/uploads\/gallery_07-500x281.jpg\" data-vp-popup-sm-img-size=\"500x281\">\n\t<\/template>\n\t\t\t\t\t\t<figure class=\"vp-portfolio__item\">\n\t\t\t\t\n<div class=\"vp-portfolio__item-img-wrap\">\n\t<div class=\"vp-portfolio__item-img\">\n\t\t\t<a\n\t\thref=\"https:\/\/zieglerh.de\/one\/wp-content\/uploads\/gallery_07.jpg\"\n\t\taria-label=\"gallery_07\" \t>\n\t\n\t\t<noscript><img width=\"1280\" height=\"719\" data-skip-lazy src=\"https:\/\/zieglerh.de\/one\/wp-content\/uploads\/gallery_07-1280x719.jpg\" class=\"wp-image-2639\" alt=\"\" loading=\"lazy\" srcset=\"https:\/\/zieglerh.de\/one\/wp-content\/uploads\/gallery_07-1280x719.jpg 1280w, https:\/\/zieglerh.de\/one\/wp-content\/uploads\/gallery_07-300x169.jpg 300w, https:\/\/zieglerh.de\/one\/wp-content\/uploads\/gallery_07-1024x575.jpg 1024w, https:\/\/zieglerh.de\/one\/wp-content\/uploads\/gallery_07-768x432.jpg 768w, https:\/\/zieglerh.de\/one\/wp-content\/uploads\/gallery_07-1536x863.jpg 1536w, https:\/\/zieglerh.de\/one\/wp-content\/uploads\/gallery_07-500x281.jpg 500w, https:\/\/zieglerh.de\/one\/wp-content\/uploads\/gallery_07-800x450.jpg 800w, https:\/\/zieglerh.de\/one\/wp-content\/uploads\/gallery_07.jpg 1920w\" sizes=\"(max-width: 1280px) 100vw, 1280px\" \/><\/noscript><img width=\"1280\" height=\"719\" src=\"https:\/\/zieglerh.de\/one\/wp-content\/uploads\/gallery_07-1280x719.jpg\" class=\"wp-image-2639 vp-lazyload\" alt loading=\"eager\" srcset=\"data:image\/svg+xml;base64,PHN2ZyB3aWR0aD0iMTI4MCIgaGVpZ2h0PSI3MTkiIHZpZXdCb3g9IjAgMCAxMjgwIDcxOSIgZmlsbD0ibm9uZSIgeG1sbnM9Imh0dHA6Ly93d3cudzMub3JnLzIwMDAvc3ZnIj48L3N2Zz4=\" data-src=\"https:\/\/zieglerh.de\/one\/wp-content\/uploads\/gallery_07-1280x719.jpg\" data-srcset=\"https:\/\/zieglerh.de\/one\/wp-content\/uploads\/gallery_07-1280x719.jpg 1280w, https:\/\/zieglerh.de\/one\/wp-content\/uploads\/gallery_07-300x169.jpg 300w, https:\/\/zieglerh.de\/one\/wp-content\/uploads\/gallery_07-1024x575.jpg 1024w, https:\/\/zieglerh.de\/one\/wp-content\/uploads\/gallery_07-768x432.jpg 768w, https:\/\/zieglerh.de\/one\/wp-content\/uploads\/gallery_07-1536x863.jpg 1536w, https:\/\/zieglerh.de\/one\/wp-content\/uploads\/gallery_07-500x281.jpg 500w, https:\/\/zieglerh.de\/one\/wp-content\/uploads\/gallery_07-800x450.jpg 800w, https:\/\/zieglerh.de\/one\/wp-content\/uploads\/gallery_07.jpg 1920w\" data-sizes=\"auto\">\n\t\t<\/a>\t<\/div>\n<\/div>\n\t<figcaption class=\"vp-portfolio__item-overlay vp-portfolio__item-overlay-text-align-center\">\n\t\t<div class=\"vp-portfolio__item-meta-wrap vp-portfolio__custom-scrollbar\">\n\t\t\t\t<a\n\t\thref=\"https:\/\/zieglerh.de\/one\/wp-content\/uploads\/gallery_07.jpg\"\n\t\ttabindex=\"-1\" class=\"vp-portfolio__item-meta\" aria-label=\"gallery_07\" \t>\n\t\n<div class=\"vp-portfolio__item-meta-icon\">\n\t\n<svg class=\"vp-svg-icon\" width=\"20\" height=\"20\" viewBox=\"0 0 20 20\" fill=\"none\" xmlns=\"http:\/\/www.w3.org\/2000\/svg\">\n\t<path d=\"M9 17C13.4183 17 17 13.4183 17 9C17 4.58172 13.4183 1 9 1C4.58172 1 1 4.58172 1 9C1 13.4183 4.58172 17 9 17Z\" stroke=\"currentColor\" stroke-width=\"1.5\" stroke-linecap=\"round\" stroke-linejoin=\"round\" fill=\"transparent\" \/>\n\t<path d=\"M19 19L14.65 14.65\" stroke=\"currentColor\" stroke-width=\"1.5\" stroke-linecap=\"round\" stroke-linejoin=\"round\" fill=\"transparent\" \/>\n<\/svg>\n<\/div>\n<\/a>\t\t<\/div>\n\t<\/figcaption>\n\t\t\t<\/figure>\n\t\t\t\t\t<\/div>\n\t\t\n\t\t<div\t\tclass=\"vp-portfolio__item-wrap vp-portfolio__item-uid-ab5b5ecb\" data-vp-filter=\"\" \t\t>\n\t\t\t<template class=\"vp-portfolio__item-popup\" data-vp-popup-img=\"https:\/\/zieglerh.de\/one\/wp-content\/uploads\/unternehmen.jpg\" data-vp-popup-img-srcset=\"https:\/\/zieglerh.de\/one\/wp-content\/uploads\/unternehmen.jpg 1920w, https:\/\/zieglerh.de\/one\/wp-content\/uploads\/unternehmen-300x169.jpg 300w, https:\/\/zieglerh.de\/one\/wp-content\/uploads\/unternehmen-1024x576.jpg 1024w, https:\/\/zieglerh.de\/one\/wp-content\/uploads\/unternehmen-768x432.jpg 768w, https:\/\/zieglerh.de\/one\/wp-content\/uploads\/unternehmen-1536x864.jpg 1536w, https:\/\/zieglerh.de\/one\/wp-content\/uploads\/unternehmen-500x281.jpg 500w, https:\/\/zieglerh.de\/one\/wp-content\/uploads\/unternehmen-800x450.jpg 800w, https:\/\/zieglerh.de\/one\/wp-content\/uploads\/unternehmen-1280x720.jpg 1280w\" data-vp-popup-img-size=\"1920x1080\" data-vp-popup-md-img=\"https:\/\/zieglerh.de\/one\/wp-content\/uploads\/unternehmen-800x450.jpg\" data-vp-popup-md-img-size=\"800x450\" data-vp-popup-sm-img=\"https:\/\/zieglerh.de\/one\/wp-content\/uploads\/unternehmen-500x281.jpg\" data-vp-popup-sm-img-size=\"500x281\">\n\t<\/template>\n\t\t\t\t\t\t<figure class=\"vp-portfolio__item\">\n\t\t\t\t\n<div class=\"vp-portfolio__item-img-wrap\">\n\t<div class=\"vp-portfolio__item-img\">\n\t\t\t<a\n\t\thref=\"https:\/\/zieglerh.de\/one\/wp-content\/uploads\/unternehmen.jpg\"\n\t\taria-label=\"unternehmen\" \t>\n\t\n\t\t<noscript><img width=\"1280\" height=\"720\" data-skip-lazy src=\"https:\/\/zieglerh.de\/one\/wp-content\/uploads\/unternehmen-1280x720.jpg\" class=\"wp-image-2640\" alt=\"\" loading=\"lazy\" srcset=\"https:\/\/zieglerh.de\/one\/wp-content\/uploads\/unternehmen-1280x720.jpg 1280w, https:\/\/zieglerh.de\/one\/wp-content\/uploads\/unternehmen-300x169.jpg 300w, https:\/\/zieglerh.de\/one\/wp-content\/uploads\/unternehmen-1024x576.jpg 1024w, https:\/\/zieglerh.de\/one\/wp-content\/uploads\/unternehmen-768x432.jpg 768w, https:\/\/zieglerh.de\/one\/wp-content\/uploads\/unternehmen-1536x864.jpg 1536w, https:\/\/zieglerh.de\/one\/wp-content\/uploads\/unternehmen-500x281.jpg 500w, https:\/\/zieglerh.de\/one\/wp-content\/uploads\/unternehmen-800x450.jpg 800w, https:\/\/zieglerh.de\/one\/wp-content\/uploads\/unternehmen.jpg 1920w\" sizes=\"(max-width: 1280px) 100vw, 1280px\" \/><\/noscript><img width=\"1280\" height=\"720\" src=\"https:\/\/zieglerh.de\/one\/wp-content\/uploads\/unternehmen-1280x720.jpg\" class=\"wp-image-2640 vp-lazyload\" alt loading=\"eager\" srcset=\"data:image\/svg+xml;base64,PHN2ZyB3aWR0aD0iMTI4MCIgaGVpZ2h0PSI3MjAiIHZpZXdCb3g9IjAgMCAxMjgwIDcyMCIgZmlsbD0ibm9uZSIgeG1sbnM9Imh0dHA6Ly93d3cudzMub3JnLzIwMDAvc3ZnIj48L3N2Zz4=\" data-src=\"https:\/\/zieglerh.de\/one\/wp-content\/uploads\/unternehmen-1280x720.jpg\" data-srcset=\"https:\/\/zieglerh.de\/one\/wp-content\/uploads\/unternehmen-1280x720.jpg 1280w, https:\/\/zieglerh.de\/one\/wp-content\/uploads\/unternehmen-300x169.jpg 300w, https:\/\/zieglerh.de\/one\/wp-content\/uploads\/unternehmen-1024x576.jpg 1024w, https:\/\/zieglerh.de\/one\/wp-content\/uploads\/unternehmen-768x432.jpg 768w, https:\/\/zieglerh.de\/one\/wp-content\/uploads\/unternehmen-1536x864.jpg 1536w, https:\/\/zieglerh.de\/one\/wp-content\/uploads\/unternehmen-500x281.jpg 500w, https:\/\/zieglerh.de\/one\/wp-content\/uploads\/unternehmen-800x450.jpg 800w, https:\/\/zieglerh.de\/one\/wp-content\/uploads\/unternehmen.jpg 1920w\" data-sizes=\"auto\">\n\t\t<\/a>\t<\/div>\n<\/div>\n\t<figcaption class=\"vp-portfolio__item-overlay vp-portfolio__item-overlay-text-align-center\">\n\t\t<div class=\"vp-portfolio__item-meta-wrap vp-portfolio__custom-scrollbar\">\n\t\t\t\t<a\n\t\thref=\"https:\/\/zieglerh.de\/one\/wp-content\/uploads\/unternehmen.jpg\"\n\t\ttabindex=\"-1\" class=\"vp-portfolio__item-meta\" aria-label=\"unternehmen\" \t>\n\t\n<div class=\"vp-portfolio__item-meta-icon\">\n\t\n<svg class=\"vp-svg-icon\" width=\"20\" height=\"20\" viewBox=\"0 0 20 20\" fill=\"none\" xmlns=\"http:\/\/www.w3.org\/2000\/svg\">\n\t<path d=\"M9 17C13.4183 17 17 13.4183 17 9C17 4.58172 13.4183 1 9 1C4.58172 1 1 4.58172 1 9C1 13.4183 4.58172 17 9 17Z\" stroke=\"currentColor\" stroke-width=\"1.5\" stroke-linecap=\"round\" stroke-linejoin=\"round\" fill=\"transparent\" \/>\n\t<path d=\"M19 19L14.65 14.65\" stroke=\"currentColor\" stroke-width=\"1.5\" stroke-linecap=\"round\" stroke-linejoin=\"round\" fill=\"transparent\" \/>\n<\/svg>\n<\/div>\n<\/a>\t\t<\/div>\n\t<\/figcaption>\n\t\t\t<\/figure>\n\t\t\t\t\t<\/div>\n\t\t\n\t\t<div\t\tclass=\"vp-portfolio__item-wrap vp-portfolio__item-uid-e13c47ed\" data-vp-filter=\"\" \t\t>\n\t\t\t<template class=\"vp-portfolio__item-popup\" data-vp-popup-img=\"https:\/\/zieglerh.de\/one\/wp-content\/uploads\/bg_index.jpg\" data-vp-popup-img-srcset=\"https:\/\/zieglerh.de\/one\/wp-content\/uploads\/bg_index.jpg 1920w, https:\/\/zieglerh.de\/one\/wp-content\/uploads\/bg_index-300x169.jpg 300w, https:\/\/zieglerh.de\/one\/wp-content\/uploads\/bg_index-1024x576.jpg 1024w, https:\/\/zieglerh.de\/one\/wp-content\/uploads\/bg_index-768x432.jpg 768w, https:\/\/zieglerh.de\/one\/wp-content\/uploads\/bg_index-1536x864.jpg 1536w, https:\/\/zieglerh.de\/one\/wp-content\/uploads\/bg_index-500x281.jpg 500w, https:\/\/zieglerh.de\/one\/wp-content\/uploads\/bg_index-800x450.jpg 800w, https:\/\/zieglerh.de\/one\/wp-content\/uploads\/bg_index-1280x720.jpg 1280w\" data-vp-popup-img-size=\"1920x1080\" data-vp-popup-md-img=\"https:\/\/zieglerh.de\/one\/wp-content\/uploads\/bg_index-800x450.jpg\" data-vp-popup-md-img-size=\"800x450\" data-vp-popup-sm-img=\"https:\/\/zieglerh.de\/one\/wp-content\/uploads\/bg_index-500x281.jpg\" data-vp-popup-sm-img-size=\"500x281\">\n\t<\/template>\n\t\t\t\t\t\t<figure class=\"vp-portfolio__item\">\n\t\t\t\t\n<div class=\"vp-portfolio__item-img-wrap\">\n\t<div class=\"vp-portfolio__item-img\">\n\t\t\t<a\n\t\thref=\"https:\/\/zieglerh.de\/one\/wp-content\/uploads\/bg_index.jpg\"\n\t\taria-label=\"bg_index\" \t>\n\t\n\t\t<noscript><img width=\"1280\" height=\"720\" data-skip-lazy src=\"https:\/\/zieglerh.de\/one\/wp-content\/uploads\/bg_index-1280x720.jpg\" class=\"wp-image-2641\" alt=\"\" loading=\"lazy\" srcset=\"https:\/\/zieglerh.de\/one\/wp-content\/uploads\/bg_index-1280x720.jpg 1280w, https:\/\/zieglerh.de\/one\/wp-content\/uploads\/bg_index-300x169.jpg 300w, https:\/\/zieglerh.de\/one\/wp-content\/uploads\/bg_index-1024x576.jpg 1024w, https:\/\/zieglerh.de\/one\/wp-content\/uploads\/bg_index-768x432.jpg 768w, https:\/\/zieglerh.de\/one\/wp-content\/uploads\/bg_index-1536x864.jpg 1536w, https:\/\/zieglerh.de\/one\/wp-content\/uploads\/bg_index-500x281.jpg 500w, https:\/\/zieglerh.de\/one\/wp-content\/uploads\/bg_index-800x450.jpg 800w, https:\/\/zieglerh.de\/one\/wp-content\/uploads\/bg_index.jpg 1920w\" sizes=\"(max-width: 1280px) 100vw, 1280px\" \/><\/noscript><img width=\"1280\" height=\"720\" src=\"https:\/\/zieglerh.de\/one\/wp-content\/uploads\/bg_index-1280x720.jpg\" class=\"wp-image-2641 vp-lazyload\" alt loading=\"eager\" srcset=\"data:image\/svg+xml;base64,PHN2ZyB3aWR0aD0iMTI4MCIgaGVpZ2h0PSI3MjAiIHZpZXdCb3g9IjAgMCAxMjgwIDcyMCIgZmlsbD0ibm9uZSIgeG1sbnM9Imh0dHA6Ly93d3cudzMub3JnLzIwMDAvc3ZnIj48L3N2Zz4=\" data-src=\"https:\/\/zieglerh.de\/one\/wp-content\/uploads\/bg_index-1280x720.jpg\" data-srcset=\"https:\/\/zieglerh.de\/one\/wp-content\/uploads\/bg_index-1280x720.jpg 1280w, https:\/\/zieglerh.de\/one\/wp-content\/uploads\/bg_index-300x169.jpg 300w, https:\/\/zieglerh.de\/one\/wp-content\/uploads\/bg_index-1024x576.jpg 1024w, https:\/\/zieglerh.de\/one\/wp-content\/uploads\/bg_index-768x432.jpg 768w, https:\/\/zieglerh.de\/one\/wp-content\/uploads\/bg_index-1536x864.jpg 1536w, https:\/\/zieglerh.de\/one\/wp-content\/uploads\/bg_index-500x281.jpg 500w, https:\/\/zieglerh.de\/one\/wp-content\/uploads\/bg_index-800x450.jpg 800w, https:\/\/zieglerh.de\/one\/wp-content\/uploads\/bg_index.jpg 1920w\" data-sizes=\"auto\">\n\t\t<\/a>\t<\/div>\n<\/div>\n\t<figcaption class=\"vp-portfolio__item-overlay vp-portfolio__item-overlay-text-align-center\">\n\t\t<div class=\"vp-portfolio__item-meta-wrap vp-portfolio__custom-scrollbar\">\n\t\t\t\t<a\n\t\thref=\"https:\/\/zieglerh.de\/one\/wp-content\/uploads\/bg_index.jpg\"\n\t\ttabindex=\"-1\" class=\"vp-portfolio__item-meta\" aria-label=\"bg_index\" \t>\n\t\n<div class=\"vp-portfolio__item-meta-icon\">\n\t\n<svg class=\"vp-svg-icon\" width=\"20\" height=\"20\" viewBox=\"0 0 20 20\" fill=\"none\" xmlns=\"http:\/\/www.w3.org\/2000\/svg\">\n\t<path d=\"M9 17C13.4183 17 17 13.4183 17 9C17 4.58172 13.4183 1 9 1C4.58172 1 1 4.58172 1 9C1 13.4183 4.58172 17 9 17Z\" stroke=\"currentColor\" stroke-width=\"1.5\" stroke-linecap=\"round\" stroke-linejoin=\"round\" fill=\"transparent\" \/>\n\t<path d=\"M19 19L14.65 14.65\" stroke=\"currentColor\" stroke-width=\"1.5\" stroke-linecap=\"round\" stroke-linejoin=\"round\" fill=\"transparent\" \/>\n<\/svg>\n<\/div>\n<\/a>\t\t<\/div>\n\t<\/figcaption>\n\t\t\t<\/figure>\n\t\t\t\t\t<\/div>\n\t\t\n\t\t<div\t\tclass=\"vp-portfolio__item-wrap vp-portfolio__item-uid-ca15ca47\" data-vp-filter=\"\" \t\t>\n\t\t\t<template class=\"vp-portfolio__item-popup\" data-vp-popup-img=\"https:\/\/zieglerh.de\/one\/wp-content\/uploads\/IMG_0322_3-1.jpg\" data-vp-popup-img-srcset=\"https:\/\/zieglerh.de\/one\/wp-content\/uploads\/IMG_0322_3-1.jpg 792w, https:\/\/zieglerh.de\/one\/wp-content\/uploads\/IMG_0322_3-1-260x300.jpg 260w, https:\/\/zieglerh.de\/one\/wp-content\/uploads\/IMG_0322_3-1-768x886.jpg 768w, https:\/\/zieglerh.de\/one\/wp-content\/uploads\/IMG_0322_3-1-500x577.jpg 500w\" data-vp-popup-img-size=\"792x914\" data-vp-popup-md-img=\"https:\/\/zieglerh.de\/one\/wp-content\/uploads\/IMG_0322_3-1.jpg\" data-vp-popup-md-img-size=\"792x914\" data-vp-popup-sm-img=\"https:\/\/zieglerh.de\/one\/wp-content\/uploads\/IMG_0322_3-1-500x577.jpg\" data-vp-popup-sm-img-size=\"500x577\">\n\t<\/template>\n\t\t\t\t\t\t<figure class=\"vp-portfolio__item\">\n\t\t\t\t\n<div class=\"vp-portfolio__item-img-wrap\">\n\t<div class=\"vp-portfolio__item-img\">\n\t\t\t<a\n\t\thref=\"https:\/\/zieglerh.de\/one\/wp-content\/uploads\/IMG_0322_3-1.jpg\"\n\t\taria-label=\"IMG_0322_3\" \t>\n\t\n\t\t<noscript><img width=\"792\" height=\"914\" data-skip-lazy src=\"https:\/\/zieglerh.de\/one\/wp-content\/uploads\/IMG_0322_3-1.jpg\" class=\"wp-image-2642\" alt=\"\" loading=\"lazy\" srcset=\"https:\/\/zieglerh.de\/one\/wp-content\/uploads\/IMG_0322_3-1.jpg 792w, https:\/\/zieglerh.de\/one\/wp-content\/uploads\/IMG_0322_3-1-260x300.jpg 260w, https:\/\/zieglerh.de\/one\/wp-content\/uploads\/IMG_0322_3-1-768x886.jpg 768w, https:\/\/zieglerh.de\/one\/wp-content\/uploads\/IMG_0322_3-1-500x577.jpg 500w\" sizes=\"(max-width: 792px) 100vw, 792px\" \/><\/noscript><img width=\"792\" height=\"914\" src=\"https:\/\/zieglerh.de\/one\/wp-content\/uploads\/IMG_0322_3-1.jpg\" class=\"wp-image-2642 vp-lazyload\" alt loading=\"eager\" srcset=\"data:image\/svg+xml;base64,PHN2ZyB3aWR0aD0iNzkyIiBoZWlnaHQ9IjkxNCIgdmlld0JveD0iMCAwIDc5MiA5MTQiIGZpbGw9Im5vbmUiIHhtbG5zPSJodHRwOi8vd3d3LnczLm9yZy8yMDAwL3N2ZyI+PC9zdmc+\" data-src=\"https:\/\/zieglerh.de\/one\/wp-content\/uploads\/IMG_0322_3-1.jpg\" data-srcset=\"https:\/\/zieglerh.de\/one\/wp-content\/uploads\/IMG_0322_3-1.jpg 792w, https:\/\/zieglerh.de\/one\/wp-content\/uploads\/IMG_0322_3-1-260x300.jpg 260w, https:\/\/zieglerh.de\/one\/wp-content\/uploads\/IMG_0322_3-1-768x886.jpg 768w, https:\/\/zieglerh.de\/one\/wp-content\/uploads\/IMG_0322_3-1-500x577.jpg 500w\" data-sizes=\"auto\">\n\t\t<\/a>\t<\/div>\n<\/div>\n\t<figcaption class=\"vp-portfolio__item-overlay vp-portfolio__item-overlay-text-align-center\">\n\t\t<div class=\"vp-portfolio__item-meta-wrap vp-portfolio__custom-scrollbar\">\n\t\t\t\t<a\n\t\thref=\"https:\/\/zieglerh.de\/one\/wp-content\/uploads\/IMG_0322_3-1.jpg\"\n\t\ttabindex=\"-1\" class=\"vp-portfolio__item-meta\" aria-label=\"IMG_0322_3\" \t>\n\t\n<div class=\"vp-portfolio__item-meta-icon\">\n\t\n<svg class=\"vp-svg-icon\" width=\"20\" height=\"20\" viewBox=\"0 0 20 20\" fill=\"none\" xmlns=\"http:\/\/www.w3.org\/2000\/svg\">\n\t<path d=\"M9 17C13.4183 17 17 13.4183 17 9C17 4.58172 13.4183 1 9 1C4.58172 1 1 4.58172 1 9C1 13.4183 4.58172 17 9 17Z\" stroke=\"currentColor\" stroke-width=\"1.5\" stroke-linecap=\"round\" stroke-linejoin=\"round\" fill=\"transparent\" \/>\n\t<path d=\"M19 19L14.65 14.65\" stroke=\"currentColor\" stroke-width=\"1.5\" stroke-linecap=\"round\" stroke-linejoin=\"round\" fill=\"transparent\" \/>\n<\/svg>\n<\/div>\n<\/a>\t\t<\/div>\n\t<\/figcaption>\n\t\t\t<\/figure>\n\t\t\t\t\t<\/div>\n\t\t\n\t\t<div\t\tclass=\"vp-portfolio__item-wrap vp-portfolio__item-uid-8072d361\" data-vp-filter=\"\" \t\t>\n\t\t\t<template class=\"vp-portfolio__item-popup\" data-vp-popup-img=\"https:\/\/zieglerh.de\/one\/wp-content\/uploads\/like.jpg\" data-vp-popup-img-srcset=\"https:\/\/zieglerh.de\/one\/wp-content\/uploads\/like.jpg 1920w, https:\/\/zieglerh.de\/one\/wp-content\/uploads\/like-300x169.jpg 300w, https:\/\/zieglerh.de\/one\/wp-content\/uploads\/like-1024x576.jpg 1024w, https:\/\/zieglerh.de\/one\/wp-content\/uploads\/like-768x432.jpg 768w, https:\/\/zieglerh.de\/one\/wp-content\/uploads\/like-1536x864.jpg 1536w, https:\/\/zieglerh.de\/one\/wp-content\/uploads\/like-500x281.jpg 500w, https:\/\/zieglerh.de\/one\/wp-content\/uploads\/like-800x450.jpg 800w, https:\/\/zieglerh.de\/one\/wp-content\/uploads\/like-1280x720.jpg 1280w\" data-vp-popup-img-size=\"1920x1080\" data-vp-popup-md-img=\"https:\/\/zieglerh.de\/one\/wp-content\/uploads\/like-800x450.jpg\" data-vp-popup-md-img-size=\"800x450\" data-vp-popup-sm-img=\"https:\/\/zieglerh.de\/one\/wp-content\/uploads\/like-500x281.jpg\" data-vp-popup-sm-img-size=\"500x281\">\n\t<\/template>\n\t\t\t\t\t\t<figure class=\"vp-portfolio__item\">\n\t\t\t\t\n<div class=\"vp-portfolio__item-img-wrap\">\n\t<div class=\"vp-portfolio__item-img\">\n\t\t\t<a\n\t\thref=\"https:\/\/zieglerh.de\/one\/wp-content\/uploads\/like.jpg\"\n\t\taria-label=\"like\" \t>\n\t\n\t\t<noscript><img width=\"1280\" height=\"720\" data-skip-lazy src=\"https:\/\/zieglerh.de\/one\/wp-content\/uploads\/like-1280x720.jpg\" class=\"wp-image-2643\" alt=\"\" loading=\"lazy\" srcset=\"https:\/\/zieglerh.de\/one\/wp-content\/uploads\/like-1280x720.jpg 1280w, https:\/\/zieglerh.de\/one\/wp-content\/uploads\/like-300x169.jpg 300w, https:\/\/zieglerh.de\/one\/wp-content\/uploads\/like-1024x576.jpg 1024w, https:\/\/zieglerh.de\/one\/wp-content\/uploads\/like-768x432.jpg 768w, https:\/\/zieglerh.de\/one\/wp-content\/uploads\/like-1536x864.jpg 1536w, https:\/\/zieglerh.de\/one\/wp-content\/uploads\/like-500x281.jpg 500w, https:\/\/zieglerh.de\/one\/wp-content\/uploads\/like-800x450.jpg 800w, https:\/\/zieglerh.de\/one\/wp-content\/uploads\/like.jpg 1920w\" sizes=\"(max-width: 1280px) 100vw, 1280px\" \/><\/noscript><img width=\"1280\" height=\"720\" src=\"https:\/\/zieglerh.de\/one\/wp-content\/uploads\/like-1280x720.jpg\" class=\"wp-image-2643 vp-lazyload\" alt loading=\"eager\" srcset=\"data:image\/svg+xml;base64,PHN2ZyB3aWR0aD0iMTI4MCIgaGVpZ2h0PSI3MjAiIHZpZXdCb3g9IjAgMCAxMjgwIDcyMCIgZmlsbD0ibm9uZSIgeG1sbnM9Imh0dHA6Ly93d3cudzMub3JnLzIwMDAvc3ZnIj48L3N2Zz4=\" data-src=\"https:\/\/zieglerh.de\/one\/wp-content\/uploads\/like-1280x720.jpg\" data-srcset=\"https:\/\/zieglerh.de\/one\/wp-content\/uploads\/like-1280x720.jpg 1280w, https:\/\/zieglerh.de\/one\/wp-content\/uploads\/like-300x169.jpg 300w, https:\/\/zieglerh.de\/one\/wp-content\/uploads\/like-1024x576.jpg 1024w, https:\/\/zieglerh.de\/one\/wp-content\/uploads\/like-768x432.jpg 768w, https:\/\/zieglerh.de\/one\/wp-content\/uploads\/like-1536x864.jpg 1536w, https:\/\/zieglerh.de\/one\/wp-content\/uploads\/like-500x281.jpg 500w, https:\/\/zieglerh.de\/one\/wp-content\/uploads\/like-800x450.jpg 800w, https:\/\/zieglerh.de\/one\/wp-content\/uploads\/like.jpg 1920w\" data-sizes=\"auto\">\n\t\t<\/a>\t<\/div>\n<\/div>\n\t<figcaption class=\"vp-portfolio__item-overlay vp-portfolio__item-overlay-text-align-center\">\n\t\t<div class=\"vp-portfolio__item-meta-wrap vp-portfolio__custom-scrollbar\">\n\t\t\t\t<a\n\t\thref=\"https:\/\/zieglerh.de\/one\/wp-content\/uploads\/like.jpg\"\n\t\ttabindex=\"-1\" class=\"vp-portfolio__item-meta\" aria-label=\"like\" \t>\n\t\n<div class=\"vp-portfolio__item-meta-icon\">\n\t\n<svg class=\"vp-svg-icon\" width=\"20\" height=\"20\" viewBox=\"0 0 20 20\" fill=\"none\" xmlns=\"http:\/\/www.w3.org\/2000\/svg\">\n\t<path d=\"M9 17C13.4183 17 17 13.4183 17 9C17 4.58172 13.4183 1 9 1C4.58172 1 1 4.58172 1 9C1 13.4183 4.58172 17 9 17Z\" stroke=\"currentColor\" stroke-width=\"1.5\" stroke-linecap=\"round\" stroke-linejoin=\"round\" fill=\"transparent\" \/>\n\t<path d=\"M19 19L14.65 14.65\" stroke=\"currentColor\" stroke-width=\"1.5\" stroke-linecap=\"round\" stroke-linejoin=\"round\" fill=\"transparent\" \/>\n<\/svg>\n<\/div>\n<\/a>\t\t<\/div>\n\t<\/figcaption>\n\t\t\t<\/figure>\n\t\t\t\t\t<\/div>\n\t\t\n\t\t<div\t\tclass=\"vp-portfolio__item-wrap vp-portfolio__item-uid-59b63c12\" data-vp-filter=\"\" \t\t>\n\t\t\t<template class=\"vp-portfolio__item-popup\" data-vp-popup-img=\"https:\/\/zieglerh.de\/one\/wp-content\/uploads\/gallery_09.jpg\" data-vp-popup-img-srcset=\"https:\/\/zieglerh.de\/one\/wp-content\/uploads\/gallery_09.jpg 1920w, https:\/\/zieglerh.de\/one\/wp-content\/uploads\/gallery_09-300x169.jpg 300w, https:\/\/zieglerh.de\/one\/wp-content\/uploads\/gallery_09-1024x575.jpg 1024w, https:\/\/zieglerh.de\/one\/wp-content\/uploads\/gallery_09-768x432.jpg 768w, https:\/\/zieglerh.de\/one\/wp-content\/uploads\/gallery_09-1536x863.jpg 1536w, https:\/\/zieglerh.de\/one\/wp-content\/uploads\/gallery_09-500x281.jpg 500w, https:\/\/zieglerh.de\/one\/wp-content\/uploads\/gallery_09-800x450.jpg 800w, https:\/\/zieglerh.de\/one\/wp-content\/uploads\/gallery_09-1280x719.jpg 1280w\" data-vp-popup-img-size=\"1920x1079\" data-vp-popup-md-img=\"https:\/\/zieglerh.de\/one\/wp-content\/uploads\/gallery_09-800x450.jpg\" data-vp-popup-md-img-size=\"800x450\" data-vp-popup-sm-img=\"https:\/\/zieglerh.de\/one\/wp-content\/uploads\/gallery_09-500x281.jpg\" data-vp-popup-sm-img-size=\"500x281\">\n\t<\/template>\n\t\t\t\t\t\t<figure class=\"vp-portfolio__item\">\n\t\t\t\t\n<div class=\"vp-portfolio__item-img-wrap\">\n\t<div class=\"vp-portfolio__item-img\">\n\t\t\t<a\n\t\thref=\"https:\/\/zieglerh.de\/one\/wp-content\/uploads\/gallery_09.jpg\"\n\t\taria-label=\"gallery_09\" \t>\n\t\n\t\t<noscript><img width=\"1280\" height=\"719\" data-skip-lazy src=\"https:\/\/zieglerh.de\/one\/wp-content\/uploads\/gallery_09-1280x719.jpg\" class=\"wp-image-2644\" alt=\"\" loading=\"lazy\" srcset=\"https:\/\/zieglerh.de\/one\/wp-content\/uploads\/gallery_09-1280x719.jpg 1280w, https:\/\/zieglerh.de\/one\/wp-content\/uploads\/gallery_09-300x169.jpg 300w, https:\/\/zieglerh.de\/one\/wp-content\/uploads\/gallery_09-1024x575.jpg 1024w, https:\/\/zieglerh.de\/one\/wp-content\/uploads\/gallery_09-768x432.jpg 768w, https:\/\/zieglerh.de\/one\/wp-content\/uploads\/gallery_09-1536x863.jpg 1536w, https:\/\/zieglerh.de\/one\/wp-content\/uploads\/gallery_09-500x281.jpg 500w, https:\/\/zieglerh.de\/one\/wp-content\/uploads\/gallery_09-800x450.jpg 800w, https:\/\/zieglerh.de\/one\/wp-content\/uploads\/gallery_09.jpg 1920w\" sizes=\"(max-width: 1280px) 100vw, 1280px\" \/><\/noscript><img width=\"1280\" height=\"719\" src=\"https:\/\/zieglerh.de\/one\/wp-content\/uploads\/gallery_09-1280x719.jpg\" class=\"wp-image-2644 vp-lazyload\" alt loading=\"eager\" srcset=\"data:image\/svg+xml;base64,PHN2ZyB3aWR0aD0iMTI4MCIgaGVpZ2h0PSI3MTkiIHZpZXdCb3g9IjAgMCAxMjgwIDcxOSIgZmlsbD0ibm9uZSIgeG1sbnM9Imh0dHA6Ly93d3cudzMub3JnLzIwMDAvc3ZnIj48L3N2Zz4=\" data-src=\"https:\/\/zieglerh.de\/one\/wp-content\/uploads\/gallery_09-1280x719.jpg\" data-srcset=\"https:\/\/zieglerh.de\/one\/wp-content\/uploads\/gallery_09-1280x719.jpg 1280w, https:\/\/zieglerh.de\/one\/wp-content\/uploads\/gallery_09-300x169.jpg 300w, https:\/\/zieglerh.de\/one\/wp-content\/uploads\/gallery_09-1024x575.jpg 1024w, https:\/\/zieglerh.de\/one\/wp-content\/uploads\/gallery_09-768x432.jpg 768w, https:\/\/zieglerh.de\/one\/wp-content\/uploads\/gallery_09-1536x863.jpg 1536w, https:\/\/zieglerh.de\/one\/wp-content\/uploads\/gallery_09-500x281.jpg 500w, https:\/\/zieglerh.de\/one\/wp-content\/uploads\/gallery_09-800x450.jpg 800w, https:\/\/zieglerh.de\/one\/wp-content\/uploads\/gallery_09.jpg 1920w\" data-sizes=\"auto\">\n\t\t<\/a>\t<\/div>\n<\/div>\n\t<figcaption class=\"vp-portfolio__item-overlay vp-portfolio__item-overlay-text-align-center\">\n\t\t<div class=\"vp-portfolio__item-meta-wrap vp-portfolio__custom-scrollbar\">\n\t\t\t\t<a\n\t\thref=\"https:\/\/zieglerh.de\/one\/wp-content\/uploads\/gallery_09.jpg\"\n\t\ttabindex=\"-1\" class=\"vp-portfolio__item-meta\" aria-label=\"gallery_09\" \t>\n\t\n<div class=\"vp-portfolio__item-meta-icon\">\n\t\n<svg class=\"vp-svg-icon\" width=\"20\" height=\"20\" viewBox=\"0 0 20 20\" fill=\"none\" xmlns=\"http:\/\/www.w3.org\/2000\/svg\">\n\t<path d=\"M9 17C13.4183 17 17 13.4183 17 9C17 4.58172 13.4183 1 9 1C4.58172 1 1 4.58172 1 9C1 13.4183 4.58172 17 9 17Z\" stroke=\"currentColor\" stroke-width=\"1.5\" stroke-linecap=\"round\" stroke-linejoin=\"round\" fill=\"transparent\" \/>\n\t<path d=\"M19 19L14.65 14.65\" stroke=\"currentColor\" stroke-width=\"1.5\" stroke-linecap=\"round\" stroke-linejoin=\"round\" fill=\"transparent\" \/>\n<\/svg>\n<\/div>\n<\/a>\t\t<\/div>\n\t<\/figcaption>\n\t\t\t<\/figure>\n\t\t\t\t\t<\/div>\n\t\t\n\t\t<div\t\tclass=\"vp-portfolio__item-wrap vp-portfolio__item-uid-13d12534\" data-vp-filter=\"\" \t\t>\n\t\t\t<template class=\"vp-portfolio__item-popup\" data-vp-popup-img=\"https:\/\/zieglerh.de\/one\/wp-content\/uploads\/stundenplan.jpg\" data-vp-popup-img-srcset=\"https:\/\/zieglerh.de\/one\/wp-content\/uploads\/stundenplan.jpg 1920w, https:\/\/zieglerh.de\/one\/wp-content\/uploads\/stundenplan-300x169.jpg 300w, https:\/\/zieglerh.de\/one\/wp-content\/uploads\/stundenplan-1024x576.jpg 1024w, https:\/\/zieglerh.de\/one\/wp-content\/uploads\/stundenplan-768x432.jpg 768w, https:\/\/zieglerh.de\/one\/wp-content\/uploads\/stundenplan-1536x864.jpg 1536w, https:\/\/zieglerh.de\/one\/wp-content\/uploads\/stundenplan-500x281.jpg 500w, https:\/\/zieglerh.de\/one\/wp-content\/uploads\/stundenplan-800x450.jpg 800w, https:\/\/zieglerh.de\/one\/wp-content\/uploads\/stundenplan-1280x720.jpg 1280w\" data-vp-popup-img-size=\"1920x1080\" data-vp-popup-md-img=\"https:\/\/zieglerh.de\/one\/wp-content\/uploads\/stundenplan-800x450.jpg\" data-vp-popup-md-img-size=\"800x450\" data-vp-popup-sm-img=\"https:\/\/zieglerh.de\/one\/wp-content\/uploads\/stundenplan-500x281.jpg\" data-vp-popup-sm-img-size=\"500x281\">\n\t<\/template>\n\t\t\t\t\t\t<figure class=\"vp-portfolio__item\">\n\t\t\t\t\n<div class=\"vp-portfolio__item-img-wrap\">\n\t<div class=\"vp-portfolio__item-img\">\n\t\t\t<a\n\t\thref=\"https:\/\/zieglerh.de\/one\/wp-content\/uploads\/stundenplan.jpg\"\n\t\taria-label=\"stundenplan\" \t>\n\t\n\t\t<noscript><img width=\"1280\" height=\"720\" data-skip-lazy src=\"https:\/\/zieglerh.de\/one\/wp-content\/uploads\/stundenplan-1280x720.jpg\" class=\"wp-image-2645\" alt=\"\" loading=\"lazy\" srcset=\"https:\/\/zieglerh.de\/one\/wp-content\/uploads\/stundenplan-1280x720.jpg 1280w, https:\/\/zieglerh.de\/one\/wp-content\/uploads\/stundenplan-300x169.jpg 300w, https:\/\/zieglerh.de\/one\/wp-content\/uploads\/stundenplan-1024x576.jpg 1024w, https:\/\/zieglerh.de\/one\/wp-content\/uploads\/stundenplan-768x432.jpg 768w, https:\/\/zieglerh.de\/one\/wp-content\/uploads\/stundenplan-1536x864.jpg 1536w, https:\/\/zieglerh.de\/one\/wp-content\/uploads\/stundenplan-500x281.jpg 500w, https:\/\/zieglerh.de\/one\/wp-content\/uploads\/stundenplan-800x450.jpg 800w, https:\/\/zieglerh.de\/one\/wp-content\/uploads\/stundenplan.jpg 1920w\" sizes=\"(max-width: 1280px) 100vw, 1280px\" \/><\/noscript><img width=\"1280\" height=\"720\" src=\"https:\/\/zieglerh.de\/one\/wp-content\/uploads\/stundenplan-1280x720.jpg\" class=\"wp-image-2645 vp-lazyload\" alt loading=\"eager\" srcset=\"data:image\/svg+xml;base64,PHN2ZyB3aWR0aD0iMTI4MCIgaGVpZ2h0PSI3MjAiIHZpZXdCb3g9IjAgMCAxMjgwIDcyMCIgZmlsbD0ibm9uZSIgeG1sbnM9Imh0dHA6Ly93d3cudzMub3JnLzIwMDAvc3ZnIj48L3N2Zz4=\" data-src=\"https:\/\/zieglerh.de\/one\/wp-content\/uploads\/stundenplan-1280x720.jpg\" data-srcset=\"https:\/\/zieglerh.de\/one\/wp-content\/uploads\/stundenplan-1280x720.jpg 1280w, https:\/\/zieglerh.de\/one\/wp-content\/uploads\/stundenplan-300x169.jpg 300w, https:\/\/zieglerh.de\/one\/wp-content\/uploads\/stundenplan-1024x576.jpg 1024w, https:\/\/zieglerh.de\/one\/wp-content\/uploads\/stundenplan-768x432.jpg 768w, https:\/\/zieglerh.de\/one\/wp-content\/uploads\/stundenplan-1536x864.jpg 1536w, https:\/\/zieglerh.de\/one\/wp-content\/uploads\/stundenplan-500x281.jpg 500w, https:\/\/zieglerh.de\/one\/wp-content\/uploads\/stundenplan-800x450.jpg 800w, https:\/\/zieglerh.de\/one\/wp-content\/uploads\/stundenplan.jpg 1920w\" data-sizes=\"auto\">\n\t\t<\/a>\t<\/div>\n<\/div>\n\t<figcaption class=\"vp-portfolio__item-overlay vp-portfolio__item-overlay-text-align-center\">\n\t\t<div class=\"vp-portfolio__item-meta-wrap vp-portfolio__custom-scrollbar\">\n\t\t\t\t<a\n\t\thref=\"https:\/\/zieglerh.de\/one\/wp-content\/uploads\/stundenplan.jpg\"\n\t\ttabindex=\"-1\" class=\"vp-portfolio__item-meta\" aria-label=\"stundenplan\" \t>\n\t\n<div class=\"vp-portfolio__item-meta-icon\">\n\t\n<svg class=\"vp-svg-icon\" width=\"20\" height=\"20\" viewBox=\"0 0 20 20\" fill=\"none\" xmlns=\"http:\/\/www.w3.org\/2000\/svg\">\n\t<path d=\"M9 17C13.4183 17 17 13.4183 17 9C17 4.58172 13.4183 1 9 1C4.58172 1 1 4.58172 1 9C1 13.4183 4.58172 17 9 17Z\" stroke=\"currentColor\" stroke-width=\"1.5\" stroke-linecap=\"round\" stroke-linejoin=\"round\" fill=\"transparent\" \/>\n\t<path d=\"M19 19L14.65 14.65\" stroke=\"currentColor\" stroke-width=\"1.5\" stroke-linecap=\"round\" stroke-linejoin=\"round\" fill=\"transparent\" \/>\n<\/svg>\n<\/div>\n<\/a>\t\t<\/div>\n\t<\/figcaption>\n\t\t\t<\/figure>\n\t\t\t\t\t<\/div>\n\t\t\n\t\t<div\t\tclass=\"vp-portfolio__item-wrap vp-portfolio__item-uid-0888e35f\" data-vp-filter=\"\" \t\t>\n\t\t\t<template class=\"vp-portfolio__item-popup\" data-vp-popup-img=\"https:\/\/zieglerh.de\/one\/wp-content\/uploads\/yogatherapie.jpg\" data-vp-popup-img-srcset=\"https:\/\/zieglerh.de\/one\/wp-content\/uploads\/yogatherapie.jpg 1920w, https:\/\/zieglerh.de\/one\/wp-content\/uploads\/yogatherapie-300x169.jpg 300w, https:\/\/zieglerh.de\/one\/wp-content\/uploads\/yogatherapie-1024x576.jpg 1024w, https:\/\/zieglerh.de\/one\/wp-content\/uploads\/yogatherapie-768x432.jpg 768w, https:\/\/zieglerh.de\/one\/wp-content\/uploads\/yogatherapie-1536x864.jpg 1536w, https:\/\/zieglerh.de\/one\/wp-content\/uploads\/yogatherapie-500x281.jpg 500w, https:\/\/zieglerh.de\/one\/wp-content\/uploads\/yogatherapie-800x450.jpg 800w, https:\/\/zieglerh.de\/one\/wp-content\/uploads\/yogatherapie-1280x720.jpg 1280w\" data-vp-popup-img-size=\"1920x1080\" data-vp-popup-md-img=\"https:\/\/zieglerh.de\/one\/wp-content\/uploads\/yogatherapie-800x450.jpg\" data-vp-popup-md-img-size=\"800x450\" data-vp-popup-sm-img=\"https:\/\/zieglerh.de\/one\/wp-content\/uploads\/yogatherapie-500x281.jpg\" data-vp-popup-sm-img-size=\"500x281\">\n\t<\/template>\n\t\t\t\t\t\t<figure class=\"vp-portfolio__item\">\n\t\t\t\t\n<div class=\"vp-portfolio__item-img-wrap\">\n\t<div class=\"vp-portfolio__item-img\">\n\t\t\t<a\n\t\thref=\"https:\/\/zieglerh.de\/one\/wp-content\/uploads\/yogatherapie.jpg\"\n\t\taria-label=\"yogatherapie\" \t>\n\t\n\t\t<noscript><img width=\"1280\" height=\"720\" data-skip-lazy src=\"https:\/\/zieglerh.de\/one\/wp-content\/uploads\/yogatherapie-1280x720.jpg\" class=\"wp-image-2646\" alt=\"\" loading=\"lazy\" srcset=\"https:\/\/zieglerh.de\/one\/wp-content\/uploads\/yogatherapie-1280x720.jpg 1280w, https:\/\/zieglerh.de\/one\/wp-content\/uploads\/yogatherapie-300x169.jpg 300w, https:\/\/zieglerh.de\/one\/wp-content\/uploads\/yogatherapie-1024x576.jpg 1024w, https:\/\/zieglerh.de\/one\/wp-content\/uploads\/yogatherapie-768x432.jpg 768w, https:\/\/zieglerh.de\/one\/wp-content\/uploads\/yogatherapie-1536x864.jpg 1536w, https:\/\/zieglerh.de\/one\/wp-content\/uploads\/yogatherapie-500x281.jpg 500w, https:\/\/zieglerh.de\/one\/wp-content\/uploads\/yogatherapie-800x450.jpg 800w, https:\/\/zieglerh.de\/one\/wp-content\/uploads\/yogatherapie.jpg 1920w\" sizes=\"(max-width: 1280px) 100vw, 1280px\" \/><\/noscript><img width=\"1280\" height=\"720\" src=\"https:\/\/zieglerh.de\/one\/wp-content\/uploads\/yogatherapie-1280x720.jpg\" class=\"wp-image-2646 vp-lazyload\" alt loading=\"eager\" srcset=\"data:image\/svg+xml;base64,PHN2ZyB3aWR0aD0iMTI4MCIgaGVpZ2h0PSI3MjAiIHZpZXdCb3g9IjAgMCAxMjgwIDcyMCIgZmlsbD0ibm9uZSIgeG1sbnM9Imh0dHA6Ly93d3cudzMub3JnLzIwMDAvc3ZnIj48L3N2Zz4=\" data-src=\"https:\/\/zieglerh.de\/one\/wp-content\/uploads\/yogatherapie-1280x720.jpg\" data-srcset=\"https:\/\/zieglerh.de\/one\/wp-content\/uploads\/yogatherapie-1280x720.jpg 1280w, https:\/\/zieglerh.de\/one\/wp-content\/uploads\/yogatherapie-300x169.jpg 300w, https:\/\/zieglerh.de\/one\/wp-content\/uploads\/yogatherapie-1024x576.jpg 1024w, https:\/\/zieglerh.de\/one\/wp-content\/uploads\/yogatherapie-768x432.jpg 768w, https:\/\/zieglerh.de\/one\/wp-content\/uploads\/yogatherapie-1536x864.jpg 1536w, https:\/\/zieglerh.de\/one\/wp-content\/uploads\/yogatherapie-500x281.jpg 500w, https:\/\/zieglerh.de\/one\/wp-content\/uploads\/yogatherapie-800x450.jpg 800w, https:\/\/zieglerh.de\/one\/wp-content\/uploads\/yogatherapie.jpg 1920w\" data-sizes=\"auto\">\n\t\t<\/a>\t<\/div>\n<\/div>\n\t<figcaption class=\"vp-portfolio__item-overlay vp-portfolio__item-overlay-text-align-center\">\n\t\t<div class=\"vp-portfolio__item-meta-wrap vp-portfolio__custom-scrollbar\">\n\t\t\t\t<a\n\t\thref=\"https:\/\/zieglerh.de\/one\/wp-content\/uploads\/yogatherapie.jpg\"\n\t\ttabindex=\"-1\" class=\"vp-portfolio__item-meta\" aria-label=\"yogatherapie\" \t>\n\t\n<div class=\"vp-portfolio__item-meta-icon\">\n\t\n<svg class=\"vp-svg-icon\" width=\"20\" height=\"20\" viewBox=\"0 0 20 20\" fill=\"none\" xmlns=\"http:\/\/www.w3.org\/2000\/svg\">\n\t<path d=\"M9 17C13.4183 17 17 13.4183 17 9C17 4.58172 13.4183 1 9 1C4.58172 1 1 4.58172 1 9C1 13.4183 4.58172 17 9 17Z\" stroke=\"currentColor\" stroke-width=\"1.5\" stroke-linecap=\"round\" stroke-linejoin=\"round\" fill=\"transparent\" \/>\n\t<path d=\"M19 19L14.65 14.65\" stroke=\"currentColor\" stroke-width=\"1.5\" stroke-linecap=\"round\" stroke-linejoin=\"round\" fill=\"transparent\" \/>\n<\/svg>\n<\/div>\n<\/a>\t\t<\/div>\n\t<\/figcaption>\n\t\t\t<\/figure>\n\t\t\t\t\t<\/div>\n\t\t\n\t\t<div\t\tclass=\"vp-portfolio__item-wrap vp-portfolio__item-uid-42effa79\" data-vp-filter=\"\" \t\t>\n\t\t\t<template class=\"vp-portfolio__item-popup\" data-vp-popup-img=\"https:\/\/zieglerh.de\/one\/wp-content\/uploads\/HangLoose-2.jpg\" data-vp-popup-img-srcset=\"https:\/\/zieglerh.de\/one\/wp-content\/uploads\/HangLoose-2.jpg 1080w, https:\/\/zieglerh.de\/one\/wp-content\/uploads\/HangLoose-2-169x300.jpg 169w, https:\/\/zieglerh.de\/one\/wp-content\/uploads\/HangLoose-2-576x1024.jpg 576w, https:\/\/zieglerh.de\/one\/wp-content\/uploads\/HangLoose-2-768x1365.jpg 768w, https:\/\/zieglerh.de\/one\/wp-content\/uploads\/HangLoose-2-864x1536.jpg 864w, https:\/\/zieglerh.de\/one\/wp-content\/uploads\/HangLoose-2-500x889.jpg 500w, https:\/\/zieglerh.de\/one\/wp-content\/uploads\/HangLoose-2-800x1422.jpg 800w\" data-vp-popup-img-size=\"1080x1920\" data-vp-popup-md-img=\"https:\/\/zieglerh.de\/one\/wp-content\/uploads\/HangLoose-2-800x1422.jpg\" data-vp-popup-md-img-size=\"800x1422\" data-vp-popup-sm-img=\"https:\/\/zieglerh.de\/one\/wp-content\/uploads\/HangLoose-2-500x889.jpg\" data-vp-popup-sm-img-size=\"500x889\">\n\t<\/template>\n\t\t\t\t\t\t<figure class=\"vp-portfolio__item\">\n\t\t\t\t\n<div class=\"vp-portfolio__item-img-wrap\">\n\t<div class=\"vp-portfolio__item-img\">\n\t\t\t<a\n\t\thref=\"https:\/\/zieglerh.de\/one\/wp-content\/uploads\/HangLoose-2.jpg\"\n\t\taria-label=\"HangLoose\" \t>\n\t\n\t\t<noscript><img width=\"1080\" height=\"1920\" data-skip-lazy src=\"https:\/\/zieglerh.de\/one\/wp-content\/uploads\/HangLoose-2.jpg\" class=\"wp-image-2647\" alt=\"\" loading=\"lazy\" srcset=\"https:\/\/zieglerh.de\/one\/wp-content\/uploads\/HangLoose-2.jpg 1080w, https:\/\/zieglerh.de\/one\/wp-content\/uploads\/HangLoose-2-169x300.jpg 169w, https:\/\/zieglerh.de\/one\/wp-content\/uploads\/HangLoose-2-576x1024.jpg 576w, https:\/\/zieglerh.de\/one\/wp-content\/uploads\/HangLoose-2-768x1365.jpg 768w, https:\/\/zieglerh.de\/one\/wp-content\/uploads\/HangLoose-2-864x1536.jpg 864w, https:\/\/zieglerh.de\/one\/wp-content\/uploads\/HangLoose-2-500x889.jpg 500w, https:\/\/zieglerh.de\/one\/wp-content\/uploads\/HangLoose-2-800x1422.jpg 800w\" sizes=\"(max-width: 1080px) 100vw, 1080px\" \/><\/noscript><img width=\"1080\" height=\"1920\" src=\"https:\/\/zieglerh.de\/one\/wp-content\/uploads\/HangLoose-2.jpg\" class=\"wp-image-2647 vp-lazyload\" alt loading=\"eager\" srcset=\"data:image\/svg+xml;base64,PHN2ZyB3aWR0aD0iMTA4MCIgaGVpZ2h0PSIxOTIwIiB2aWV3Qm94PSIwIDAgMTA4MCAxOTIwIiBmaWxsPSJub25lIiB4bWxucz0iaHR0cDovL3d3dy53My5vcmcvMjAwMC9zdmciPjwvc3ZnPg==\" data-src=\"https:\/\/zieglerh.de\/one\/wp-content\/uploads\/HangLoose-2.jpg\" data-srcset=\"https:\/\/zieglerh.de\/one\/wp-content\/uploads\/HangLoose-2.jpg 1080w, https:\/\/zieglerh.de\/one\/wp-content\/uploads\/HangLoose-2-169x300.jpg 169w, https:\/\/zieglerh.de\/one\/wp-content\/uploads\/HangLoose-2-576x1024.jpg 576w, https:\/\/zieglerh.de\/one\/wp-content\/uploads\/HangLoose-2-768x1365.jpg 768w, https:\/\/zieglerh.de\/one\/wp-content\/uploads\/HangLoose-2-864x1536.jpg 864w, https:\/\/zieglerh.de\/one\/wp-content\/uploads\/HangLoose-2-500x889.jpg 500w, https:\/\/zieglerh.de\/one\/wp-content\/uploads\/HangLoose-2-800x1422.jpg 800w\" data-sizes=\"auto\">\n\t\t<\/a>\t<\/div>\n<\/div>\n\t<figcaption class=\"vp-portfolio__item-overlay vp-portfolio__item-overlay-text-align-center\">\n\t\t<div class=\"vp-portfolio__item-meta-wrap vp-portfolio__custom-scrollbar\">\n\t\t\t\t<a\n\t\thref=\"https:\/\/zieglerh.de\/one\/wp-content\/uploads\/HangLoose-2.jpg\"\n\t\ttabindex=\"-1\" class=\"vp-portfolio__item-meta\" aria-label=\"HangLoose\" \t>\n\t\n<div class=\"vp-portfolio__item-meta-icon\">\n\t\n<svg class=\"vp-svg-icon\" width=\"20\" height=\"20\" viewBox=\"0 0 20 20\" fill=\"none\" xmlns=\"http:\/\/www.w3.org\/2000\/svg\">\n\t<path d=\"M9 17C13.4183 17 17 13.4183 17 9C17 4.58172 13.4183 1 9 1C4.58172 1 1 4.58172 1 9C1 13.4183 4.58172 17 9 17Z\" stroke=\"currentColor\" stroke-width=\"1.5\" stroke-linecap=\"round\" stroke-linejoin=\"round\" fill=\"transparent\" \/>\n\t<path d=\"M19 19L14.65 14.65\" stroke=\"currentColor\" stroke-width=\"1.5\" stroke-linecap=\"round\" stroke-linejoin=\"round\" fill=\"transparent\" \/>\n<\/svg>\n<\/div>\n<\/a>\t\t<\/div>\n\t<\/figcaption>\n\t\t\t<\/figure>\n\t\t\t\t\t<\/div>\n\t\t\n\t\t<div\t\tclass=\"vp-portfolio__item-wrap vp-portfolio__item-uid-e2c3b086\" data-vp-filter=\"\" \t\t>\n\t\t\t<template class=\"vp-portfolio__item-popup\" data-vp-popup-img=\"https:\/\/zieglerh.de\/one\/wp-content\/uploads\/gallery_10.jpg\" data-vp-popup-img-srcset=\"https:\/\/zieglerh.de\/one\/wp-content\/uploads\/gallery_10.jpg 1920w, https:\/\/zieglerh.de\/one\/wp-content\/uploads\/gallery_10-300x169.jpg 300w, https:\/\/zieglerh.de\/one\/wp-content\/uploads\/gallery_10-1024x575.jpg 1024w, https:\/\/zieglerh.de\/one\/wp-content\/uploads\/gallery_10-768x432.jpg 768w, https:\/\/zieglerh.de\/one\/wp-content\/uploads\/gallery_10-1536x863.jpg 1536w, https:\/\/zieglerh.de\/one\/wp-content\/uploads\/gallery_10-500x281.jpg 500w, https:\/\/zieglerh.de\/one\/wp-content\/uploads\/gallery_10-800x450.jpg 800w, https:\/\/zieglerh.de\/one\/wp-content\/uploads\/gallery_10-1280x719.jpg 1280w\" data-vp-popup-img-size=\"1920x1079\" data-vp-popup-md-img=\"https:\/\/zieglerh.de\/one\/wp-content\/uploads\/gallery_10-800x450.jpg\" data-vp-popup-md-img-size=\"800x450\" data-vp-popup-sm-img=\"https:\/\/zieglerh.de\/one\/wp-content\/uploads\/gallery_10-500x281.jpg\" data-vp-popup-sm-img-size=\"500x281\">\n\t<\/template>\n\t\t\t\t\t\t<figure class=\"vp-portfolio__item\">\n\t\t\t\t\n<div class=\"vp-portfolio__item-img-wrap\">\n\t<div class=\"vp-portfolio__item-img\">\n\t\t\t<a\n\t\thref=\"https:\/\/zieglerh.de\/one\/wp-content\/uploads\/gallery_10.jpg\"\n\t\taria-label=\"gallery_10\" \t>\n\t\n\t\t<noscript><img width=\"1280\" height=\"719\" data-skip-lazy src=\"https:\/\/zieglerh.de\/one\/wp-content\/uploads\/gallery_10-1280x719.jpg\" class=\"wp-image-2648\" alt=\"\" loading=\"lazy\" srcset=\"https:\/\/zieglerh.de\/one\/wp-content\/uploads\/gallery_10-1280x719.jpg 1280w, https:\/\/zieglerh.de\/one\/wp-content\/uploads\/gallery_10-300x169.jpg 300w, https:\/\/zieglerh.de\/one\/wp-content\/uploads\/gallery_10-1024x575.jpg 1024w, https:\/\/zieglerh.de\/one\/wp-content\/uploads\/gallery_10-768x432.jpg 768w, https:\/\/zieglerh.de\/one\/wp-content\/uploads\/gallery_10-1536x863.jpg 1536w, https:\/\/zieglerh.de\/one\/wp-content\/uploads\/gallery_10-500x281.jpg 500w, https:\/\/zieglerh.de\/one\/wp-content\/uploads\/gallery_10-800x450.jpg 800w, https:\/\/zieglerh.de\/one\/wp-content\/uploads\/gallery_10.jpg 1920w\" sizes=\"(max-width: 1280px) 100vw, 1280px\" \/><\/noscript><img width=\"1280\" height=\"719\" src=\"https:\/\/zieglerh.de\/one\/wp-content\/uploads\/gallery_10-1280x719.jpg\" class=\"wp-image-2648 vp-lazyload\" alt loading=\"eager\" srcset=\"data:image\/svg+xml;base64,PHN2ZyB3aWR0aD0iMTI4MCIgaGVpZ2h0PSI3MTkiIHZpZXdCb3g9IjAgMCAxMjgwIDcxOSIgZmlsbD0ibm9uZSIgeG1sbnM9Imh0dHA6Ly93d3cudzMub3JnLzIwMDAvc3ZnIj48L3N2Zz4=\" data-src=\"https:\/\/zieglerh.de\/one\/wp-content\/uploads\/gallery_10-1280x719.jpg\" data-srcset=\"https:\/\/zieglerh.de\/one\/wp-content\/uploads\/gallery_10-1280x719.jpg 1280w, https:\/\/zieglerh.de\/one\/wp-content\/uploads\/gallery_10-300x169.jpg 300w, https:\/\/zieglerh.de\/one\/wp-content\/uploads\/gallery_10-1024x575.jpg 1024w, https:\/\/zieglerh.de\/one\/wp-content\/uploads\/gallery_10-768x432.jpg 768w, https:\/\/zieglerh.de\/one\/wp-content\/uploads\/gallery_10-1536x863.jpg 1536w, https:\/\/zieglerh.de\/one\/wp-content\/uploads\/gallery_10-500x281.jpg 500w, https:\/\/zieglerh.de\/one\/wp-content\/uploads\/gallery_10-800x450.jpg 800w, https:\/\/zieglerh.de\/one\/wp-content\/uploads\/gallery_10.jpg 1920w\" data-sizes=\"auto\">\n\t\t<\/a>\t<\/div>\n<\/div>\n\t<figcaption class=\"vp-portfolio__item-overlay vp-portfolio__item-overlay-text-align-center\">\n\t\t<div class=\"vp-portfolio__item-meta-wrap vp-portfolio__custom-scrollbar\">\n\t\t\t\t<a\n\t\thref=\"https:\/\/zieglerh.de\/one\/wp-content\/uploads\/gallery_10.jpg\"\n\t\ttabindex=\"-1\" class=\"vp-portfolio__item-meta\" aria-label=\"gallery_10\" \t>\n\t\n<div class=\"vp-portfolio__item-meta-icon\">\n\t\n<svg class=\"vp-svg-icon\" width=\"20\" height=\"20\" viewBox=\"0 0 20 20\" fill=\"none\" xmlns=\"http:\/\/www.w3.org\/2000\/svg\">\n\t<path d=\"M9 17C13.4183 17 17 13.4183 17 9C17 4.58172 13.4183 1 9 1C4.58172 1 1 4.58172 1 9C1 13.4183 4.58172 17 9 17Z\" stroke=\"currentColor\" stroke-width=\"1.5\" stroke-linecap=\"round\" stroke-linejoin=\"round\" fill=\"transparent\" \/>\n\t<path d=\"M19 19L14.65 14.65\" stroke=\"currentColor\" stroke-width=\"1.5\" stroke-linecap=\"round\" stroke-linejoin=\"round\" fill=\"transparent\" \/>\n<\/svg>\n<\/div>\n<\/a>\t\t<\/div>\n\t<\/figcaption>\n\t\t\t<\/figure>\n\t\t\t\t\t<\/div>\n\t\t\n\t\t<div\t\tclass=\"vp-portfolio__item-wrap vp-portfolio__item-uid-a8a4a9a0\" data-vp-filter=\"\" \t\t>\n\t\t\t<template class=\"vp-portfolio__item-popup\" data-vp-popup-img=\"https:\/\/zieglerh.de\/one\/wp-content\/uploads\/strand.jpg\" data-vp-popup-img-srcset=\"https:\/\/zieglerh.de\/one\/wp-content\/uploads\/strand.jpg 1920w, https:\/\/zieglerh.de\/one\/wp-content\/uploads\/strand-300x169.jpg 300w, https:\/\/zieglerh.de\/one\/wp-content\/uploads\/strand-1024x576.jpg 1024w, https:\/\/zieglerh.de\/one\/wp-content\/uploads\/strand-768x432.jpg 768w, https:\/\/zieglerh.de\/one\/wp-content\/uploads\/strand-1536x864.jpg 1536w, https:\/\/zieglerh.de\/one\/wp-content\/uploads\/strand-500x281.jpg 500w, https:\/\/zieglerh.de\/one\/wp-content\/uploads\/strand-800x450.jpg 800w, https:\/\/zieglerh.de\/one\/wp-content\/uploads\/strand-1280x720.jpg 1280w\" data-vp-popup-img-size=\"1920x1080\" data-vp-popup-md-img=\"https:\/\/zieglerh.de\/one\/wp-content\/uploads\/strand-800x450.jpg\" data-vp-popup-md-img-size=\"800x450\" data-vp-popup-sm-img=\"https:\/\/zieglerh.de\/one\/wp-content\/uploads\/strand-500x281.jpg\" data-vp-popup-sm-img-size=\"500x281\">\n\t<\/template>\n\t\t\t\t\t\t<figure class=\"vp-portfolio__item\">\n\t\t\t\t\n<div class=\"vp-portfolio__item-img-wrap\">\n\t<div class=\"vp-portfolio__item-img\">\n\t\t\t<a\n\t\thref=\"https:\/\/zieglerh.de\/one\/wp-content\/uploads\/strand.jpg\"\n\t\taria-label=\"strand\" \t>\n\t\n\t\t<noscript><img width=\"1280\" height=\"720\" data-skip-lazy src=\"https:\/\/zieglerh.de\/one\/wp-content\/uploads\/strand-1280x720.jpg\" class=\"wp-image-2649\" alt=\"\" loading=\"lazy\" srcset=\"https:\/\/zieglerh.de\/one\/wp-content\/uploads\/strand-1280x720.jpg 1280w, https:\/\/zieglerh.de\/one\/wp-content\/uploads\/strand-300x169.jpg 300w, https:\/\/zieglerh.de\/one\/wp-content\/uploads\/strand-1024x576.jpg 1024w, https:\/\/zieglerh.de\/one\/wp-content\/uploads\/strand-768x432.jpg 768w, https:\/\/zieglerh.de\/one\/wp-content\/uploads\/strand-1536x864.jpg 1536w, https:\/\/zieglerh.de\/one\/wp-content\/uploads\/strand-500x281.jpg 500w, https:\/\/zieglerh.de\/one\/wp-content\/uploads\/strand-800x450.jpg 800w, https:\/\/zieglerh.de\/one\/wp-content\/uploads\/strand.jpg 1920w\" sizes=\"(max-width: 1280px) 100vw, 1280px\" \/><\/noscript><img width=\"1280\" height=\"720\" src=\"https:\/\/zieglerh.de\/one\/wp-content\/uploads\/strand-1280x720.jpg\" class=\"wp-image-2649 vp-lazyload\" alt loading=\"eager\" srcset=\"data:image\/svg+xml;base64,PHN2ZyB3aWR0aD0iMTI4MCIgaGVpZ2h0PSI3MjAiIHZpZXdCb3g9IjAgMCAxMjgwIDcyMCIgZmlsbD0ibm9uZSIgeG1sbnM9Imh0dHA6Ly93d3cudzMub3JnLzIwMDAvc3ZnIj48L3N2Zz4=\" data-src=\"https:\/\/zieglerh.de\/one\/wp-content\/uploads\/strand-1280x720.jpg\" data-srcset=\"https:\/\/zieglerh.de\/one\/wp-content\/uploads\/strand-1280x720.jpg 1280w, https:\/\/zieglerh.de\/one\/wp-content\/uploads\/strand-300x169.jpg 300w, https:\/\/zieglerh.de\/one\/wp-content\/uploads\/strand-1024x576.jpg 1024w, https:\/\/zieglerh.de\/one\/wp-content\/uploads\/strand-768x432.jpg 768w, https:\/\/zieglerh.de\/one\/wp-content\/uploads\/strand-1536x864.jpg 1536w, https:\/\/zieglerh.de\/one\/wp-content\/uploads\/strand-500x281.jpg 500w, https:\/\/zieglerh.de\/one\/wp-content\/uploads\/strand-800x450.jpg 800w, https:\/\/zieglerh.de\/one\/wp-content\/uploads\/strand.jpg 1920w\" data-sizes=\"auto\">\n\t\t<\/a>\t<\/div>\n<\/div>\n\t<figcaption class=\"vp-portfolio__item-overlay vp-portfolio__item-overlay-text-align-center\">\n\t\t<div class=\"vp-portfolio__item-meta-wrap vp-portfolio__custom-scrollbar\">\n\t\t\t\t<a\n\t\thref=\"https:\/\/zieglerh.de\/one\/wp-content\/uploads\/strand.jpg\"\n\t\ttabindex=\"-1\" class=\"vp-portfolio__item-meta\" aria-label=\"strand\" \t>\n\t\n<div class=\"vp-portfolio__item-meta-icon\">\n\t\n<svg class=\"vp-svg-icon\" width=\"20\" height=\"20\" viewBox=\"0 0 20 20\" fill=\"none\" xmlns=\"http:\/\/www.w3.org\/2000\/svg\">\n\t<path d=\"M9 17C13.4183 17 17 13.4183 17 9C17 4.58172 13.4183 1 9 1C4.58172 1 1 4.58172 1 9C1 13.4183 4.58172 17 9 17Z\" stroke=\"currentColor\" stroke-width=\"1.5\" stroke-linecap=\"round\" stroke-linejoin=\"round\" fill=\"transparent\" \/>\n\t<path d=\"M19 19L14.65 14.65\" stroke=\"currentColor\" stroke-width=\"1.5\" stroke-linecap=\"round\" stroke-linejoin=\"round\" fill=\"transparent\" \/>\n<\/svg>\n<\/div>\n<\/a>\t\t<\/div>\n\t<\/figcaption>\n\t\t\t<\/figure>\n\t\t\t\t\t<\/div>\n\t\t\n\t\t<div\t\tclass=\"vp-portfolio__item-wrap vp-portfolio__item-uid-8fc35a95\" data-vp-filter=\"\" \t\t>\n\t\t\t<template class=\"vp-portfolio__item-popup\" data-vp-popup-img=\"https:\/\/zieglerh.de\/one\/wp-content\/uploads\/lehrer.jpg\" data-vp-popup-img-srcset=\"https:\/\/zieglerh.de\/one\/wp-content\/uploads\/lehrer.jpg 1920w, https:\/\/zieglerh.de\/one\/wp-content\/uploads\/lehrer-300x169.jpg 300w, https:\/\/zieglerh.de\/one\/wp-content\/uploads\/lehrer-1024x576.jpg 1024w, https:\/\/zieglerh.de\/one\/wp-content\/uploads\/lehrer-768x432.jpg 768w, https:\/\/zieglerh.de\/one\/wp-content\/uploads\/lehrer-1536x864.jpg 1536w, https:\/\/zieglerh.de\/one\/wp-content\/uploads\/lehrer-500x281.jpg 500w, https:\/\/zieglerh.de\/one\/wp-content\/uploads\/lehrer-800x450.jpg 800w, https:\/\/zieglerh.de\/one\/wp-content\/uploads\/lehrer-1280x720.jpg 1280w\" data-vp-popup-img-size=\"1920x1080\" data-vp-popup-md-img=\"https:\/\/zieglerh.de\/one\/wp-content\/uploads\/lehrer-800x450.jpg\" data-vp-popup-md-img-size=\"800x450\" data-vp-popup-sm-img=\"https:\/\/zieglerh.de\/one\/wp-content\/uploads\/lehrer-500x281.jpg\" data-vp-popup-sm-img-size=\"500x281\">\n\t<\/template>\n\t\t\t\t\t\t<figure class=\"vp-portfolio__item\">\n\t\t\t\t\n<div class=\"vp-portfolio__item-img-wrap\">\n\t<div class=\"vp-portfolio__item-img\">\n\t\t\t<a\n\t\thref=\"https:\/\/zieglerh.de\/one\/wp-content\/uploads\/lehrer.jpg\"\n\t\taria-label=\"lehrer\" \t>\n\t\n\t\t<noscript><img width=\"1280\" height=\"720\" data-skip-lazy src=\"https:\/\/zieglerh.de\/one\/wp-content\/uploads\/lehrer-1280x720.jpg\" class=\"wp-image-2650\" alt=\"\" loading=\"lazy\" srcset=\"https:\/\/zieglerh.de\/one\/wp-content\/uploads\/lehrer-1280x720.jpg 1280w, https:\/\/zieglerh.de\/one\/wp-content\/uploads\/lehrer-300x169.jpg 300w, https:\/\/zieglerh.de\/one\/wp-content\/uploads\/lehrer-1024x576.jpg 1024w, https:\/\/zieglerh.de\/one\/wp-content\/uploads\/lehrer-768x432.jpg 768w, https:\/\/zieglerh.de\/one\/wp-content\/uploads\/lehrer-1536x864.jpg 1536w, https:\/\/zieglerh.de\/one\/wp-content\/uploads\/lehrer-500x281.jpg 500w, https:\/\/zieglerh.de\/one\/wp-content\/uploads\/lehrer-800x450.jpg 800w, https:\/\/zieglerh.de\/one\/wp-content\/uploads\/lehrer.jpg 1920w\" sizes=\"(max-width: 1280px) 100vw, 1280px\" \/><\/noscript><img width=\"1280\" height=\"720\" src=\"https:\/\/zieglerh.de\/one\/wp-content\/uploads\/lehrer-1280x720.jpg\" class=\"wp-image-2650 vp-lazyload\" alt loading=\"eager\" srcset=\"data:image\/svg+xml;base64,PHN2ZyB3aWR0aD0iMTI4MCIgaGVpZ2h0PSI3MjAiIHZpZXdCb3g9IjAgMCAxMjgwIDcyMCIgZmlsbD0ibm9uZSIgeG1sbnM9Imh0dHA6Ly93d3cudzMub3JnLzIwMDAvc3ZnIj48L3N2Zz4=\" data-src=\"https:\/\/zieglerh.de\/one\/wp-content\/uploads\/lehrer-1280x720.jpg\" data-srcset=\"https:\/\/zieglerh.de\/one\/wp-content\/uploads\/lehrer-1280x720.jpg 1280w, https:\/\/zieglerh.de\/one\/wp-content\/uploads\/lehrer-300x169.jpg 300w, https:\/\/zieglerh.de\/one\/wp-content\/uploads\/lehrer-1024x576.jpg 1024w, https:\/\/zieglerh.de\/one\/wp-content\/uploads\/lehrer-768x432.jpg 768w, https:\/\/zieglerh.de\/one\/wp-content\/uploads\/lehrer-1536x864.jpg 1536w, https:\/\/zieglerh.de\/one\/wp-content\/uploads\/lehrer-500x281.jpg 500w, https:\/\/zieglerh.de\/one\/wp-content\/uploads\/lehrer-800x450.jpg 800w, https:\/\/zieglerh.de\/one\/wp-content\/uploads\/lehrer.jpg 1920w\" data-sizes=\"auto\">\n\t\t<\/a>\t<\/div>\n<\/div>\n\t<figcaption class=\"vp-portfolio__item-overlay vp-portfolio__item-overlay-text-align-center\">\n\t\t<div class=\"vp-portfolio__item-meta-wrap vp-portfolio__custom-scrollbar\">\n\t\t\t\t<a\n\t\thref=\"https:\/\/zieglerh.de\/one\/wp-content\/uploads\/lehrer.jpg\"\n\t\ttabindex=\"-1\" class=\"vp-portfolio__item-meta\" aria-label=\"lehrer\" \t>\n\t\n<div class=\"vp-portfolio__item-meta-icon\">\n\t\n<svg class=\"vp-svg-icon\" width=\"20\" height=\"20\" viewBox=\"0 0 20 20\" fill=\"none\" xmlns=\"http:\/\/www.w3.org\/2000\/svg\">\n\t<path d=\"M9 17C13.4183 17 17 13.4183 17 9C17 4.58172 13.4183 1 9 1C4.58172 1 1 4.58172 1 9C1 13.4183 4.58172 17 9 17Z\" stroke=\"currentColor\" stroke-width=\"1.5\" stroke-linecap=\"round\" stroke-linejoin=\"round\" fill=\"transparent\" \/>\n\t<path d=\"M19 19L14.65 14.65\" stroke=\"currentColor\" stroke-width=\"1.5\" stroke-linecap=\"round\" stroke-linejoin=\"round\" fill=\"transparent\" \/>\n<\/svg>\n<\/div>\n<\/a>\t\t<\/div>\n\t<\/figcaption>\n\t\t\t<\/figure>\n\t\t\t\t\t<\/div>\n\t\t\n\t\t<div\t\tclass=\"vp-portfolio__item-wrap vp-portfolio__item-uid-c5a443b3\" data-vp-filter=\"\" \t\t>\n\t\t\t<template class=\"vp-portfolio__item-popup\" data-vp-popup-img=\"https:\/\/zieglerh.de\/one\/wp-content\/uploads\/strandjoga_-1.jpg\" data-vp-popup-img-srcset=\"https:\/\/zieglerh.de\/one\/wp-content\/uploads\/strandjoga_-1.jpg 1920w, https:\/\/zieglerh.de\/one\/wp-content\/uploads\/strandjoga_-1-300x169.jpg 300w, https:\/\/zieglerh.de\/one\/wp-content\/uploads\/strandjoga_-1-1024x576.jpg 1024w, https:\/\/zieglerh.de\/one\/wp-content\/uploads\/strandjoga_-1-768x432.jpg 768w, https:\/\/zieglerh.de\/one\/wp-content\/uploads\/strandjoga_-1-1536x864.jpg 1536w, https:\/\/zieglerh.de\/one\/wp-content\/uploads\/strandjoga_-1-500x281.jpg 500w, https:\/\/zieglerh.de\/one\/wp-content\/uploads\/strandjoga_-1-800x450.jpg 800w, https:\/\/zieglerh.de\/one\/wp-content\/uploads\/strandjoga_-1-1280x720.jpg 1280w\" data-vp-popup-img-size=\"1920x1080\" data-vp-popup-md-img=\"https:\/\/zieglerh.de\/one\/wp-content\/uploads\/strandjoga_-1-800x450.jpg\" data-vp-popup-md-img-size=\"800x450\" data-vp-popup-sm-img=\"https:\/\/zieglerh.de\/one\/wp-content\/uploads\/strandjoga_-1-500x281.jpg\" data-vp-popup-sm-img-size=\"500x281\">\n\t<\/template>\n\t\t\t\t\t\t<figure class=\"vp-portfolio__item\">\n\t\t\t\t\n<div class=\"vp-portfolio__item-img-wrap\">\n\t<div class=\"vp-portfolio__item-img\">\n\t\t\t<a\n\t\thref=\"https:\/\/zieglerh.de\/one\/wp-content\/uploads\/strandjoga_-1.jpg\"\n\t\taria-label=\"strandjoga_\" \t>\n\t\n\t\t<noscript><img width=\"1280\" height=\"720\" data-skip-lazy src=\"https:\/\/zieglerh.de\/one\/wp-content\/uploads\/strandjoga_-1-1280x720.jpg\" class=\"wp-image-2651\" alt=\"\" loading=\"lazy\" srcset=\"https:\/\/zieglerh.de\/one\/wp-content\/uploads\/strandjoga_-1-1280x720.jpg 1280w, https:\/\/zieglerh.de\/one\/wp-content\/uploads\/strandjoga_-1-300x169.jpg 300w, https:\/\/zieglerh.de\/one\/wp-content\/uploads\/strandjoga_-1-1024x576.jpg 1024w, https:\/\/zieglerh.de\/one\/wp-content\/uploads\/strandjoga_-1-768x432.jpg 768w, https:\/\/zieglerh.de\/one\/wp-content\/uploads\/strandjoga_-1-1536x864.jpg 1536w, https:\/\/zieglerh.de\/one\/wp-content\/uploads\/strandjoga_-1-500x281.jpg 500w, https:\/\/zieglerh.de\/one\/wp-content\/uploads\/strandjoga_-1-800x450.jpg 800w, https:\/\/zieglerh.de\/one\/wp-content\/uploads\/strandjoga_-1.jpg 1920w\" sizes=\"(max-width: 1280px) 100vw, 1280px\" \/><\/noscript><img width=\"1280\" height=\"720\" src=\"https:\/\/zieglerh.de\/one\/wp-content\/uploads\/strandjoga_-1-1280x720.jpg\" class=\"wp-image-2651 vp-lazyload\" alt loading=\"eager\" srcset=\"data:image\/svg+xml;base64,PHN2ZyB3aWR0aD0iMTI4MCIgaGVpZ2h0PSI3MjAiIHZpZXdCb3g9IjAgMCAxMjgwIDcyMCIgZmlsbD0ibm9uZSIgeG1sbnM9Imh0dHA6Ly93d3cudzMub3JnLzIwMDAvc3ZnIj48L3N2Zz4=\" data-src=\"https:\/\/zieglerh.de\/one\/wp-content\/uploads\/strandjoga_-1-1280x720.jpg\" data-srcset=\"https:\/\/zieglerh.de\/one\/wp-content\/uploads\/strandjoga_-1-1280x720.jpg 1280w, https:\/\/zieglerh.de\/one\/wp-content\/uploads\/strandjoga_-1-300x169.jpg 300w, https:\/\/zieglerh.de\/one\/wp-content\/uploads\/strandjoga_-1-1024x576.jpg 1024w, https:\/\/zieglerh.de\/one\/wp-content\/uploads\/strandjoga_-1-768x432.jpg 768w, https:\/\/zieglerh.de\/one\/wp-content\/uploads\/strandjoga_-1-1536x864.jpg 1536w, https:\/\/zieglerh.de\/one\/wp-content\/uploads\/strandjoga_-1-500x281.jpg 500w, https:\/\/zieglerh.de\/one\/wp-content\/uploads\/strandjoga_-1-800x450.jpg 800w, https:\/\/zieglerh.de\/one\/wp-content\/uploads\/strandjoga_-1.jpg 1920w\" data-sizes=\"auto\">\n\t\t<\/a>\t<\/div>\n<\/div>\n\t<figcaption class=\"vp-portfolio__item-overlay vp-portfolio__item-overlay-text-align-center\">\n\t\t<div class=\"vp-portfolio__item-meta-wrap vp-portfolio__custom-scrollbar\">\n\t\t\t\t<a\n\t\thref=\"https:\/\/zieglerh.de\/one\/wp-content\/uploads\/strandjoga_-1.jpg\"\n\t\ttabindex=\"-1\" class=\"vp-portfolio__item-meta\" aria-label=\"strandjoga_\" \t>\n\t\n<div class=\"vp-portfolio__item-meta-icon\">\n\t\n<svg class=\"vp-svg-icon\" width=\"20\" height=\"20\" viewBox=\"0 0 20 20\" fill=\"none\" xmlns=\"http:\/\/www.w3.org\/2000\/svg\">\n\t<path d=\"M9 17C13.4183 17 17 13.4183 17 9C17 4.58172 13.4183 1 9 1C4.58172 1 1 4.58172 1 9C1 13.4183 4.58172 17 9 17Z\" stroke=\"currentColor\" stroke-width=\"1.5\" stroke-linecap=\"round\" stroke-linejoin=\"round\" fill=\"transparent\" \/>\n\t<path d=\"M19 19L14.65 14.65\" stroke=\"currentColor\" stroke-width=\"1.5\" stroke-linecap=\"round\" stroke-linejoin=\"round\" fill=\"transparent\" \/>\n<\/svg>\n<\/div>\n<\/a>\t\t<\/div>\n\t<\/figcaption>\n\t\t\t<\/figure>\n\t\t\t\t\t<\/div>\n\t\t\n\t\t<div\t\tclass=\"vp-portfolio__item-wrap vp-portfolio__item-uid-ee8dce19\" data-vp-filter=\"\" \t\t>\n\t\t\t<template class=\"vp-portfolio__item-popup\" data-vp-popup-img=\"https:\/\/zieglerh.de\/one\/wp-content\/uploads\/gallery_08.jpg\" data-vp-popup-img-srcset=\"https:\/\/zieglerh.de\/one\/wp-content\/uploads\/gallery_08.jpg 1820w, https:\/\/zieglerh.de\/one\/wp-content\/uploads\/gallery_08-300x169.jpg 300w, https:\/\/zieglerh.de\/one\/wp-content\/uploads\/gallery_08-1024x576.jpg 1024w, https:\/\/zieglerh.de\/one\/wp-content\/uploads\/gallery_08-768x432.jpg 768w, https:\/\/zieglerh.de\/one\/wp-content\/uploads\/gallery_08-1536x863.jpg 1536w, https:\/\/zieglerh.de\/one\/wp-content\/uploads\/gallery_08-500x281.jpg 500w, https:\/\/zieglerh.de\/one\/wp-content\/uploads\/gallery_08-800x450.jpg 800w, https:\/\/zieglerh.de\/one\/wp-content\/uploads\/gallery_08-1280x719.jpg 1280w\" data-vp-popup-img-size=\"1820x1023\" data-vp-popup-md-img=\"https:\/\/zieglerh.de\/one\/wp-content\/uploads\/gallery_08-800x450.jpg\" data-vp-popup-md-img-size=\"800x450\" data-vp-popup-sm-img=\"https:\/\/zieglerh.de\/one\/wp-content\/uploads\/gallery_08-500x281.jpg\" data-vp-popup-sm-img-size=\"500x281\">\n\t<\/template>\n\t\t\t\t\t\t<figure class=\"vp-portfolio__item\">\n\t\t\t\t\n<div class=\"vp-portfolio__item-img-wrap\">\n\t<div class=\"vp-portfolio__item-img\">\n\t\t\t<a\n\t\thref=\"https:\/\/zieglerh.de\/one\/wp-content\/uploads\/gallery_08.jpg\"\n\t\taria-label=\"gallery_08\" \t>\n\t\n\t\t<noscript><img width=\"1280\" height=\"719\" data-skip-lazy src=\"https:\/\/zieglerh.de\/one\/wp-content\/uploads\/gallery_08-1280x719.jpg\" class=\"wp-image-2652\" alt=\"\" loading=\"lazy\" srcset=\"https:\/\/zieglerh.de\/one\/wp-content\/uploads\/gallery_08-1280x719.jpg 1280w, https:\/\/zieglerh.de\/one\/wp-content\/uploads\/gallery_08-300x169.jpg 300w, https:\/\/zieglerh.de\/one\/wp-content\/uploads\/gallery_08-1024x576.jpg 1024w, https:\/\/zieglerh.de\/one\/wp-content\/uploads\/gallery_08-768x432.jpg 768w, https:\/\/zieglerh.de\/one\/wp-content\/uploads\/gallery_08-1536x863.jpg 1536w, https:\/\/zieglerh.de\/one\/wp-content\/uploads\/gallery_08-500x281.jpg 500w, https:\/\/zieglerh.de\/one\/wp-content\/uploads\/gallery_08-800x450.jpg 800w, https:\/\/zieglerh.de\/one\/wp-content\/uploads\/gallery_08.jpg 1820w\" sizes=\"(max-width: 1280px) 100vw, 1280px\" \/><\/noscript><img width=\"1280\" height=\"719\" src=\"https:\/\/zieglerh.de\/one\/wp-content\/uploads\/gallery_08-1280x719.jpg\" class=\"wp-image-2652 vp-lazyload\" alt loading=\"eager\" srcset=\"data:image\/svg+xml;base64,PHN2ZyB3aWR0aD0iMTI4MCIgaGVpZ2h0PSI3MTkiIHZpZXdCb3g9IjAgMCAxMjgwIDcxOSIgZmlsbD0ibm9uZSIgeG1sbnM9Imh0dHA6Ly93d3cudzMub3JnLzIwMDAvc3ZnIj48L3N2Zz4=\" data-src=\"https:\/\/zieglerh.de\/one\/wp-content\/uploads\/gallery_08-1280x719.jpg\" data-srcset=\"https:\/\/zieglerh.de\/one\/wp-content\/uploads\/gallery_08-1280x719.jpg 1280w, https:\/\/zieglerh.de\/one\/wp-content\/uploads\/gallery_08-300x169.jpg 300w, https:\/\/zieglerh.de\/one\/wp-content\/uploads\/gallery_08-1024x576.jpg 1024w, https:\/\/zieglerh.de\/one\/wp-content\/uploads\/gallery_08-768x432.jpg 768w, https:\/\/zieglerh.de\/one\/wp-content\/uploads\/gallery_08-1536x863.jpg 1536w, https:\/\/zieglerh.de\/one\/wp-content\/uploads\/gallery_08-500x281.jpg 500w, https:\/\/zieglerh.de\/one\/wp-content\/uploads\/gallery_08-800x450.jpg 800w, https:\/\/zieglerh.de\/one\/wp-content\/uploads\/gallery_08.jpg 1820w\" data-sizes=\"auto\">\n\t\t<\/a>\t<\/div>\n<\/div>\n\t<figcaption class=\"vp-portfolio__item-overlay vp-portfolio__item-overlay-text-align-center\">\n\t\t<div class=\"vp-portfolio__item-meta-wrap vp-portfolio__custom-scrollbar\">\n\t\t\t\t<a\n\t\thref=\"https:\/\/zieglerh.de\/one\/wp-content\/uploads\/gallery_08.jpg\"\n\t\ttabindex=\"-1\" class=\"vp-portfolio__item-meta\" aria-label=\"gallery_08\" \t>\n\t\n<div class=\"vp-portfolio__item-meta-icon\">\n\t\n<svg class=\"vp-svg-icon\" width=\"20\" height=\"20\" viewBox=\"0 0 20 20\" fill=\"none\" xmlns=\"http:\/\/www.w3.org\/2000\/svg\">\n\t<path d=\"M9 17C13.4183 17 17 13.4183 17 9C17 4.58172 13.4183 1 9 1C4.58172 1 1 4.58172 1 9C1 13.4183 4.58172 17 9 17Z\" stroke=\"currentColor\" stroke-width=\"1.5\" stroke-linecap=\"round\" stroke-linejoin=\"round\" fill=\"transparent\" \/>\n\t<path d=\"M19 19L14.65 14.65\" stroke=\"currentColor\" stroke-width=\"1.5\" stroke-linecap=\"round\" stroke-linejoin=\"round\" fill=\"transparent\" \/>\n<\/svg>\n<\/div>\n<\/a>\t\t<\/div>\n\t<\/figcaption>\n\t\t\t<\/figure>\n\t\t\t\t\t<\/div>\n\t\t\n\t\t<div\t\tclass=\"vp-portfolio__item-wrap vp-portfolio__item-uid-a4ead73f\" data-vp-filter=\"\" \t\t>\n\t\t\t<template class=\"vp-portfolio__item-popup\" data-vp-popup-img=\"https:\/\/zieglerh.de\/one\/wp-content\/uploads\/strandjoga-1.jpg\" data-vp-popup-img-srcset=\"https:\/\/zieglerh.de\/one\/wp-content\/uploads\/strandjoga-1.jpg 1920w, https:\/\/zieglerh.de\/one\/wp-content\/uploads\/strandjoga-1-300x169.jpg 300w, https:\/\/zieglerh.de\/one\/wp-content\/uploads\/strandjoga-1-1024x576.jpg 1024w, https:\/\/zieglerh.de\/one\/wp-content\/uploads\/strandjoga-1-768x432.jpg 768w, https:\/\/zieglerh.de\/one\/wp-content\/uploads\/strandjoga-1-1536x864.jpg 1536w, https:\/\/zieglerh.de\/one\/wp-content\/uploads\/strandjoga-1-500x281.jpg 500w, https:\/\/zieglerh.de\/one\/wp-content\/uploads\/strandjoga-1-800x450.jpg 800w, https:\/\/zieglerh.de\/one\/wp-content\/uploads\/strandjoga-1-1280x720.jpg 1280w\" data-vp-popup-img-size=\"1920x1080\" data-vp-popup-md-img=\"https:\/\/zieglerh.de\/one\/wp-content\/uploads\/strandjoga-1-800x450.jpg\" data-vp-popup-md-img-size=\"800x450\" data-vp-popup-sm-img=\"https:\/\/zieglerh.de\/one\/wp-content\/uploads\/strandjoga-1-500x281.jpg\" data-vp-popup-sm-img-size=\"500x281\">\n\t<\/template>\n\t\t\t\t\t\t<figure class=\"vp-portfolio__item\">\n\t\t\t\t\n<div class=\"vp-portfolio__item-img-wrap\">\n\t<div class=\"vp-portfolio__item-img\">\n\t\t\t<a\n\t\thref=\"https:\/\/zieglerh.de\/one\/wp-content\/uploads\/strandjoga-1.jpg\"\n\t\taria-label=\"strandjoga\" \t>\n\t\n\t\t<noscript><img width=\"1280\" height=\"720\" data-skip-lazy src=\"https:\/\/zieglerh.de\/one\/wp-content\/uploads\/strandjoga-1-1280x720.jpg\" class=\"wp-image-2653\" alt=\"\" loading=\"lazy\" srcset=\"https:\/\/zieglerh.de\/one\/wp-content\/uploads\/strandjoga-1-1280x720.jpg 1280w, https:\/\/zieglerh.de\/one\/wp-content\/uploads\/strandjoga-1-300x169.jpg 300w, https:\/\/zieglerh.de\/one\/wp-content\/uploads\/strandjoga-1-1024x576.jpg 1024w, https:\/\/zieglerh.de\/one\/wp-content\/uploads\/strandjoga-1-768x432.jpg 768w, https:\/\/zieglerh.de\/one\/wp-content\/uploads\/strandjoga-1-1536x864.jpg 1536w, https:\/\/zieglerh.de\/one\/wp-content\/uploads\/strandjoga-1-500x281.jpg 500w, https:\/\/zieglerh.de\/one\/wp-content\/uploads\/strandjoga-1-800x450.jpg 800w, https:\/\/zieglerh.de\/one\/wp-content\/uploads\/strandjoga-1.jpg 1920w\" sizes=\"(max-width: 1280px) 100vw, 1280px\" \/><\/noscript><img width=\"1280\" height=\"720\" src=\"https:\/\/zieglerh.de\/one\/wp-content\/uploads\/strandjoga-1-1280x720.jpg\" class=\"wp-image-2653 vp-lazyload\" alt loading=\"eager\" srcset=\"data:image\/svg+xml;base64,PHN2ZyB3aWR0aD0iMTI4MCIgaGVpZ2h0PSI3MjAiIHZpZXdCb3g9IjAgMCAxMjgwIDcyMCIgZmlsbD0ibm9uZSIgeG1sbnM9Imh0dHA6Ly93d3cudzMub3JnLzIwMDAvc3ZnIj48L3N2Zz4=\" data-src=\"https:\/\/zieglerh.de\/one\/wp-content\/uploads\/strandjoga-1-1280x720.jpg\" data-srcset=\"https:\/\/zieglerh.de\/one\/wp-content\/uploads\/strandjoga-1-1280x720.jpg 1280w, https:\/\/zieglerh.de\/one\/wp-content\/uploads\/strandjoga-1-300x169.jpg 300w, https:\/\/zieglerh.de\/one\/wp-content\/uploads\/strandjoga-1-1024x576.jpg 1024w, https:\/\/zieglerh.de\/one\/wp-content\/uploads\/strandjoga-1-768x432.jpg 768w, https:\/\/zieglerh.de\/one\/wp-content\/uploads\/strandjoga-1-1536x864.jpg 1536w, https:\/\/zieglerh.de\/one\/wp-content\/uploads\/strandjoga-1-500x281.jpg 500w, https:\/\/zieglerh.de\/one\/wp-content\/uploads\/strandjoga-1-800x450.jpg 800w, https:\/\/zieglerh.de\/one\/wp-content\/uploads\/strandjoga-1.jpg 1920w\" data-sizes=\"auto\">\n\t\t<\/a>\t<\/div>\n<\/div>\n\t<figcaption class=\"vp-portfolio__item-overlay vp-portfolio__item-overlay-text-align-center\">\n\t\t<div class=\"vp-portfolio__item-meta-wrap vp-portfolio__custom-scrollbar\">\n\t\t\t\t<a\n\t\thref=\"https:\/\/zieglerh.de\/one\/wp-content\/uploads\/strandjoga-1.jpg\"\n\t\ttabindex=\"-1\" class=\"vp-portfolio__item-meta\" aria-label=\"strandjoga\" \t>\n\t\n<div class=\"vp-portfolio__item-meta-icon\">\n\t\n<svg class=\"vp-svg-icon\" width=\"20\" height=\"20\" viewBox=\"0 0 20 20\" fill=\"none\" xmlns=\"http:\/\/www.w3.org\/2000\/svg\">\n\t<path d=\"M9 17C13.4183 17 17 13.4183 17 9C17 4.58172 13.4183 1 9 1C4.58172 1 1 4.58172 1 9C1 13.4183 4.58172 17 9 17Z\" stroke=\"currentColor\" stroke-width=\"1.5\" stroke-linecap=\"round\" stroke-linejoin=\"round\" fill=\"transparent\" \/>\n\t<path d=\"M19 19L14.65 14.65\" stroke=\"currentColor\" stroke-width=\"1.5\" stroke-linecap=\"round\" stroke-linejoin=\"round\" fill=\"transparent\" \/>\n<\/svg>\n<\/div>\n<\/a>\t\t<\/div>\n\t<\/figcaption>\n\t\t\t<\/figure>\n\t\t\t\t\t<\/div>\n\t\t\n<\/div>\n\t\t<\/div>\n\t\t\n<\/div>\n\n<p>&nbsp;<\/p>\n<\/div>\n\t\t<\/div><\/div><\/div><\/div><\/div><div id=\"pg-509-10\"  class=\"panel-grid panel-has-style\" ><div class=\"panel-row-style panel-row-style-for-509-10\" ><div id=\"pgc-509-10-0\"  class=\"panel-grid-cell\" ><div id=\"panel-509-10-0-0\" class=\"so-panel widget widget_siteorigin-panels-builder panel-first-child panel-last-child\" data-index=\"10\" ><div class=\"panel-widget-style panel-widget-style-for-509-10-0-0\" ><div id=\"pl-w6102c3a8128cb\"  class=\"panel-layout\" ><div id=\"pg-w6102c3a8128cb-0\"  class=\"panel-grid panel-no-style\" ><div id=\"pgc-w6102c3a8128cb-0-0\"  class=\"panel-grid-cell\" ><div id=\"panel-w6102c3a8128cb-0-0-0\" class=\"so-panel widget widget_text panel-first-child panel-last-child\" data-index=\"0\" ><div class=\"panel-widget-style panel-widget-style-for-w6102c3a8128cb-0-0-0\" >\t\t\t<div class=\"textwidget\"><p><a class=\"target\" name=\"links\"><\/a><!-- links section --><\/p>\n<h2 class=\"section-heading-links\">Moyo liebt<\/h2>\n<hr class=\"links\" \/>\n<\/div>\n\t\t<\/div><\/div><\/div><\/div><div id=\"pg-w6102c3a8128cb-1\"  class=\"panel-grid panel-no-style\" ><div id=\"pgc-w6102c3a8128cb-1-0\"  class=\"panel-grid-cell\" ><div id=\"panel-w6102c3a8128cb-1-0-0\" class=\"so-panel widget widget_text panel-first-child panel-last-child\" data-index=\"1\" ><div class=\"panel-widget-style panel-widget-style-for-w6102c3a8128cb-1-0-0\" >\t\t\t<div class=\"textwidget\"><p>Die Flows im Flow<br \/>\n<a href=\"http:\/\/yogaflow-mannheim.de\/\" target=\"_blank\" rel=\"noopener\">http:\/\/yogaflow-mannheim.de\/ <\/a><\/p>\n<p>Das Seminarhaus und Wohlf\u00fchlort<br \/>\n<a href=\"http:\/\/www.keddarterhof.de\/ \" target=\"_blank\" rel=\"noopener\">http:\/\/www.keddarterhof.de\/<br \/>\n<\/a><\/p>\n<p>Die Workshops und Retreats mit Winni und Sophia<br \/>\n<a href=\"http:\/\/flying-yogis.de\/\" target=\"_blank\" rel=\"noopener\">http:\/\/www.flying-yogis.de\/ <\/a><\/p>\n<p>Das N\u00fcrnberger Caf\u00e9<br \/>\n<a href=\"http:\/\/www.salonregina.de\/ \" target=\"_blank\" rel=\"noopener\">http:\/\/www.salonregina.de\/ <\/a><\/p>\n<p>Das kleine Ruheparadies von Anna Gaiba in Umbrien<br \/>\n<a href=\"http:\/\/www.agriviva.eu\/agriturismo-acquaviva-appartamenti-con-piscina-a-todi\/\" target=\"_blank\" rel=\"noopener\">http:\/\/www.agriviva.eu<\/a><\/p>\n<p>Monas Stimme und Texte<br \/>\n<a href=\"http:\/\/www.melankolibri.de\/\" target=\"_blank\" rel=\"noopener\">http:\/\/www.melankolibri.de\/<\/a><\/p>\n<p>Die tollen Podcasts von DLF Nova<br \/>\n<a href=\"https:\/\/www.deutschlandfunknova.de\" target=\"_blank\" rel=\"noopener\">https:\/\/www.deutschlandfunknova.de<\/a><\/p>\n<p>&nbsp;<\/p>\n<\/div>\n\t\t<\/div><\/div><\/div><div id=\"pgc-w6102c3a8128cb-1-1\"  class=\"panel-grid-cell\" ><div id=\"panel-w6102c3a8128cb-1-1-0\" class=\"so-panel widget widget_text panel-first-child panel-last-child\" data-index=\"2\" ><div class=\"panel-widget-style panel-widget-style-for-w6102c3a8128cb-1-1-0\" >\t\t\t<div class=\"textwidget\"><p>Die alternative Alternative zu google<br \/>\n<a href=\"http:\/\/www.ecosia.org\/ \" target=\"_blank\" rel=\"noopener\">http:\/\/www.ecosia.org<\/a><\/p>\n<p>Den Dauerbrenner<br \/>\n<a href=\"http:\/\/www.zeit-statt-zeug.de\/de\/\" target=\"_blank\" rel=\"noopener\">http:\/\/www.zeit-statt-zeug.de\/de\/<\/a><\/p>\n<p>Wasser tanken<br \/>\n<a href=\"https:\/\/refill-deutschland.de\/\" target=\"_blank\" rel=\"noopener\">https:\/\/refill-deutschland.de\/<\/a><\/p>\n<p>Das Projekt<br \/>\n<a href=\"http:\/\/www.theoceancleanup.com\/\" target=\"_blank\" rel=\"noopener\">http:\/\/www.theoceancleanup.com<\/a><\/p>\n<p>Bienen<br \/>\n<a href=\"https:\/\/www.beebetter.de\" target=\"_blank\" rel=\"noopener\">https:\/\/www.beebetter.de<\/a><\/p>\n<\/div>\n\t\t<\/div><\/div><\/div><\/div><\/div><\/div><\/div><\/div><\/div><\/div><div id=\"pg-509-11\"  class=\"panel-grid panel-has-style\" ><div class=\"panel-row-style panel-row-style-for-509-11\" ><div id=\"pgc-509-11-0\"  class=\"panel-grid-cell\" ><div id=\"panel-509-11-0-0\" class=\"so-panel widget widget_text panel-first-child\" data-index=\"11\" ><div class=\"panel-widget-style panel-widget-style-for-509-11-0-0\" >\t\t\t<div class=\"textwidget\"><h2 class=\"section-heading-kontakt\">Kontakt und Impressum<\/h2>\n<hr class=\"kontakt\" \/>\n<p>Sylvia Prenzel und Linda Voigtl\u00e4nder GbR<br \/>\nHarztalerstr. 103<br \/>\n67693 Fischbach<\/p>\n<p>Tel: 0152\/01493824<br \/>\nE-Mail: info@moyo-yoga.de<br \/>\nInternet: http:\/\/www.moyo-yoga.de<br \/>\nUSt-IdNr.: 19\/131\/3299\/6<br \/>\nInhaltlich Verantwortlicher gem\u00e4\u00df \u00a7 6 MDStV: Sylvia Prenzel\u00a0und Linda Voigtl\u00e4nder GbR<\/p>\n<p class=\"text10\">Der Autor \u00fcbernimmt keinerlei Gew\u00e4hr f\u00fcr die Aktualit\u00e4t, Korrektheit, Vollst\u00e4ndigkeit oder Qualit\u00e4t der bereitgestellten<br \/>\nInformationen. Haftungsanspr\u00fcche jeglicher Art, die durch die Nutzung oder Nichtnutzung der dargebotenen Informationen bzw.<br \/>\ndurch die Nutzung fehlerhafter und unvollst\u00e4ndiger Informationen verursacht wurden sind grunds\u00e4tzlich ausgeschlossen, sofern<br \/>\nseitens des Autors kein nachweislich vors\u00e4tzliches oder grob fahrl\u00e4ssiges Verschulden vorliegt. Die Website-Betreiber behalten<br \/>\nes sich ausdr\u00fccklich vor, Teile der Seiten oder das gesamte Angebot ohne Ank\u00fcndigung zu ver\u00e4ndern, zu erg\u00e4nzen, zu l\u00f6schen<br \/>\noder die Ver\u00f6ffentlichung zeitweise oder endg\u00fcltig einzustellen.<\/p>\n<p class=\"text10\">Externe Links<br \/>\nF\u00fcr den Inhalt von Websites, auf die von unseren Websites mittels Hyperlink oder sonst verwiesen wird, sind wir nicht<br \/>\nverantwortlich, da wir darauf keinen Einfluss haben. Vorsorglich distanzieren wir uns deshalb hiermit ausdr\u00fccklich von<br \/>\nallen Inhalten jeglicher direkt oder indirekt referenzierten Seiten auf den betroffenen Websites, inklusive aller Unterseiten.<br \/>\nDiese Erkl\u00e4rung gilt f\u00fcr alle auf der Website gesetzten Links und f\u00fcr alle Inhalte der Seiten, zu denen Links und\/oder Banner f\u00fchren.<\/p>\n<p><a class=\"target\" name=\"impressum\"><\/a><!-- impressum section --><\/p>\n<\/div>\n\t\t<\/div><\/div><div id=\"panel-509-11-0-1\" class=\"so-panel widget widget_sow-accordion panel-last-child\" data-index=\"12\" ><div class=\"panel-widget-style panel-widget-style-for-509-11-0-1\" ><div\n\t\t\t\n\t\t\tclass=\"so-widget-sow-accordion so-widget-sow-accordion-default-85b563c88114-509\"\n\t\t\t\n\t\t><div>\n\t<div class=\"sow-accordion\">\n\t\t\t<div class=\"sow-accordion-panel\n\t\t\t\t\t\"\n\t\t\t\tdata-anchor-id=\"datenschutzerklaerung\">\n\t\t\t\t\t<div class=\"sow-accordion-panel-header-container\" role=\"heading\" aria-level=\"2\">\n\t\t\t\t\t<div class=\"sow-accordion-panel-header\" tabindex=\"0\" role=\"button\" id=\"accordion-label-datenschutzerkl%c3%a4rung\" aria-controls=\"accordion-content-datenschutzerkl%c3%a4rung\" aria-expanded=\"false\">\n\t\t\t\t\t\t<div class=\"sow-accordion-title sow-accordion-title-icon-left\">\n\t\t\t\t\t\t\t\t\t\t\t\t\t\tDatenschutzerkl\u00e4rung\t\t\t\t\t\t\t\t\t\t\t\t\t<\/div>\n\t\t\t\t\t\t<div class=\"sow-accordion-open-close-button\">\n\t\t\t\t\t\t\t<div class=\"sow-accordion-open-button\">\n\t\t\t\t\t\t\t\t<span class=\"sow-icon-ionicons\" data-sow-icon=\"&#xf218;\"\n\t\t \n\t\taria-hidden=\"true\"><\/span>\t\t\t\t\t\t\t<\/div>\n\t\t\t\t\t\t\t<div class=\"sow-accordion-close-button\">\n\t\t\t\t\t\t\t\t<span class=\"sow-icon-ionicons\" data-sow-icon=\"&#xf209;\"\n\t\t \n\t\taria-hidden=\"true\"><\/span>\t\t\t\t\t\t\t<\/div>\n\t\t\t\t\t\t<\/div>\n\t\t\t\t\t<\/div>\n\t\t\t\t<\/div>\n\n\t\t\t<div\n\t\t\t\tclass=\"sow-accordion-panel-content\"\n\t\t\t\trole=\"region\"\n\t\t\t\taria-labelledby=\"accordion-label-datenschutzerkl%c3%a4rung\"\n\t\t\t\tid=\"accordion-content-datenschutzerkl%c3%a4rung\"\n\t\t\t\tstyle=\"display: none;\"\t\t\t>\n\t\t\t\t<div class=\"sow-accordion-panel-border\">\n\t\t\t\t\t<h2>Datenschutzerkl\u00e4rung<\/h2>\n<h3 id=\"dsg-general-intro\"><\/h3>\nDiese Datenschutzerkl\u00e4rung kl\u00e4rt Sie \u00fcber die Art, den Umfang und Zweck der Verarbeitung von personenbezogenen Daten (nachfolgend kurz \u201eDaten\u201c) innerhalb unseres Onlineangebotes und der mit ihm verbundenen Webseiten, Funktionen und Inhalte sowie externen Onlinepr\u00e4senzen, wie z.B. unser Social Media Profile auf (nachfolgend gemeinsam bezeichnet als \u201eOnlineangebot\u201c). Im Hinblick auf die verwendeten Begrifflichkeiten, wie z.B. \u201eVerarbeitung\u201c oder \u201eVerantwortlicher\u201c verweisen wir auf die Definitionen im Art. 4 der Datenschutzgrundverordnung (DSGVO).\n<h3 id=\"dsg-general-controller\">Verantwortlicher<\/h3>\n<span class=\"tsmcontroller\">Sylvia Prenzel und Linda Voigtl\u00e4nder GbR\nGaustra\u00dfe 4\n67655 Kaiserslautern\nE-Mail: info@moyo-yoga.de\nImpressum: http:\/\/www.moyo-yoga.de\/#impressum<\/span>\n<h3 id=\"dsg-general-datatype\">Arten der verarbeiteten Daten:<\/h3>\n- Bestandsdaten (z.B., Namen, Adressen).\n- Kontaktdaten (z.B., E-Mail, Telefonnummern).\n- Inhaltsdaten (z.B., Texteingaben, Fotografien, Videos).\n- Nutzungsdaten (z.B., besuchte Webseiten, Interesse an Inhalten, Zugriffszeiten).\n- Meta-\/Kommunikationsdaten (z.B., Ger\u00e4te-Informationen, IP-Adressen).\n<h3 id=\"dsg-general-datasubjects\">Kategorien betroffener Personen<\/h3>\nBesucher und Nutzer des Onlineangebotes (Nachfolgend bezeichnen wir die betroffenen Personen zusammenfassend auch als \u201eNutzer\u201c).\n<h3 id=\"dsg-general-purpose\">Zweck der Verarbeitung<\/h3>\n- Zurverf\u00fcgungstellung des Onlineangebotes, seiner Funktionen und Inhalte.\n- Beantwortung von Kontaktanfragen und Kommunikation mit Nutzern.\n- Sicherheitsma\u00dfnahmen.\n- Reichweitenmessung\/Marketing\n<h3 id=\"dsg-general-terms\">Verwendete Begrifflichkeiten<\/h3>\n\u201ePersonenbezogene Daten\u201c sind alle Informationen, die sich auf eine identifizierte oder identifizierbare nat\u00fcrliche Person (im Folgenden \u201ebetroffene Person\u201c) beziehen; als identifizierbar wird eine nat\u00fcrliche Person angesehen, die direkt oder indirekt, insbesondere mittels Zuordnung zu einer Kennung wie einem Namen, zu einer Kennnummer, zu Standortdaten, zu einer Online-Kennung (z.B. Cookie) oder zu einem oder mehreren besonderen Merkmalen identifiziert werden kann, die Ausdruck der physischen, physiologischen, genetischen, psychischen, wirtschaftlichen, kulturellen oder sozialen Identit\u00e4t dieser nat\u00fcrlichen Person sind.\n\n\u201eVerarbeitung\u201c ist jeder mit oder ohne Hilfe automatisierter Verfahren ausgef\u00fchrte Vorgang oder jede solche Vorgangsreihe im Zusammenhang mit personenbezogenen Daten. Der Begriff reicht weit und umfasst praktisch jeden Umgang mit Daten.\n\n\u201ePseudonymisierung\u201c die Verarbeitung personenbezogener Daten in einer Weise, dass die personenbezogenen Daten ohne Hinzuziehung zus\u00e4tzlicher Informationen nicht mehr einer spezifischen betroffenen Person zugeordnet werden k\u00f6nnen, sofern diese zus\u00e4tzlichen Informationen gesondert aufbewahrt werden und technischen und organisatorischen Ma\u00dfnahmen unterliegen, die gew\u00e4hrleisten, dass die personenbezogenen Daten nicht einer identifizierten oder identifizierbaren nat\u00fcrlichen Person zugewiesen werden.\n\n\u201eProfiling\u201c jede Art der automatisierten Verarbeitung personenbezogener Daten, die darin besteht, dass diese personenbezogenen Daten verwendet werden, um bestimmte pers\u00f6nliche Aspekte, die sich auf eine nat\u00fcrliche Person beziehen, zu bewerten, insbesondere um Aspekte bez\u00fcglich Arbeitsleistung, wirtschaftliche Lage, Gesundheit, pers\u00f6nliche Vorlieben, Interessen, Zuverl\u00e4ssigkeit, Verhalten, Aufenthaltsort oder Ortswechsel dieser nat\u00fcrlichen Person zu analysieren oder vorherzusagen.\n\nAls \u201eVerantwortlicher\u201c wird die nat\u00fcrliche oder juristische Person, Beh\u00f6rde, Einrichtung oder andere Stelle, die allein oder gemeinsam mit anderen \u00fcber die Zwecke und Mittel der Verarbeitung von personenbezogenen Daten entscheidet, bezeichnet.\n\n\u201eAuftragsverarbeiter\u201c eine nat\u00fcrliche oder juristische Person, Beh\u00f6rde, Einrichtung oder andere Stelle, die personenbezogene Daten im Auftrag des Verantwortlichen verarbeitet.\n<h3 id=\"dsg-general-legalbasis\">Ma\u00dfgebliche Rechtsgrundlagen<\/h3>\nNach Ma\u00dfgabe des Art. 13 DSGVO teilen wir Ihnen die Rechtsgrundlagen unserer Datenverarbeitungen mit. Sofern die Rechtsgrundlage in der Datenschutzerkl\u00e4rung nicht genannt wird, gilt Folgendes: Die Rechtsgrundlage f\u00fcr die Einholung von Einwilligungen ist Art. 6 Abs. 1 lit. a und Art. 7 DSGVO, die Rechtsgrundlage f\u00fcr die Verarbeitung zur Erf\u00fcllung unserer Leistungen und Durchf\u00fchrung vertraglicher Ma\u00dfnahmen sowie Beantwortung von Anfragen ist Art. 6 Abs. 1 lit. b DSGVO, die Rechtsgrundlage f\u00fcr die Verarbeitung zur Erf\u00fcllung unserer rechtlichen Verpflichtungen ist Art. 6 Abs. 1 lit. c DSGVO, und die Rechtsgrundlage f\u00fcr die Verarbeitung zur Wahrung unserer berechtigten Interessen ist Art. 6 Abs. 1 lit. f DSGVO. F\u00fcr den Fall, dass lebenswichtige Interessen der betroffenen Person oder einer anderen nat\u00fcrlichen Person eine Verarbeitung personenbezogener Daten erforderlich machen, dient Art. 6 Abs. 1 lit. d DSGVO als Rechtsgrundlage.\n<h3 id=\"dsg-general-securitymeasures\">Sicherheitsma\u00dfnahmen<\/h3>\nWir treffen nach Ma\u00dfgabe des Art. 32 DSGVO unter Ber\u00fccksichtigung des Stands der Technik, der Implementierungskosten und der Art, des Umfangs, der Umst\u00e4nde und der Zwecke der Verarbeitung sowie der unterschiedlichen Eintrittswahrscheinlichkeit und Schwere des Risikos f\u00fcr die Rechte und Freiheiten nat\u00fcrlicher Personen, geeignete technische und organisatorische Ma\u00dfnahmen, um ein dem Risiko angemessenes Schutzniveau zu gew\u00e4hrleisten.\n\nZu den Ma\u00dfnahmen geh\u00f6ren insbesondere die Sicherung der Vertraulichkeit, Integrit\u00e4t und Verf\u00fcgbarkeit von Daten durch Kontrolle des physischen Zugangs zu den Daten, als auch des sie betreffenden Zugriffs, der Eingabe, Weitergabe, der Sicherung der Verf\u00fcgbarkeit und ihrer Trennung. Des Weiteren haben wir Verfahren eingerichtet, die eine Wahrnehmung von Betroffenenrechten, L\u00f6schung von Daten und Reaktion auf Gef\u00e4hrdung der Daten gew\u00e4hrleisten. Ferner ber\u00fccksichtigen wir den Schutz personenbezogener Daten bereits bei der Entwicklung, bzw. Auswahl von Hardware, Software sowie Verfahren, entsprechend dem Prinzip des Datenschutzes durch Technikgestaltung und durch datenschutzfreundliche Voreinstellungen (Art. 25 DSGVO).\n<h3 id=\"dsg-general-coprocessing\">Zusammenarbeit mit Auftragsverarbeitern und Dritten<\/h3>\nSofern wir im Rahmen unserer Verarbeitung Daten gegen\u00fcber anderen Personen und Unternehmen (Auftragsverarbeitern oder Dritten) offenbaren, sie an diese \u00fcbermitteln oder ihnen sonst Zugriff auf die Daten gew\u00e4hren, erfolgt dies nur auf Grundlage einer gesetzlichen Erlaubnis (z.B. wenn eine \u00dcbermittlung der Daten an Dritte, wie an Zahlungsdienstleister, gem. Art. 6 Abs. 1 lit. b DSGVO zur Vertragserf\u00fcllung erforderlich ist), Sie eingewilligt haben, eine rechtliche Verpflichtung dies vorsieht oder auf Grundlage unserer berechtigten Interessen (z.B. beim Einsatz von Beauftragten, Webhostern, etc.).\n\nSofern wir Dritte mit der Verarbeitung von Daten auf Grundlage eines sog. \u201eAuftragsverarbeitungsvertrages\u201c beauftragen, geschieht dies auf Grundlage des Art. 28 DSGVO.\n<h3 id=\"dsg-general-thirdparty\">\u00dcbermittlungen in Drittl\u00e4nder<\/h3>\nSofern wir Daten in einem Drittland (d.h. au\u00dferhalb der Europ\u00e4ischen Union (EU) oder des Europ\u00e4ischen Wirtschaftsraums (EWR)) verarbeiten oder dies im Rahmen der Inanspruchnahme von Diensten Dritter oder Offenlegung, bzw. \u00dcbermittlung von Daten an Dritte geschieht, erfolgt dies nur, wenn es zur Erf\u00fcllung unserer (vor)vertraglichen Pflichten, auf Grundlage Ihrer Einwilligung, aufgrund einer rechtlichen Verpflichtung oder auf Grundlage unserer berechtigten Interessen geschieht. Vorbehaltlich gesetzlicher oder vertraglicher Erlaubnisse, verarbeiten oder lassen wir die Daten in einem Drittland nur beim Vorliegen der besonderen Voraussetzungen der Art. 44 ff. DSGVO verarbeiten. D.h. die Verarbeitung erfolgt z.B. auf Grundlage besonderer Garantien, wie der offiziell anerkannten Feststellung eines der EU entsprechenden Datenschutzniveaus (z.B. f\u00fcr die USA durch das \u201ePrivacy Shield\u201c) oder Beachtung offiziell anerkannter spezieller vertraglicher Verpflichtungen (so genannte \u201eStandardvertragsklauseln\u201c).\n<h3 id=\"dsg-general-rightssubject\">Rechte der betroffenen Personen<\/h3>\nSie haben das Recht, eine Best\u00e4tigung dar\u00fcber zu verlangen, ob betreffende Daten verarbeitet werden und auf Auskunft \u00fcber diese Daten sowie auf weitere Informationen und Kopie der Daten entsprechend Art. 15 DSGVO.\n\nSie haben entsprechend. Art. 16 DSGVO das Recht, die Vervollst\u00e4ndigung der Sie betreffenden Daten oder die Berichtigung der Sie betreffenden unrichtigen Daten zu verlangen.\n\nSie haben nach Ma\u00dfgabe des Art. 17 DSGVO das Recht zu verlangen, dass betreffende Daten unverz\u00fcglich gel\u00f6scht werden, bzw. alternativ nach Ma\u00dfgabe des Art. 18 DSGVO eine Einschr\u00e4nkung der Verarbeitung der Daten zu verlangen.\n\nSie haben das Recht zu verlangen, dass die Sie betreffenden Daten, die Sie uns bereitgestellt haben nach Ma\u00dfgabe des Art. 20 DSGVO zu erhalten und deren \u00dcbermittlung an andere Verantwortliche zu fordern.\n\nSie haben ferner gem. Art. 77 DSGVO das Recht, eine Beschwerde bei der zust\u00e4ndigen Aufsichtsbeh\u00f6rde einzureichen.\n<h3 id=\"dsg-general-revokeconsent\">Widerrufsrecht<\/h3>\nSie haben das Recht, erteilte Einwilligungen gem. Art. 7 Abs. 3 DSGVO mit Wirkung f\u00fcr die Zukunft zu widerrufen\n<h3 id=\"dsg-general-object\">Widerspruchsrecht<\/h3>\nSie k\u00f6nnen der k\u00fcnftigen Verarbeitung der Sie betreffenden Daten nach Ma\u00dfgabe des Art. 21 DSGVO jederzeit widersprechen. Der Widerspruch kann insbesondere gegen die Verarbeitung f\u00fcr Zwecke der Direktwerbung erfolgen.\n<h3 id=\"dsg-general-cookies\">Cookies und Widerspruchsrecht bei Direktwerbung<\/h3>\nAls \u201eCookies\u201c werden kleine Dateien bezeichnet, die auf Rechnern der Nutzer gespeichert werden. Innerhalb der Cookies k\u00f6nnen unterschiedliche Angaben gespeichert werden. Ein Cookie dient prim\u00e4r dazu, die Angaben zu einem Nutzer (bzw. dem Ger\u00e4t auf dem das Cookie gespeichert ist) w\u00e4hrend oder auch nach seinem Besuch innerhalb eines Onlineangebotes zu speichern. Als tempor\u00e4re Cookies, bzw. \u201eSession-Cookies\u201c oder \u201etransiente Cookies\u201c, werden Cookies bezeichnet, die gel\u00f6scht werden, nachdem ein Nutzer ein Onlineangebot verl\u00e4sst und seinen Browser schlie\u00dft. In einem solchen Cookie kann z.B. der Inhalt eines Warenkorbs in einem Onlineshop oder ein Login-Status gespeichert werden. Als \u201epermanent\u201c oder \u201epersistent\u201c werden Cookies bezeichnet, die auch nach dem Schlie\u00dfen des Browsers gespeichert bleiben. So kann z.B. der Login-Status gespeichert werden, wenn die Nutzer diese nach mehreren Tagen aufsuchen. Ebenso k\u00f6nnen in einem solchen Cookie die Interessen der Nutzer gespeichert werden, die f\u00fcr Reichweitenmessung oder Marketingzwecke verwendet werden. Als \u201eThird-Party-Cookie\u201c werden Cookies bezeichnet, die von anderen Anbietern als dem Verantwortlichen, der das Onlineangebot betreibt, angeboten werden (andernfalls, wenn es nur dessen Cookies sind spricht man von \u201eFirst-Party Cookies\u201c).\n\nWir k\u00f6nnen tempor\u00e4re und permanente Cookies einsetzen und kl\u00e4ren hier\u00fcber im Rahmen unserer Datenschutzerkl\u00e4rung auf.\n\nFalls die Nutzer nicht m\u00f6chten, dass Cookies auf ihrem Rechner gespeichert werden, werden sie gebeten die entsprechende Option in den Systemeinstellungen ihres Browsers zu deaktivieren. Gespeicherte Cookies k\u00f6nnen in den Systemeinstellungen des Browsers gel\u00f6scht werden. Der Ausschluss von Cookies kann zu Funktionseinschr\u00e4nkungen dieses Onlineangebotes f\u00fchren.\n\nEin genereller Widerspruch gegen den Einsatz der zu Zwecken des Onlinemarketing eingesetzten Cookies kann bei einer Vielzahl der Dienste, vor allem im Fall des Trackings, \u00fcber die US-amerikanische Seite <a href=\"http:\/\/www.aboutads.info\/choices\/\">http:\/\/www.aboutads.info\/choices\/<\/a> oder die EU-Seite <a href=\"http:\/\/www.youronlinechoices.com\/\">http:\/\/www.youronlinechoices.com\/<\/a> erkl\u00e4rt werden. Des Weiteren kann die Speicherung von Cookies mittels deren Abschaltung in den Einstellungen des Browsers erreicht werden. Bitte beachten Sie, dass dann gegebenenfalls nicht alle Funktionen dieses Onlineangebotes genutzt werden k\u00f6nnen.\n<h3 id=\"dsg-general-erasure\">L\u00f6schung von Daten<\/h3>\nDie von uns verarbeiteten Daten werden nach Ma\u00dfgabe der Art. 17 und 18 DSGVO gel\u00f6scht oder in ihrer Verarbeitung eingeschr\u00e4nkt. Sofern nicht im Rahmen dieser Datenschutzerkl\u00e4rung ausdr\u00fccklich angegeben, werden die bei uns gespeicherten Daten gel\u00f6scht, sobald sie f\u00fcr ihre Zweckbestimmung nicht mehr erforderlich sind und der L\u00f6schung keine gesetzlichen Aufbewahrungspflichten entgegenstehen. Sofern die Daten nicht gel\u00f6scht werden, weil sie f\u00fcr andere und gesetzlich zul\u00e4ssige Zwecke erforderlich sind, wird deren Verarbeitung eingeschr\u00e4nkt. D.h. die Daten werden gesperrt und nicht f\u00fcr andere Zwecke verarbeitet. Das gilt z.B. f\u00fcr Daten, die aus handels- oder steuerrechtlichen Gr\u00fcnden aufbewahrt werden m\u00fcssen.\n\nNach gesetzlichen Vorgaben in Deutschland, erfolgt die Aufbewahrung insbesondere f\u00fcr 10 Jahre gem\u00e4\u00df \u00a7\u00a7 147 Abs. 1 AO, 257 Abs. 1 Nr. 1 und 4, Abs. 4 HGB (B\u00fccher, Aufzeichnungen, Lageberichte, Buchungsbelege, Handelsb\u00fccher, f\u00fcr Besteuerung relevanter Unterlagen, etc.) und 6 Jahre gem\u00e4\u00df \u00a7 257 Abs. 1 Nr. 2 und 3, Abs. 4 HGB (Handelsbriefe).\n\nNach gesetzlichen Vorgaben in \u00d6sterreich erfolgt die Aufbewahrung insbesondere f\u00fcr 7 J gem\u00e4\u00df \u00a7 132 Abs. 1 BAO (Buchhaltungsunterlagen, Belege\/Rechnungen, Konten, Belege, Gesch\u00e4ftspapiere, Aufstellung der Einnahmen und Ausgaben, etc.), f\u00fcr 22 Jahre im Zusammenhang mit Grundst\u00fccken und f\u00fcr 10 Jahre bei Unterlagen im Zusammenhang mit elektronisch erbrachten Leistungen, Telekommunikations-, Rundfunk- und Fernsehleistungen, die an Nichtunternehmer in EU-Mitgliedstaaten erbracht werden und f\u00fcr die der Mini-One-Stop-Shop (MOSS) in Anspruch genommen wird.\n<h3 id=\"dsg-hostingprovider\">Hosting und E-Mail-Versand<\/h3>\n<span class=\"ts-muster-content\">Die von uns in Anspruch genommenen Hosting-Leistungen dienen der Zurverf\u00fcgungstellung der folgenden Leistungen: Infrastruktur- und Plattformdienstleistungen, Rechenkapazit\u00e4t, Speicherplatz und Datenbankdienste, E-Mail-Versand, Sicherheitsleistungen sowie technische Wartungsleistungen, die wir zum Zwecke des Betriebs dieses Onlineangebotes einsetzen. <\/span>\n\nHierbei verarbeiten wir, bzw. unser Hostinganbieter Bestandsdaten, Kontaktdaten, Inhaltsdaten, Vertragsdaten, Nutzungsdaten, Meta- und Kommunikationsdaten von Kunden, Interessenten und Besuchern dieses Onlineangebotes auf Grundlage unserer berechtigten Interessen an einer effizienten und sicheren Zurverf\u00fcgungstellung dieses Onlineangebotes gem. Art. 6 Abs. 1 lit. f DSGVO i.V.m. Art. 28 DSGVO (Abschluss Auftragsverarbeitungsvertrag).\n<h3 id=\"dsg-logfiles\">Erhebung von Zugriffsdaten und Logfiles<\/h3>\n<span class=\"ts-muster-content\">Wir, bzw. unser Hostinganbieter, erhebt auf Grundlage unserer berechtigten Interessen im Sinne des Art. 6 Abs. 1 lit. f. DSGVO Daten \u00fcber jeden Zugriff auf den Server, auf dem sich dieser Dienst befindet (sogenannte Serverlogfiles). Zu den Zugriffsdaten geh\u00f6ren Name der abgerufenen Webseite, Datei, Datum und Uhrzeit des Abrufs, \u00fcbertragene Datenmenge, Meldung \u00fcber erfolgreichen Abruf, Browsertyp nebst Version, das Betriebssystem des Nutzers, Referrer URL (die zuvor besuchte Seite), IP-Adresse und der anfragende Provider.<\/span>\n\nLogfile-Informationen werden aus Sicherheitsgr\u00fcnden (z.B. zur Aufkl\u00e4rung von Missbrauchs- oder Betrugshandlungen) f\u00fcr die Dauer von maximal 7 Tagen gespeichert und danach gel\u00f6scht. Daten, deren weitere Aufbewahrung zu Beweiszwecken erforderlich ist, sind bis zur endg\u00fcltigen Kl\u00e4rung des jeweiligen Vorfalls von der L\u00f6schung ausgenommen.\n<h3 id=\"dsg-socialmedia\">Onlinepr\u00e4senzen in sozialen Medien<\/h3>\n<span class=\"ts-muster-content\">Wir unterhalten Onlinepr\u00e4senzen innerhalb sozialer Netzwerke und Plattformen, um mit den dort aktiven Kunden, Interessenten und Nutzern kommunizieren und sie dort \u00fcber unsere Leistungen informieren zu k\u00f6nnen. Beim Aufruf der jeweiligen Netzwerke und Plattformen gelten die Gesch\u00e4ftsbedingungen und die Datenverarbeitungsrichtlinien deren jeweiligen Betreiber. <\/span>\n\nSoweit nicht anders im Rahmen unserer Datenschutzerkl\u00e4rung angegeben, verarbeiten wir die Daten der Nutzer sofern diese mit uns innerhalb der sozialen Netzwerke und Plattformen kommunizieren, z.B. Beitr\u00e4ge auf unseren Onlinepr\u00e4senzen verfassen oder uns Nachrichten zusenden.\n<h3 id=\"dsg-thirdparty-openstreetmap\">OpenStreetMap<\/h3>\n<span class=\"ts-muster-content\">Wir binden die Landkarten des Dienstes \"OpenStreetMap\" ein (<a href=\"https:\/\/www.openstreetmap.de\" target=\"_blank\" rel=\"noopener\">https:\/\/www.openstreetmap.de<\/a>), die auf Grundlage der Open Data Commons Open Database Lizenz (ODbL) durch die OpenStreetMap Foundation (OSMF) angeboten werden. Datenschutzerkl\u00e4rung: <a href=\"https:\/\/wiki.openstreetmap.org\/wiki\/Privacy_Policy\" target=\"_blank\" rel=\"noopener\">https:\/\/wiki.openstreetmap.org\/wiki\/Privacy_Policy<\/a>. <\/span>\n\nNach unserer Kenntnis werden die Daten der Nutzer durch OpenStreetMap ausschlie\u00dflich zu Zwecken der Darstellung der Kartenfunktionen und Zwischenspeicherung der gew\u00e4hlten Einstellungen verwendet. Zu diesen Daten k\u00f6nnen insbesondere IP-Adressen und Standortdaten der Nutzer geh\u00f6ren, die jedoch nicht ohne deren Einwilligung (im Regelfall im Rahmen der Einstellungen ihrer Mobilger\u00e4te vollzogen), erhoben werden.\n\nDie Daten k\u00f6nnen in den USA verarbeitet werden. Weitere Informationen k\u00f6nnen Sie der Datenschutzerkl\u00e4rung von OpenStreetMap entnehmen: <a href=\"https:\/\/wiki.openstreetmap.org\/wiki\/Privacy_Policy\" target=\"_blank\" rel=\"noopener\">https:\/\/wiki.openstreetmap.org\/wiki\/Privacy_Policy<\/a>.\n<h3 id=\"dsg-matomo\">Reichweitenmessung mit Matomo<\/h3>\n<span class=\"ts-muster-content\">Im Rahmen der Reichweitenanalyse von Matomo werden auf Grundlage unserer berechtigten Interessen (d.h. Interesse an der Analyse, Optimierung und wirtschaftlichem Betrieb unseres Onlineangebotes im Sinne des Art. 6 Abs. 1 lit. f. DSGVO) die folgenden Daten verarbeitet: der von Ihnen verwendete Browsertyp und die Browserversion, das von Ihnen verwendete Betriebssystem, Ihr Herkunftsland, Datum und Uhrzeit der Serveranfrage, die Anzahl der Besuche, Ihre Verweildauer auf der Website sowie die von Ihnen bet\u00e4tigten externen Links. Die IP-Adresse der Nutzer wird anonymisiert, bevor sie gespeichert wird.<\/span>\n\nMatomo verwendet Cookies, die auf dem Computer der Nutzer gespeichert werden und die eine Analyse der Benutzung unseres Onlineangebotes durch die Nutzer erm\u00f6glichen. Dabei k\u00f6nnen aus den verarbeiteten Daten pseudonyme Nutzungsprofile der Nutzer erstellt werden. Die Cookies haben eine Speicherdauer von einer Woche. Die durch das Cookie erzeugten Informationen \u00fcber Ihre Benutzung dieser Webseite werden nur auf unserem Server gespeichert und nicht an Dritte weitergegeben.\n\nNutzer k\u00f6nnen der anonymisierten Datenerhebung durch das Programm Matomo jederzeit mit Wirkung f\u00fcr die Zukunft widersprechen, indem sie auf den untenstehenden Link klicken. In diesem Fall wird in ihrem Browser ein sog. Opt-Out-Cookie abgelegt, was zur Folge hat, dass Matomo keinerlei Sitzungsdaten mehr erhebt. Wenn Nutzer ihre Cookies l\u00f6schen, so hat dies jedoch zur Folge, dass auch das Opt-Out-Cookie gel\u00f6scht wird und daher von den Nutzern erneut aktiviert werden muss.\n\nDie Logs mit den Daten der Nutzer werden nach sp\u00e4testens 6 Monaten gel\u00f6scht.\n\n<so-iframe\n        style=\"border: 0; height: 200px; width: 600px;\"\n        src=\"https:\/\/analytics.zieglerh.de\/index.php?module=CoreAdminHome&action=optOut&language=de&backgroundColor=00a3d8&fontColor=ff4013&fontSize=1em&fontFamily=arial\"><\/so-iframe>\n\n\n<a class=\"dsg1-5\" href=\"https:\/\/datenschutz-generator.de\" target=\"_blank\" rel=\"nofollow noopener\">Erstellt mit Datenschutz-Generator.de von RA Dr. Thomas Schwenke<\/a>\t\t\t\t<\/div>\n\t\t\t<\/div>\n\t\t<\/div>\n\t\t<\/div>\n<\/div>\n<\/div><\/div><\/div><\/div><\/div><\/div><\/div>","protected":false},"excerpt":{"rendered":"<p>Wie sch\u00f6n, dass du hier vorbeischaust! Im MOYO praktizieren wir in offenen Klassen, das hei\u00dft du kannst jederzeit einsteigen,\u00a0egal ob du Yoga-Anf\u00e4nger bist oder schon Yoga-Erfahrung hast. Moyo, frei \u00fcbersetzt, bedeutet Seele. Wir m\u00f6chten dir im Moyo einen Raum geben, in dem du dich frei entfaltest und dir f\u00fcr dich Zeit nimmst. Zeit, einfach zu &#8230; <a title=\"Meditation, Pranayama\" class=\"read-more\" href=\"https:\/\/zieglerh.de\/one\/muster-2\/\" aria-label=\"Mehr zu Meditation, Pranayama\">Weiterlesen &#8230;<\/a><\/p>\n","protected":false},"author":1,"featured_media":0,"parent":0,"menu_order":0,"comment_status":"closed","ping_status":"open","template":"","meta":{"generate_page_header":"","footnotes":"","_vp_format_video_url":"","_vp_image_focal_point":[]},"yoast_head":"<!-- This site is optimized with the Yoast SEO plugin v22.6 - https:\/\/yoast.com\/wordpress\/plugins\/seo\/ -->\n<title>Moyo-Yoga Kaiserlautern<\/title>\n<meta name=\"description\" content=\"Willkommen bei Moyo-Yoga in Kaiserslautern! Im Moyo praktizieren wir in offenen Klassen - das hei\u00dft, du kannst jederzeit einsteigen.\" \/>\n<meta name=\"robots\" content=\"index, follow, max-snippet:-1, max-image-preview:large, max-video-preview:-1\" \/>\n<link rel=\"canonical\" href=\"https:\/\/zieglerh.de\/one\/\" \/>\n<meta property=\"og:locale\" content=\"de_DE\" \/>\n<meta property=\"og:type\" content=\"article\" \/>\n<meta property=\"og:title\" content=\"Moyo-Yoga Kaiserlautern\" \/>\n<meta property=\"og:description\" content=\"Willkommen bei Moyo-Yoga in Kaiserslautern! Im Moyo praktizieren wir in offenen Klassen - das hei\u00dft, du kannst jederzeit einsteigen.\" \/>\n<meta property=\"og:url\" content=\"https:\/\/zieglerh.de\/one\/\" \/>\n<meta property=\"og:site_name\" content=\"Moyo-Yoga\" \/>\n<meta property=\"article:publisher\" content=\"https:\/\/www.facebook.com\/MOYO-YOGA-940084719408800\/\" \/>\n<meta property=\"article:modified_time\" content=\"2023-02-12T09:41:12+00:00\" \/>\n<meta property=\"og:image\" content=\"https:\/\/zieglerh.de\/one\/wp-content\/plugins\/visual-portfolio\/assets\/images\/logo-dark.svg\" \/>\n<meta name=\"twitter:card\" content=\"summary_large_image\" \/>\n<meta name=\"twitter:label1\" content=\"Gesch\u00e4tzte Lesezeit\" \/>\n\t<meta name=\"twitter:data1\" content=\"6\u00a0Minuten\" \/>\n<script type=\"application\/ld+json\" class=\"yoast-schema-graph\">{\"@context\":\"https:\/\/schema.org\",\"@graph\":[{\"@type\":\"WebPage\",\"@id\":\"https:\/\/zieglerh.de\/one\/\",\"url\":\"https:\/\/zieglerh.de\/one\/\",\"name\":\"Moyo-Yoga Kaiserlautern\",\"isPartOf\":{\"@id\":\"https:\/\/zieglerh.de\/one\/#website\"},\"primaryImageOfPage\":{\"@id\":\"https:\/\/zieglerh.de\/one\/#primaryimage\"},\"image\":{\"@id\":\"https:\/\/zieglerh.de\/one\/#primaryimage\"},\"thumbnailUrl\":\"https:\/\/zieglerh.de\/one\/wp-content\/plugins\/visual-portfolio\/assets\/images\/logo-dark.svg\",\"datePublished\":\"2017-09-20T11:58:36+00:00\",\"dateModified\":\"2023-02-12T09:41:12+00:00\",\"description\":\"Willkommen bei Moyo-Yoga in Kaiserslautern! Im Moyo praktizieren wir in offenen Klassen - das hei\u00dft, du kannst jederzeit einsteigen.\",\"breadcrumb\":{\"@id\":\"https:\/\/zieglerh.de\/one\/#breadcrumb\"},\"inLanguage\":\"de\",\"potentialAction\":[{\"@type\":\"ReadAction\",\"target\":[\"https:\/\/zieglerh.de\/one\/\"]}]},{\"@type\":\"ImageObject\",\"inLanguage\":\"de\",\"@id\":\"https:\/\/zieglerh.de\/one\/#primaryimage\",\"url\":\"https:\/\/zieglerh.de\/one\/wp-content\/plugins\/visual-portfolio\/assets\/images\/logo-dark.svg\",\"contentUrl\":\"https:\/\/zieglerh.de\/one\/wp-content\/plugins\/visual-portfolio\/assets\/images\/logo-dark.svg\"},{\"@type\":\"BreadcrumbList\",\"@id\":\"https:\/\/zieglerh.de\/one\/#breadcrumb\",\"itemListElement\":[{\"@type\":\"ListItem\",\"position\":1,\"name\":\"Startseite\",\"item\":\"https:\/\/zieglerh.de\/one\/\"},{\"@type\":\"ListItem\",\"position\":2,\"name\":\"Start\"}]},{\"@type\":\"WebSite\",\"@id\":\"https:\/\/zieglerh.de\/one\/#website\",\"url\":\"https:\/\/zieglerh.de\/one\/\",\"name\":\"Moyo-Yoga\",\"description\":\"Im Moyo praktizieren wir in offenen Klassen, das hei\u00dft, du kannst jederzeit einsteigen, egal ob du Yoga-Anf\u00e4nger bist oder schon Yoga-Erfahrung hast.\",\"publisher\":{\"@id\":\"https:\/\/zieglerh.de\/one\/#organization\"},\"potentialAction\":[{\"@type\":\"SearchAction\",\"target\":{\"@type\":\"EntryPoint\",\"urlTemplate\":\"https:\/\/zieglerh.de\/one\/?s={search_term_string}\"},\"query-input\":\"required name=search_term_string\"}],\"inLanguage\":\"de\"},{\"@type\":\"Organization\",\"@id\":\"https:\/\/zieglerh.de\/one\/#organization\",\"name\":\"Moyo-Yoga\",\"url\":\"https:\/\/zieglerh.de\/one\/\",\"logo\":{\"@type\":\"ImageObject\",\"inLanguage\":\"de\",\"@id\":\"https:\/\/zieglerh.de\/one\/#\/schema\/logo\/image\/\",\"url\":\"https:\/\/zieglerh.de\/one\/wp-content\/uploads\/2017\/08\/cropped-logo_header1-1.png\",\"contentUrl\":\"https:\/\/zieglerh.de\/one\/wp-content\/uploads\/2017\/08\/cropped-logo_header1-1.png\",\"width\":779,\"height\":181,\"caption\":\"Moyo-Yoga\"},\"image\":{\"@id\":\"https:\/\/zieglerh.de\/one\/#\/schema\/logo\/image\/\"},\"sameAs\":[\"https:\/\/www.facebook.com\/MOYO-YOGA-940084719408800\/\"]}]}<\/script>\n<!-- \/ Yoast SEO plugin. -->","yoast_head_json":{"title":"Moyo-Yoga Kaiserlautern","description":"Willkommen bei Moyo-Yoga in Kaiserslautern! Im Moyo praktizieren wir in offenen Klassen - das hei\u00dft, du kannst jederzeit einsteigen.","robots":{"index":"index","follow":"follow","max-snippet":"max-snippet:-1","max-image-preview":"max-image-preview:large","max-video-preview":"max-video-preview:-1"},"canonical":"https:\/\/zieglerh.de\/one\/","og_locale":"de_DE","og_type":"article","og_title":"Moyo-Yoga Kaiserlautern","og_description":"Willkommen bei Moyo-Yoga in Kaiserslautern! Im Moyo praktizieren wir in offenen Klassen - das hei\u00dft, du kannst jederzeit einsteigen.","og_url":"https:\/\/zieglerh.de\/one\/","og_site_name":"Moyo-Yoga","article_publisher":"https:\/\/www.facebook.com\/MOYO-YOGA-940084719408800\/","article_modified_time":"2023-02-12T09:41:12+00:00","og_image":[{"url":"https:\/\/zieglerh.de\/one\/wp-content\/plugins\/visual-portfolio\/assets\/images\/logo-dark.svg"}],"twitter_card":"summary_large_image","twitter_misc":{"Gesch\u00e4tzte Lesezeit":"6\u00a0Minuten"},"schema":{"@context":"https:\/\/schema.org","@graph":[{"@type":"WebPage","@id":"https:\/\/zieglerh.de\/one\/","url":"https:\/\/zieglerh.de\/one\/","name":"Moyo-Yoga Kaiserlautern","isPartOf":{"@id":"https:\/\/zieglerh.de\/one\/#website"},"primaryImageOfPage":{"@id":"https:\/\/zieglerh.de\/one\/#primaryimage"},"image":{"@id":"https:\/\/zieglerh.de\/one\/#primaryimage"},"thumbnailUrl":"https:\/\/zieglerh.de\/one\/wp-content\/plugins\/visual-portfolio\/assets\/images\/logo-dark.svg","datePublished":"2017-09-20T11:58:36+00:00","dateModified":"2023-02-12T09:41:12+00:00","description":"Willkommen bei Moyo-Yoga in Kaiserslautern! Im Moyo praktizieren wir in offenen Klassen - das hei\u00dft, du kannst jederzeit einsteigen.","breadcrumb":{"@id":"https:\/\/zieglerh.de\/one\/#breadcrumb"},"inLanguage":"de","potentialAction":[{"@type":"ReadAction","target":["https:\/\/zieglerh.de\/one\/"]}]},{"@type":"ImageObject","inLanguage":"de","@id":"https:\/\/zieglerh.de\/one\/#primaryimage","url":"https:\/\/zieglerh.de\/one\/wp-content\/plugins\/visual-portfolio\/assets\/images\/logo-dark.svg","contentUrl":"https:\/\/zieglerh.de\/one\/wp-content\/plugins\/visual-portfolio\/assets\/images\/logo-dark.svg"},{"@type":"BreadcrumbList","@id":"https:\/\/zieglerh.de\/one\/#breadcrumb","itemListElement":[{"@type":"ListItem","position":1,"name":"Startseite","item":"https:\/\/zieglerh.de\/one\/"},{"@type":"ListItem","position":2,"name":"Start"}]},{"@type":"WebSite","@id":"https:\/\/zieglerh.de\/one\/#website","url":"https:\/\/zieglerh.de\/one\/","name":"Moyo-Yoga","description":"Im Moyo praktizieren wir in offenen Klassen, das hei\u00dft, du kannst jederzeit einsteigen, egal ob du Yoga-Anf\u00e4nger bist oder schon Yoga-Erfahrung hast.","publisher":{"@id":"https:\/\/zieglerh.de\/one\/#organization"},"potentialAction":[{"@type":"SearchAction","target":{"@type":"EntryPoint","urlTemplate":"https:\/\/zieglerh.de\/one\/?s={search_term_string}"},"query-input":"required name=search_term_string"}],"inLanguage":"de"},{"@type":"Organization","@id":"https:\/\/zieglerh.de\/one\/#organization","name":"Moyo-Yoga","url":"https:\/\/zieglerh.de\/one\/","logo":{"@type":"ImageObject","inLanguage":"de","@id":"https:\/\/zieglerh.de\/one\/#\/schema\/logo\/image\/","url":"https:\/\/zieglerh.de\/one\/wp-content\/uploads\/2017\/08\/cropped-logo_header1-1.png","contentUrl":"https:\/\/zieglerh.de\/one\/wp-content\/uploads\/2017\/08\/cropped-logo_header1-1.png","width":779,"height":181,"caption":"Moyo-Yoga"},"image":{"@id":"https:\/\/zieglerh.de\/one\/#\/schema\/logo\/image\/"},"sameAs":["https:\/\/www.facebook.com\/MOYO-YOGA-940084719408800\/"]}]}},"publishpress_future_action":{"enabled":false,"date":"2026-05-07 03:16:18","action":"change-status","newStatus":"draft","terms":[],"taxonomy":""},"publishpress_future_workflow_manual_trigger":{"enabledWorkflows":[]},"_links":{"self":[{"href":"https:\/\/zieglerh.de\/one\/wp-json\/wp\/v2\/pages\/509"}],"collection":[{"href":"https:\/\/zieglerh.de\/one\/wp-json\/wp\/v2\/pages"}],"about":[{"href":"https:\/\/zieglerh.de\/one\/wp-json\/wp\/v2\/types\/page"}],"author":[{"embeddable":true,"href":"https:\/\/zieglerh.de\/one\/wp-json\/wp\/v2\/users\/1"}],"replies":[{"embeddable":true,"href":"https:\/\/zieglerh.de\/one\/wp-json\/wp\/v2\/comments?post=509"}],"version-history":[{"count":799,"href":"https:\/\/zieglerh.de\/one\/wp-json\/wp\/v2\/pages\/509\/revisions"}],"predecessor-version":[{"id":2609,"href":"https:\/\/zieglerh.de\/one\/wp-json\/wp\/v2\/pages\/509\/revisions\/2609"}],"wp:attachment":[{"href":"https:\/\/zieglerh.de\/one\/wp-json\/wp\/v2\/media?parent=509"}],"curies":[{"name":"wp","href":"https:\/\/api.w.org\/{rel}","templated":true}]}}